{"id":51,"date":"2017-04-03T12:16:53","date_gmt":"2017-04-03T10:16:53","guid":{"rendered":"http:\/\/sel-sud-ra.org\/20ans\/?page_id=51"},"modified":"2017-04-04T14:18:56","modified_gmt":"2017-04-04T12:18:56","slug":"presentation-du-sel-des-deux-rives","status":"publish","type":"page","link":"https:\/\/sel-sud-ra.org\/20ans\/presentation-du-sel-des-deux-rives\/","title":{"rendered":"Pr\u00e9sentation du SEL des deux rives"},"content":{"rendered":"<p><strong>Texte de Danielle, lu par Mireille :<\/strong><\/p>\n<p>Petite histoire du S.E.L de Romans.<\/p>\n<p>Les 1ers SEL ont vu le jour en France dans les ann\u00e9es 90. A Romans, c\u2019est un jeune Lyonnais, Romain,  venu s\u2019installer ici qui a import\u00e9 l\u2019id\u00e9e et l\u2019exp\u00e9rience.<br \/>\nTravaillant alors \u00e0 la Maison de la Nature et de l\u2019Environnement, il croise des personnes, des groupes de gens ou associations qui sont bien dans la mouvance des SEL. Id\u00e9es d\u2019alternatives \u00e0 la consommation, \u00e0 l\u2019\u00e9conomie, solidarit\u00e9, entraide, liens , valorisation des comp\u00e9tences de chacun\u2026<\/p>\n<p>Le projet prend forme et avec les 1ers adh\u00e9rents, l\u2019association d\u00e9bute sur un mode tr\u00e8s participatif : Chacun met la main \u00e0 la p\u00e2te pour r\u00e9diger, imprimer et diffuser les outils du SEL : Annuaire (une centaine d\u2019adh\u00e9rents d\u00e8s la 1\u00e8re ann\u00e9e), un catalogue d\u2019offres et de demandes, un petit journal : Le Girofle, tout cela en format papier et diffus\u00e9 tous les mois.<br \/>\nSans oublier le ch\u00e9quier \u00e0 souches pour comptabiliser les \u00e9changes.<\/p>\n<p>Le SEL vit d\u2019abord par les rencontres entre adh\u00e9rents : R\u00e9unions mensuelles o\u00f9 tous participent : c\u2019est l\u2019occasion de faire avancer l\u2019association, il y a une double pr\u00e9sidence mais avec une volont\u00e9 de d\u00e9mocratie participative ; Occasion de discussions, d\u00e9bats sur les sujets li\u00e9s \u00e0 la valeur de l\u2019argent, \u00e0 celle de la monnaie virtuelle, occasion de faire part des besoins des uns et des autres en mati\u00e8re d\u2019offres et demandes, de faire des \u00e9changes de biens et bien s\u00fbr de partager un moment convivial autour de plats et boissons tir\u00e9s du sac.<\/p>\n<p>Les adh\u00e9rents des d\u00e9buts se connaissent tous et constituent des groupes d\u2019amis dont les \u00e9changes finissent par ne plus se comptabiliser via le SEL.<\/p>\n<p>D\u2019autres projets prennent vie (Notamment le caf\u00e9 participatif la Boucherie Chevaline) emportant avec eux une partie des \u00ab forces vives \u00bb du 1er SEL.<br \/>\nPar ailleurs des divergences de vues et incompatibilit\u00e9s de personnalit\u00e9s comme il en existe partout, entra\u00eenent l\u2019abandon au fil des mois de la plus part des adh\u00e9rents.<\/p>\n<p>Le SEL de Romans manque de s\u2019\u00e9teindre dans les ann\u00e9es 2004\/2005.<br \/>\nIl repart pourtant avec de nouvelles volont\u00e9s de maintenir cette belle id\u00e9e. Ainsi avec une poign\u00e9e de personnes (15), d\u2019anciens qui se sont accroch\u00e9s et de nouveaux plein d\u2019id\u00e9es, le sel poursuit sa route.<br \/>\nAvec une nouvelle pr\u00e9sidence (Marie -France) c\u2019est l\u2019\u00e9poque d\u2019un bel \u00e9lan,  d\u2019un nouveau dynamisme de beaucoup d\u2019\u00e9nergie:avec des innovations :<br \/>\nLe Sel se fait mieux conna\u00eetre des Romanais (et environs) par des actions visibles :<br \/>\n&#8211; Ouverture pendant un mois de d\u00e9cembre d\u2019un magasin de la gratuit\u00e9 : \u00ab Le bon march\u00e9 \u00bb,<br \/>\n&#8211; Foire aux savoir-faire sur les quais de l\u2019Is\u00e8re, piques-niques sur des places de la ville,<br \/>\n&#8211; Participation aux projets citoyens r\u00e9compens\u00e9s par la municipalit\u00e9 de l\u2019\u00e9poque,<br \/>\n&#8211; Participation aux actions de la MNE : F\u00eate de la nature, exposition pendant la semaine du d\u00e9veloppement durable, participation \u00e0 la 1\u00e8re \u00ab faites de la R\u00e9cup\u2019 de la Ressourcerie verte,<br \/>\nArticles dans les journaux locaux, \u00e9missions de radio locales, pr\u00e9sence aux forums des associations, finissent de faire suffisamment conna\u00eetre le SEL pour le faire vivre d\u2019un nombre croissant d\u2019adh\u00e9rents et une multiplication des \u00e9changes. (jusqu\u2019\u00e0 d\u00e9passer les 200 adh\u00e9rents)<\/p>\n<p>Le SEL entre alors avec l\u2019aide de Mireille, dans l\u2019aire de l\u2019informatique : Cr\u00e9ation d\u2019un site WEB, partage des infos essentielles par internet : Annuaires et catalogues, annonces des manifestations etc.<br \/>\nLa comptabilit\u00e9 des \u00e9changes et de la circulation de la monnaie virtuelle : le Clou est laiss\u00e9e au soin et \u00e0 la conscience de chacun.<br \/>\nDepuis plus de 10 ans notre SEL fonctionne ainsi. Misant sur la confiance et l\u2019\u00e9thique,<br \/>\n l\u2019essentiel \u00e9tant que les \u00e9changes se fassent en bonne entente et que chacun y trouve son compte.<\/p>\n<p><strong>Texte de Romain cr\u00e9ateur du SEL du SEL Romans :<\/strong><\/p>\n<p>L&rsquo;origine du SEL de Romans et ses environs remonte aux pentes de la Croix-Rousse, \u00e0 Lyon !<br \/>\nAyant \u00e9t\u00e9 adh\u00e9rent \u00e0 Lyon, aux alentours de 95-96, j&rsquo;avais trouv\u00e9 l&rsquo;id\u00e9e excellente, pertinente, avec des valeurs qui collaient bien \u00e0 mes aspirations du moments.<br \/>\nLors de ma migration dans la Dr\u00f4me, j&rsquo;ai eu l&rsquo;envie de semer les graines de ce concept, et s&rsquo;est rapidement, d\u00e9but 97, que le projet a \u00e9clos.<br \/>\nTravaillant \u00e0 la M.N.E.de Romans, je voyais \u00ab\u00a0graviter\u00a0\u00bb des personnes, des \u00e9nergies qui \u00e9taient dans la m\u00eame dynamique, dans la m\u00eame optique.<br \/>\nRapidement, les premi\u00e8res r\u00e9unions se sont programm\u00e9es, l&rsquo;assembl\u00e9e g\u00e9n\u00e9rale s&rsquo;est constitu\u00e9e, et sans avoir rien vu venir, je me suis retrouv\u00e9 pr\u00e9sident, alors que je n&rsquo;aspirais pas du tout \u00e0 ce poste !!<br \/>\nOn b\u00e9n\u00e9ficiait de la nouveaut\u00e9, de l&rsquo;actualit\u00e9 du moment, avec le proc\u00e8s du 1er SeL de France, en Ari\u00e8ge, cr\u00e9\u00e9 en 1994, de l&rsquo;\u00e9nergie d&rsquo;autres associations, MNE, Ferme de Cocagne, Maisons de quartiers, etc.<\/p>\n<p>C&rsquo;\u00e9tait l&rsquo;\u00e9poque o\u00f9 l&rsquo;ordinateur prenait de plus en plus de place, mais o\u00f9 l&rsquo;on faisait quasiment tout \u00e0 la main !<br \/>\nJe me souviens des premi\u00e8res feuilles du Girofle, illustr\u00e9e \u00e0 la main par Sarah, du catalogue \u00e0 photocopier en 100 exemplaires, les envois, etc. C&rsquo;\u00e9tait artisanal et tout le monde mettait la main \u00e0 la p\u00e2te, avec comme il se doit la pr\u00e9sence des plats et boissons que nous partagions.<br \/>\nJe trouvais qu&rsquo;il y a avait une belle dynamique, les r\u00f4les \u00e9taient partag\u00e9s, on exp\u00e9rimentait des formes de \u00ab\u00a0d\u00e9mocratie\u00a0\u00bb, on comptabilisait tout les \u00e9changes avec le fameux \u00ab\u00a0ch\u00e9quier\u00a0\u00bb \u00e0 clous (carnet \u00e0 souches en trois parties). Sarah pour des march\u00e9s avait m\u00eame apport\u00e9 des vrais clous pour mat\u00e9rialiser les \u00e9changes !!!<br \/>\nOn parlait pas mal du r\u00f4le de l&rsquo;argent, de la consommation, de son rapport aux \u00e9changes, etc. Au d\u00e9part on avait du mal \u00e0 se d\u00e9faire du mod\u00e9le capitaliste (ch\u00e9quier, \u00e9quivalence clous\/francs\/euros), et puis on a commencer par se dire que 60 clous \u00e9quivalait 60 minutes, pour le m\u00eame service, que tu fasses du jardinage, du repassage ou du bricolage&#8230;<\/p>\n<p>Ce qu&rsquo;il y avait de formidable, c&rsquo;est qu&rsquo;au final, plus que de s&rsquo;\u00e9changer une confiture faite maison, des BD, du vin de sureau, etc. c&rsquo;\u00e9tait la richesse de rencontrer des personnes avec toutes leurs qualit\u00e9s (et leurs d\u00e9fauts !) et de cr\u00e9er un r\u00e9el r\u00e9seau qui au final voyait les \u00e9changes se faire mais de mani\u00e8re \u00ab\u00a0officieuse\u00a0\u00bb, comme entre amis ! On ne se demande pas de clous entre amis.<br \/>\nC&rsquo;est \u00e0 dire qu&rsquo;une bonne partie des membres se c\u00f4toyaient aussi en dehors du SeL, il existait une r\u00e9elle fraternit\u00e9, solidarit\u00e9, qui d\u00e9passaient le cadre strict de l&rsquo;association.<br \/>\nLa satisfaction \u00e9tait aussi de pouvoir r\u00e9pondre aux personnes qui venaient s&rsquo;inscrire, mais qui n&rsquo;avaient pas d&rsquo;id\u00e9es pour remplir le catalogue, qu&rsquo;elles avaient forc\u00e9ment une comp\u00e9tence \u00e0 offrir ! Et petit \u00e0 petit, la confiance en soi, le d\u00e9passement de la peur de l&rsquo;autre, la bienveillance, la confiance, autant ingr\u00e9dients qui prenaient ensemble pour mijoter de belles rencontres.<br \/>\nDidier, Lucie, Louisa, Lyse, Sarah, Jean-Pierre, Michel, Odile, et tous les autres.<br \/>\nLa premi\u00e8re ann\u00e9e, il y avait plus de 100 adh\u00e9rents ! On avait exp\u00e9riment\u00e9 une pr\u00e9sidence \u00e0 double t\u00eates, pour \u00e9viter qu&rsquo;un ou une pr\u00e9sidente s&rsquo;encro\u00fbte dans la fonction, il y avait des commissions qui permettaient \u00ab\u00a0l&rsquo;animation\u00a0\u00bb de toute l&rsquo;association.<br \/>\nIl y avait aussi les rencontres, une fois par mois (?), les permanences (une fois par semaine), les CA&#8230;<br \/>\nOn a eu aussi des d\u00e9boires avec le bureau de la MNE, qui voyait dans le SeL, une sorte de contre pouvoir avec la mairie&#8230; (alors qu&rsquo;il n&rsquo;en \u00e9tait rien !).<br \/>\nOn a eu aussi les critiques de favoriser le travail au noir et donc non d\u00e9clar\u00e9&#8230;<br \/>\nOn a eu aussi des institutions (ANPE, CAF&#8230;) qui demandaient notre t\u00e9moignage, notre exp\u00e9rience pour \u00ab\u00a0d\u00e9velopper\u00a0\u00bb des groupes de personnes pour qu&rsquo;elles \u00ab\u00a0sortent\u00a0\u00bb de la mis\u00e8re&#8230; (sic), d\u00e9montrant l&rsquo;incompr\u00e9hension du fonctionnement des SeL.<br \/>\nIl me semble que beaucoup de projets gravitaient autour du SeL, car une majorit\u00e9 des adh\u00e9rents \u00e9taient impliqu\u00e9es dans d&rsquo;autres associations, d&rsquo;autres dynamiques.<\/p>\n<p>Et puis il y a eu le projet de la Boucherie Chevaline, j&rsquo;ai d\u00e9laiss\u00e9 le SeL, pour m&rsquo;investir dans la cr\u00e9ation du projet, avec Didier. C&rsquo;est d&rsquo;ailleurs lors d&rsquo;une r\u00e9union\/rencontre\/soir\u00e9e festive du SeL que la boutade, de cr\u00e9er un lieu ouvert le soir sur Romans, est partie !<br \/>\nMon regret est de ne pas avoir fait \u00ab\u00a0une passation en douceur\u00a0\u00bb entre les 2 associations. Avec le temps, mon ressenti est d&rsquo;avoir emmener une certaine \u00e9nergie qui a manqu\u00e9 au SeL pour continuer sereinement&#8230;mais j&rsquo;ai \u00e9t\u00e9 rassur\u00e9 quand le SeL 2.0, nouvelle version a pu renaitre !<br \/>\nL&rsquo;autre regret est de ne pas avoir p\u00fb d\u00e9velopper plus de liens entres d&rsquo;autres associations pour grandir en \u00e9changes. Il y en a eu un peu avec la Boucherie pour l&rsquo;achat des boissons en clous.<\/p>\n<p>Ce f\u00fbt un plaisir, un sentiment de fiert\u00e9 que d&rsquo;avoir participer \u00e0 cette grande aventure, cette \u00e9pop\u00e9e, et d&rsquo;avoir pu vivre et faire vivre des rencontres riches en humanit\u00e9 et solidarit\u00e9.<br \/>\n20 ans, quel bel \u00e2ge !<\/p>\n<p>C&rsquo;est avec plaisir que je re-\u00e9coute les 20 ans chant\u00e9s par L\u00e9o Ferr\u00e9 !<\/p>\n","protected":false},"excerpt":{"rendered":"<p>Texte de Danielle, lu par Mireille : Petite histoire du S.E.L de Romans. Les 1ers SEL ont vu le jour en France dans les ann\u00e9es 90. A Romans, c\u2019est un jeune Lyonnais, Romain, venu s\u2019installer ici qui a import\u00e9 l\u2019id\u00e9e et l\u2019exp\u00e9rience. Travaillant alors \u00e0 la Maison de la Nature et de l\u2019Environnement, il croise &hellip; <a href=\"https:\/\/sel-sud-ra.org\/20ans\/presentation-du-sel-des-deux-rives\/\" class=\"more-link\">Continuer la lecture de <span class=\"screen-reader-text\">Pr\u00e9sentation du SEL des deux rives<\/span><\/a><\/p>\n","protected":false},"author":1,"featured_media":0,"parent":0,"menu_order":0,"comment_status":"closed","ping_status":"closed","template":"","meta":{"footnotes":""},"class_list":["post-51","page","type-page","status-publish","hentry"],"_links":{"self":[{"href":"https:\/\/sel-sud-ra.org\/20ans\/wp-json\/wp\/v2\/pages\/51","targetHints":{"allow":["GET"]}}],"collection":[{"href":"https:\/\/sel-sud-ra.org\/20ans\/wp-json\/wp\/v2\/pages"}],"about":[{"href":"https:\/\/sel-sud-ra.org\/20ans\/wp-json\/wp\/v2\/types\/page"}],"author":[{"embeddable":true,"href":"https:\/\/sel-sud-ra.org\/20ans\/wp-json\/wp\/v2\/users\/1"}],"replies":[{"embeddable":true,"href":"https:\/\/sel-sud-ra.org\/20ans\/wp-json\/wp\/v2\/comments?post=51"}],"version-history":[{"count":3,"href":"https:\/\/sel-sud-ra.org\/20ans\/wp-json\/wp\/v2\/pages\/51\/revisions"}],"predecessor-version":[{"id":359,"href":"https:\/\/sel-sud-ra.org\/20ans\/wp-json\/wp\/v2\/pages\/51\/revisions\/359"}],"wp:attachment":[{"href":"https:\/\/sel-sud-ra.org\/20ans\/wp-json\/wp\/v2\/media?parent=51"}],"curies":[{"name":"wp","href":"https:\/\/api.w.org\/{rel}","templated":true}]}}