{"id":44,"date":"2017-04-03T12:07:33","date_gmt":"2017-04-03T10:07:33","guid":{"rendered":"http:\/\/sel-sud-ra.org\/20ans\/?page_id=44"},"modified":"2017-04-04T10:22:09","modified_gmt":"2017-04-04T08:22:09","slug":"presentation-du-sel-de-die","status":"publish","type":"page","link":"https:\/\/sel-sud-ra.org\/20ans\/presentation-du-sel-de-die\/","title":{"rendered":"Pr\u00e9sentation du SEL de Die"},"content":{"rendered":"<p>Ce texte a \u00e9t\u00e9 \u00e9crit par Jean-loup (PINTAUX) s\u00e9liste de la premi\u00e8re heure et , \u00e0 ses heures, Transducteur de l\u2019Exom\u00e9moire <a href=\"http:\/\/sel-sud-ra.org\/20ans\/jean-loup\/\">voir<\/a>.<br \/>\nJe vais donc pr\u00eater ma voix \u00e0 Jean-Loup qui dit notre pass\u00e9, parle de notre situation actuelle et dont le texte, a une port\u00e9e que je trouve, tout \u00e0 fait UniverSEL.<\/p>\n<p>Du SEL\u2026(point de suspension)<\/p>\n<p>Nous \u00e9tions une bonne centaine dans le hall du Pestel (le cin\u00e9ma de Die), pour cr\u00e9er le SEL diois en juin 1997. Pleins d\u2019entrain et de bonne volont\u00e9. On allait changer le monde, le rendre plus humain. Partager, \u00e9changer, en dehors du syst\u00e8me marchand. Pour anticiper le devenir. A l\u2019\u00e9poque, il y avait un petit groupe de militants qui \u00ab dirigeaient \u00bb. Cela tournait. Et puis, au fil des ans, les animateurs(trices) se sont fatigu\u00e9s(es), la fi\u00e8vre militante s\u2019est quelque peu refroidie, le SEL a commenc\u00e9 \u00e0 roupiller<br \/>\nIl faut dire que la population S\u00e9leuse (s\u00e9lienne, s\u00e9liste), dans le Diois, est tr\u00e8s volatile. Le Diois est un peu comme un HUB (une gare de triage a\u00e9rienne), on y passe pour rebondir ailleurs. En langue techno, on parle de fort \u00ab turn over \u00bb. Et puis, le passage dans le SEL est souvent un moment de solitude, de recherche de repaires (aires) mais aussi de rep\u00e8res (\u00e8res), une phase de reconstruction. Apr\u00e8s un atterrissage, une rencontre.<br \/>\nDans les faits, il ne reste plus gu\u00e8re que ceux qui se sont fix\u00e9s (une cinquantaine aujourd\u2019hui). Toujours les m\u00eames. Et au gr\u00e8s des \u00e9volutions individuelles et collectives, l\u2019h\u00e9morragie s\u2019est poursuivie. C\u2019est un peu comme les petits feuillets \u00e0 liser\u00e9 noir, sur le comptoir. Tiens ! Un(e) tel(le) ne vient plus. Jeunes et vieux ! C\u2019est un peu comme une famille qui traverse le temps, en perdant des membres.<br \/>\nLes SEL, comme la majorit\u00e9 des structures associatives, n\u2019existent qu\u2019en fonction de l\u2019affirmation \u2013 plus ou moins discr\u00e8te \u2013 de l\u2019ego d\u2019un(e) leader, qui agr\u00e8ge les \u00e9nergies du groupe, par son charisme. On adh\u00e8re, mais de l\u00e0 \u00e0 prendre des responsabilit\u00e9s \u2026. ! Nous sommes bien des primates, sous la domination d\u2019un(e) dominant(e). Et c\u2019est bien l\u00e0 un probl\u00e8me ! Le probl\u00e8me de la p\u00e9rennit\u00e9 d\u2019une structure d\u00e9mocratique, fond\u00e9e sur le b\u00e9n\u00e9volat.<br \/>\nParce que la lutte de pouvoir pour \u00e9jecter le (la) dominant(e), ce n\u2019est pas vraiment la pr\u00e9occupation des S\u00e9listes. On y est plut\u00f4t apais\u00e9, pas dans la comp\u00e9tition, mais dans le pacifisme. On vient d\u2019ailleurs au SEL pr\u00e9cis\u00e9ment pour cela. Et puis, pourquoi diable se mettre en danger, en montant en premi\u00e8re ligne? Il faut en vouloir pour s\u2019engager. Au fait ! S\u2018engager pourquoi ? Pour qui ? Pour \u00e9changer quoi ?<br \/>\nLa situation g\u00e9n\u00e9rale \u2013 quoique de plus en plus gratin\u00e9e \u2013 n\u2019est peut-\u00eatre pas assez grave pour d\u00e9clencher une vague d\u2019engagement. Un basculement pour survivre ! Un engagement dans la lutte !<br \/>\nLe SEL est donc un syst\u00e8me d\u2019\u00e9change. D\u2019\u00e9change de quoi ? De biens, de services. Un vide grenier rituel, avec une bouffe \u2013 toujours copieuse &#8211; pour agr\u00e9menter. Mais un vide grenier quand m\u00eame !<br \/>\nEt un vide grenier, si int\u00e9ressant qu\u2019il soit, n\u2019est peut \u00eatre pas un projet \u00e9conomique suffisant pour drainer assez d\u2019\u00e9nergie. Peut-\u00eatre sommes nous trop \u00ab sages \u00bbpour oser ?<br \/>\nParce que nous parlons bien d\u2019un projet \u00e9conomique alternatif ! Notre projet pourrait-il s\u2019enrichir d\u2019autres propositions ? Davantages de services ? Un \u00ab syst\u00e8me financier \u00bb (entre parenth\u00e8ses) plus agressif ? Plus entreprenant ? Pourrions-nous nous inspirer des tontines (cette sorte de microcr\u00e9dit communautaire) ?<br \/>\nComment nous inscrire dans un projet d\u2019\u00e9conomie alternative, humaine, alors que le point de non retour de l\u2019\u00e9conomie dominante est d\u00e9j\u00e0 franchi ? \u00c9conomie\/\u00e9cologie? Pour moi (Jean-Loup), l\u2019\u00e9conomie dominante, bas\u00e9e de fait sur la micro \u00e9conomie, fa\u00e7on anglo saxonne, est une \u00e9conomie f\u0153tale. Une \u00e9conomie de boutiquier, ignorante de la r\u00e9alit\u00e9 du monde ext\u00e9rieur, telle que peut l\u2019imaginer un f\u0153tus vivant en parasite dans sa matrice, \u00e9nerg\u00e9tiquement sous perfusion, totipotent, tout-puissant et se prenant pour le centre du monde. Alors que, une fois sorti de la matrice et le cordon coup\u00e9, il faut alors penser en macro- \u00e9conomie, en adulte conscient de son environnement, bref, en \u00e9cologiste. D\u2019autant que ces cuistres pr\u00e9tentieux, en bons primates en lutte pour la survie, ont la f\u00e2cheuse manie de ne se servir que de leur cerveau gauche et de mettre le cerveau droit sous le boisseau. C\u2019est ce qui nous a permis d\u2019\u00eatre encore l\u00e0. Mais maintenant, il ne s\u2019agit plus de conqu\u00e9rir, mais de rester. Et l\u00e0, c\u2019est le cerveau droit qui doit s\u2019affirmer.<br \/>\nQuel rapport avec le SEL, me direz vous ? La n\u00e9cessit\u00e9 d\u2019un \u00e9change !!! Peut &#8211; \u00eatre le SEL pourrait-il aussi \u00eatre un lieu d\u2019\u00e9change culturel, voire spirituel ? Qu\u2019est &#8211; ce que l\u2019\u00e9change dans une soci\u00e9t\u00e9 ? Quel rapport y a t-il entre des neurones qui tissent des dendrites (des r\u00e9seaux d\u2019\u00e9changes) et des synapses entre eux, et le SEL ? Un r\u00e9seau, une soci\u00e9t\u00e9, un projet\u2026.<br \/>\nNotre animatrice principale, militante professionnelle, va aller voir ailleurs si l\u2019herbe est plus verte (apr\u00e8s 20 ann\u00e9es dans le diois, quand m\u00eame, 14 au RADISEL et 3 comme pr\u00e9sidente). Nous serons orphelins. Serons-nous capables de nous \u00e9manciper de la perte de la m\u00e8re ? Les S\u00e9listes vont-ils \u00eatre capables de devenir adultes, et de pr\u00e9server l\u2019h\u00e9ritage, et la maison familiale ? Le rapport a\u00een\u00e9s\/ juv\u00e9niles est \u00e9lev\u00e9, et certains d\u2019entre nous approchent la DLP (la date limite de p\u00e9remption) ! Mais, cela devrait pouvoir faire, si les juv\u00e9niles entreprennent.<br \/>\nComme souvent, c\u2019est dans la crise que l\u2019adaptation se fait. Si un organisme est viable, il surpasse la crise et s\u2019adapte, parfois en mutant.<br \/>\nLes SEL en 2022 !!! Une fois les premi\u00e8res contractions pass\u00e9es et l\u2019expulsion acquise, nous devrions \u00eatre l\u00e0, comme matrice exp\u00e9rimentale d\u2019un projet pour le troisi\u00e8me mill\u00e9naire.<br \/>\nLe RADISEL a 20 ans, le SEL des 2 Rives et celui du Sud Gr\u00e9sivaudan aussi.<br \/>\nLe temps de l\u2019enfantement. Et une autre g\u00e9n\u00e9ration va \u00e9merger, qui portera le monde et inventera l\u2019Humanit\u00e9.<br \/>\nLe SEL de la vie, le SEL de la terre, le SEL qui agr\u00e9mente et donne go\u00fbt \u00e0 la vie. Privez des biquettes ou des brebis de sel, et voyez ce qui se passe.<br \/>\nAlors, le SEL ? (point d\u2019interrogation)<\/p>\n","protected":false},"excerpt":{"rendered":"<p>Ce texte a \u00e9t\u00e9 \u00e9crit par Jean-loup (PINTAUX) s\u00e9liste de la premi\u00e8re heure et , \u00e0 ses heures, Transducteur de l\u2019Exom\u00e9moire voir. Je vais donc pr\u00eater ma voix \u00e0 Jean-Loup qui dit notre pass\u00e9, parle de notre situation actuelle et dont le texte, a une port\u00e9e que je trouve, tout \u00e0 fait UniverSEL. Du SEL\u2026(point &hellip; <a href=\"https:\/\/sel-sud-ra.org\/20ans\/presentation-du-sel-de-die\/\" class=\"more-link\">Continuer la lecture de <span class=\"screen-reader-text\">Pr\u00e9sentation du SEL de Die<\/span><\/a><\/p>\n","protected":false},"author":1,"featured_media":0,"parent":0,"menu_order":0,"comment_status":"closed","ping_status":"closed","template":"","meta":{"footnotes":""},"class_list":["post-44","page","type-page","status-publish","hentry"],"_links":{"self":[{"href":"https:\/\/sel-sud-ra.org\/20ans\/wp-json\/wp\/v2\/pages\/44","targetHints":{"allow":["GET"]}}],"collection":[{"href":"https:\/\/sel-sud-ra.org\/20ans\/wp-json\/wp\/v2\/pages"}],"about":[{"href":"https:\/\/sel-sud-ra.org\/20ans\/wp-json\/wp\/v2\/types\/page"}],"author":[{"embeddable":true,"href":"https:\/\/sel-sud-ra.org\/20ans\/wp-json\/wp\/v2\/users\/1"}],"replies":[{"embeddable":true,"href":"https:\/\/sel-sud-ra.org\/20ans\/wp-json\/wp\/v2\/comments?post=44"}],"version-history":[{"count":3,"href":"https:\/\/sel-sud-ra.org\/20ans\/wp-json\/wp\/v2\/pages\/44\/revisions"}],"predecessor-version":[{"id":339,"href":"https:\/\/sel-sud-ra.org\/20ans\/wp-json\/wp\/v2\/pages\/44\/revisions\/339"}],"wp:attachment":[{"href":"https:\/\/sel-sud-ra.org\/20ans\/wp-json\/wp\/v2\/media?parent=44"}],"curies":[{"name":"wp","href":"https:\/\/api.w.org\/{rel}","templated":true}]}}