{"id":317,"date":"2017-04-03T22:48:52","date_gmt":"2017-04-03T20:48:52","guid":{"rendered":"http:\/\/sel-sud-ra.org\/20ans\/?page_id=317"},"modified":"2017-04-06T20:48:43","modified_gmt":"2017-04-06T18:48:43","slug":"photos","status":"publish","type":"page","link":"https:\/\/sel-sud-ra.org\/20ans\/photos\/","title":{"rendered":"Photos"},"content":{"rendered":"<div id='gallery-1' class='gallery galleryid-317 gallery-columns-3 gallery-size-thumbnail'><figure class='gallery-item'>\n\t\t\t<div class='gallery-icon landscape'>\n\t\t\t\t<a href='https:\/\/sel-sud-ra.org\/20ans\/accueil\/1-la-salle-est-prete\/'><img loading=\"lazy\" decoding=\"async\" width=\"150\" height=\"90\" src=\"https:\/\/sel-sud-ra.org\/20ans\/wp-content\/uploads\/2017\/04\/1-la-salle-est-prete-150x90.jpg\" class=\"attachment-thumbnail size-thumbnail\" alt=\"\" aria-describedby=\"gallery-1-190\" srcset=\"https:\/\/sel-sud-ra.org\/20ans\/wp-content\/uploads\/2017\/04\/1-la-salle-est-prete-150x90.jpg 150w, https:\/\/sel-sud-ra.org\/20ans\/wp-content\/uploads\/2017\/04\/1-la-salle-est-prete-300x180.jpg 300w, https:\/\/sel-sud-ra.org\/20ans\/wp-content\/uploads\/2017\/04\/1-la-salle-est-prete-768x461.jpg 768w, https:\/\/sel-sud-ra.org\/20ans\/wp-content\/uploads\/2017\/04\/1-la-salle-est-prete-1024x615.jpg 1024w, https:\/\/sel-sud-ra.org\/20ans\/wp-content\/uploads\/2017\/04\/1-la-salle-est-prete.jpg 2048w\" sizes=\"auto, (max-width: 150px) 100vw, 150px\" \/><\/a>\n\t\t\t<\/div>\n\t\t\t\t<figcaption class='wp-caption-text gallery-caption' id='gallery-1-190'>\n\t\t\t\tLa salle est pr\u00eate pour accueillir la f\u00eate\n\t\t\t\t<\/figcaption><\/figure><figure class='gallery-item'>\n\t\t\t<div class='gallery-icon landscape'>\n\t\t\t\t<a href='https:\/\/sel-sud-ra.org\/20ans\/accueil\/2-les-petites-mains-safferent\/'><img loading=\"lazy\" decoding=\"async\" width=\"150\" height=\"90\" src=\"https:\/\/sel-sud-ra.org\/20ans\/wp-content\/uploads\/2017\/04\/2-les-petites-mains-safferent-150x90.jpg\" class=\"attachment-thumbnail size-thumbnail\" alt=\"\" aria-describedby=\"gallery-1-191\" srcset=\"https:\/\/sel-sud-ra.org\/20ans\/wp-content\/uploads\/2017\/04\/2-les-petites-mains-safferent-150x90.jpg 150w, https:\/\/sel-sud-ra.org\/20ans\/wp-content\/uploads\/2017\/04\/2-les-petites-mains-safferent-300x180.jpg 300w, https:\/\/sel-sud-ra.org\/20ans\/wp-content\/uploads\/2017\/04\/2-les-petites-mains-safferent-768x461.jpg 768w, https:\/\/sel-sud-ra.org\/20ans\/wp-content\/uploads\/2017\/04\/2-les-petites-mains-safferent-1024x615.jpg 1024w, https:\/\/sel-sud-ra.org\/20ans\/wp-content\/uploads\/2017\/04\/2-les-petites-mains-safferent.jpg 2048w\" sizes=\"auto, (max-width: 150px) 100vw, 150px\" \/><\/a>\n\t\t\t<\/div>\n\t\t\t\t<figcaption class='wp-caption-text gallery-caption' id='gallery-1-191'>\n\t\t\t\tLes petites mains s&rsquo;aff\u00e8rent avant l&rsquo;arriv\u00e9e des s\u00e9listes\n\t\t\t\t<\/figcaption><\/figure><figure class='gallery-item'>\n\t\t\t<div class='gallery-icon landscape'>\n\t\t\t\t<a href='https:\/\/sel-sud-ra.org\/20ans\/accueil\/3-visite-1083\/'><img loading=\"lazy\" decoding=\"async\" width=\"150\" height=\"90\" src=\"https:\/\/sel-sud-ra.org\/20ans\/wp-content\/uploads\/2017\/04\/3-visite-1083-150x90.jpg\" class=\"attachment-thumbnail size-thumbnail\" alt=\"\" aria-describedby=\"gallery-1-192\" srcset=\"https:\/\/sel-sud-ra.org\/20ans\/wp-content\/uploads\/2017\/04\/3-visite-1083-150x90.jpg 150w, https:\/\/sel-sud-ra.org\/20ans\/wp-content\/uploads\/2017\/04\/3-visite-1083-300x180.jpg 300w, https:\/\/sel-sud-ra.org\/20ans\/wp-content\/uploads\/2017\/04\/3-visite-1083-768x461.jpg 768w, https:\/\/sel-sud-ra.org\/20ans\/wp-content\/uploads\/2017\/04\/3-visite-1083-1024x615.jpg 1024w, https:\/\/sel-sud-ra.org\/20ans\/wp-content\/uploads\/2017\/04\/3-visite-1083.jpg 2048w\" sizes=\"auto, (max-width: 150px) 100vw, 150px\" \/><\/a>\n\t\t\t<\/div>\n\t\t\t\t<figcaption class='wp-caption-text gallery-caption' id='gallery-1-192'>\n\t\t\t\tVisite de l&rsquo;atelier de tissage et confection \u00e9cologique 1083\n\t\t\t\t<\/figcaption><\/figure><figure class='gallery-item'>\n\t\t\t<div class='gallery-icon landscape'>\n\t\t\t\t<a href='https:\/\/sel-sud-ra.org\/20ans\/accueil\/4-visite-1083\/'><img loading=\"lazy\" decoding=\"async\" width=\"150\" height=\"90\" src=\"https:\/\/sel-sud-ra.org\/20ans\/wp-content\/uploads\/2017\/04\/4-visite-1083-150x90.jpg\" class=\"attachment-thumbnail size-thumbnail\" alt=\"\" aria-describedby=\"gallery-1-193\" srcset=\"https:\/\/sel-sud-ra.org\/20ans\/wp-content\/uploads\/2017\/04\/4-visite-1083-150x90.jpg 150w, https:\/\/sel-sud-ra.org\/20ans\/wp-content\/uploads\/2017\/04\/4-visite-1083-300x180.jpg 300w, https:\/\/sel-sud-ra.org\/20ans\/wp-content\/uploads\/2017\/04\/4-visite-1083-768x461.jpg 768w, https:\/\/sel-sud-ra.org\/20ans\/wp-content\/uploads\/2017\/04\/4-visite-1083-1024x615.jpg 1024w, https:\/\/sel-sud-ra.org\/20ans\/wp-content\/uploads\/2017\/04\/4-visite-1083.jpg 2048w\" sizes=\"auto, (max-width: 150px) 100vw, 150px\" \/><\/a>\n\t\t\t<\/div>\n\t\t\t\t<figcaption class='wp-caption-text gallery-caption' id='gallery-1-193'>\n\t\t\t\tVisite de l&rsquo;atelier de tissage et confection \u00e9cologique 1083\n\t\t\t\t<\/figcaption><\/figure><figure class='gallery-item'>\n\t\t\t<div class='gallery-icon landscape'>\n\t\t\t\t<a href='https:\/\/sel-sud-ra.org\/20ans\/accueil\/5-accueil-on-signe-la-petition\/'><img loading=\"lazy\" decoding=\"async\" width=\"150\" height=\"90\" src=\"https:\/\/sel-sud-ra.org\/20ans\/wp-content\/uploads\/2017\/04\/5-accueil-on-signe-la-petition-150x90.jpg\" class=\"attachment-thumbnail size-thumbnail\" alt=\"\" aria-describedby=\"gallery-1-194\" srcset=\"https:\/\/sel-sud-ra.org\/20ans\/wp-content\/uploads\/2017\/04\/5-accueil-on-signe-la-petition-150x90.jpg 150w, https:\/\/sel-sud-ra.org\/20ans\/wp-content\/uploads\/2017\/04\/5-accueil-on-signe-la-petition-300x180.jpg 300w, https:\/\/sel-sud-ra.org\/20ans\/wp-content\/uploads\/2017\/04\/5-accueil-on-signe-la-petition-768x461.jpg 768w, https:\/\/sel-sud-ra.org\/20ans\/wp-content\/uploads\/2017\/04\/5-accueil-on-signe-la-petition-1024x615.jpg 1024w, https:\/\/sel-sud-ra.org\/20ans\/wp-content\/uploads\/2017\/04\/5-accueil-on-signe-la-petition.jpg 2048w\" sizes=\"auto, (max-width: 150px) 100vw, 150px\" \/><\/a>\n\t\t\t<\/div>\n\t\t\t\t<figcaption class='wp-caption-text gallery-caption' id='gallery-1-194'>\n\t\t\t\tOn signe la p\u00e9tition\n\t\t\t\t<\/figcaption><\/figure><figure class='gallery-item'>\n\t\t\t<div class='gallery-icon landscape'>\n\t\t\t\t<a href='https:\/\/sel-sud-ra.org\/20ans\/accueil\/6-accueil-petition-on-discute\/'><img loading=\"lazy\" decoding=\"async\" width=\"150\" height=\"90\" src=\"https:\/\/sel-sud-ra.org\/20ans\/wp-content\/uploads\/2017\/04\/6-accueil-petition-on-discute--150x90.jpg\" class=\"attachment-thumbnail size-thumbnail\" alt=\"\" aria-describedby=\"gallery-1-195\" srcset=\"https:\/\/sel-sud-ra.org\/20ans\/wp-content\/uploads\/2017\/04\/6-accueil-petition-on-discute--150x90.jpg 150w, https:\/\/sel-sud-ra.org\/20ans\/wp-content\/uploads\/2017\/04\/6-accueil-petition-on-discute--300x180.jpg 300w, https:\/\/sel-sud-ra.org\/20ans\/wp-content\/uploads\/2017\/04\/6-accueil-petition-on-discute--768x461.jpg 768w, https:\/\/sel-sud-ra.org\/20ans\/wp-content\/uploads\/2017\/04\/6-accueil-petition-on-discute--1024x615.jpg 1024w, https:\/\/sel-sud-ra.org\/20ans\/wp-content\/uploads\/2017\/04\/6-accueil-petition-on-discute-.jpg 2048w\" sizes=\"auto, (max-width: 150px) 100vw, 150px\" \/><\/a>\n\t\t\t<\/div>\n\t\t\t\t<figcaption class='wp-caption-text gallery-caption' id='gallery-1-195'>\n\t\t\t\tOn discute \u00e0 l&rsquo;accueil \n\t\t\t\t<\/figcaption><\/figure><figure class='gallery-item'>\n\t\t\t<div class='gallery-icon landscape'>\n\t\t\t\t<a href='https:\/\/sel-sud-ra.org\/20ans\/accueil\/7-apres-midi-les-selistes-commencent-a-arriver\/'><img loading=\"lazy\" decoding=\"async\" width=\"150\" height=\"90\" src=\"https:\/\/sel-sud-ra.org\/20ans\/wp-content\/uploads\/2017\/04\/7-apres-midi-les-selistes-commencent-a-arriver-150x90.jpg\" class=\"attachment-thumbnail size-thumbnail\" alt=\"\" aria-describedby=\"gallery-1-196\" srcset=\"https:\/\/sel-sud-ra.org\/20ans\/wp-content\/uploads\/2017\/04\/7-apres-midi-les-selistes-commencent-a-arriver-150x90.jpg 150w, https:\/\/sel-sud-ra.org\/20ans\/wp-content\/uploads\/2017\/04\/7-apres-midi-les-selistes-commencent-a-arriver-300x180.jpg 300w, https:\/\/sel-sud-ra.org\/20ans\/wp-content\/uploads\/2017\/04\/7-apres-midi-les-selistes-commencent-a-arriver-768x461.jpg 768w, https:\/\/sel-sud-ra.org\/20ans\/wp-content\/uploads\/2017\/04\/7-apres-midi-les-selistes-commencent-a-arriver-1024x615.jpg 1024w, https:\/\/sel-sud-ra.org\/20ans\/wp-content\/uploads\/2017\/04\/7-apres-midi-les-selistes-commencent-a-arriver.jpg 2048w\" sizes=\"auto, (max-width: 150px) 100vw, 150px\" \/><\/a>\n\t\t\t<\/div>\n\t\t\t\t<figcaption class='wp-caption-text gallery-caption' id='gallery-1-196'>\n\t\t\t\tLes s\u00e9listes commencent \u00e0 arriver\n\t\t\t\t<\/figcaption><\/figure><figure class='gallery-item'>\n\t\t\t<div class='gallery-icon landscape'>\n\t\t\t\t<a href='https:\/\/sel-sud-ra.org\/20ans\/accueil\/8-aperitif-2\/'><img loading=\"lazy\" decoding=\"async\" width=\"150\" height=\"90\" src=\"https:\/\/sel-sud-ra.org\/20ans\/wp-content\/uploads\/2017\/04\/8-aperitif-2-150x90.jpg\" class=\"attachment-thumbnail size-thumbnail\" alt=\"\" aria-describedby=\"gallery-1-197\" srcset=\"https:\/\/sel-sud-ra.org\/20ans\/wp-content\/uploads\/2017\/04\/8-aperitif-2-150x90.jpg 150w, https:\/\/sel-sud-ra.org\/20ans\/wp-content\/uploads\/2017\/04\/8-aperitif-2-300x180.jpg 300w, https:\/\/sel-sud-ra.org\/20ans\/wp-content\/uploads\/2017\/04\/8-aperitif-2-768x461.jpg 768w, https:\/\/sel-sud-ra.org\/20ans\/wp-content\/uploads\/2017\/04\/8-aperitif-2-1024x615.jpg 1024w, https:\/\/sel-sud-ra.org\/20ans\/wp-content\/uploads\/2017\/04\/8-aperitif-2.jpg 2048w\" sizes=\"auto, (max-width: 150px) 100vw, 150px\" \/><\/a>\n\t\t\t<\/div>\n\t\t\t\t<figcaption class='wp-caption-text gallery-caption' id='gallery-1-197'>\n\t\t\t\tL&rsquo;ap\u00e9ritif\n\t\t\t\t<\/figcaption><\/figure><figure class='gallery-item'>\n\t\t\t<div class='gallery-icon landscape'>\n\t\t\t\t<a href='https:\/\/sel-sud-ra.org\/20ans\/accueil\/8-aperitif\/'><img loading=\"lazy\" decoding=\"async\" width=\"150\" height=\"90\" src=\"https:\/\/sel-sud-ra.org\/20ans\/wp-content\/uploads\/2017\/04\/8-aperitif-150x90.jpg\" class=\"attachment-thumbnail size-thumbnail\" alt=\"\" aria-describedby=\"gallery-1-198\" srcset=\"https:\/\/sel-sud-ra.org\/20ans\/wp-content\/uploads\/2017\/04\/8-aperitif-150x90.jpg 150w, https:\/\/sel-sud-ra.org\/20ans\/wp-content\/uploads\/2017\/04\/8-aperitif-300x180.jpg 300w, https:\/\/sel-sud-ra.org\/20ans\/wp-content\/uploads\/2017\/04\/8-aperitif-768x461.jpg 768w, https:\/\/sel-sud-ra.org\/20ans\/wp-content\/uploads\/2017\/04\/8-aperitif-1024x615.jpg 1024w, https:\/\/sel-sud-ra.org\/20ans\/wp-content\/uploads\/2017\/04\/8-aperitif.jpg 2048w\" sizes=\"auto, (max-width: 150px) 100vw, 150px\" \/><\/a>\n\t\t\t<\/div>\n\t\t\t\t<figcaption class='wp-caption-text gallery-caption' id='gallery-1-198'>\n\t\t\t\tL&rsquo;ap\u00e9ritif\n\t\t\t\t<\/figcaption><\/figure><figure class='gallery-item'>\n\t\t\t<div class='gallery-icon landscape'>\n\t\t\t\t<a href='https:\/\/sel-sud-ra.org\/20ans\/accueil\/olympus-digital-camera-6\/'><img loading=\"lazy\" decoding=\"async\" width=\"150\" height=\"113\" src=\"https:\/\/sel-sud-ra.org\/20ans\/wp-content\/uploads\/2017\/04\/9-Alexandre-\u00e0-lanimation-150x113.jpg\" class=\"attachment-thumbnail size-thumbnail\" alt=\"\" aria-describedby=\"gallery-1-199\" srcset=\"https:\/\/sel-sud-ra.org\/20ans\/wp-content\/uploads\/2017\/04\/9-Alexandre-\u00e0-lanimation-150x113.jpg 150w, https:\/\/sel-sud-ra.org\/20ans\/wp-content\/uploads\/2017\/04\/9-Alexandre-\u00e0-lanimation-300x225.jpg 300w, https:\/\/sel-sud-ra.org\/20ans\/wp-content\/uploads\/2017\/04\/9-Alexandre-\u00e0-lanimation-768x576.jpg 768w, https:\/\/sel-sud-ra.org\/20ans\/wp-content\/uploads\/2017\/04\/9-Alexandre-\u00e0-lanimation-1024x768.jpg 1024w\" sizes=\"auto, (max-width: 150px) 100vw, 150px\" \/><\/a>\n\t\t\t<\/div>\n\t\t\t\t<figcaption class='wp-caption-text gallery-caption' id='gallery-1-199'>\n\t\t\t\tAlexandre se pr\u00e9pare pour l&rsquo;animation\n\t\t\t\t<\/figcaption><\/figure><figure class='gallery-item'>\n\t\t\t<div class='gallery-icon portrait'>\n\t\t\t\t<a href='https:\/\/sel-sud-ra.org\/20ans\/accueil\/olympus-digital-camera-7\/'><img loading=\"lazy\" decoding=\"async\" width=\"113\" height=\"150\" src=\"https:\/\/sel-sud-ra.org\/20ans\/wp-content\/uploads\/2017\/04\/9-Ghislaine-en-cuisine-113x150.jpg\" class=\"attachment-thumbnail size-thumbnail\" alt=\"\" aria-describedby=\"gallery-1-200\" srcset=\"https:\/\/sel-sud-ra.org\/20ans\/wp-content\/uploads\/2017\/04\/9-Ghislaine-en-cuisine-113x150.jpg 113w, https:\/\/sel-sud-ra.org\/20ans\/wp-content\/uploads\/2017\/04\/9-Ghislaine-en-cuisine-225x300.jpg 225w, https:\/\/sel-sud-ra.org\/20ans\/wp-content\/uploads\/2017\/04\/9-Ghislaine-en-cuisine-768x1024.jpg 768w\" sizes=\"auto, (max-width: 113px) 100vw, 113px\" \/><\/a>\n\t\t\t<\/div>\n\t\t\t\t<figcaption class='wp-caption-text gallery-caption' id='gallery-1-200'>\n\t\t\t\tGhislaine s&rsquo;aff\u00e8re en cuisine\n\t\t\t\t<\/figcaption><\/figure><figure class='gallery-item'>\n\t\t\t<div class='gallery-icon portrait'>\n\t\t\t\t<a href='https:\/\/sel-sud-ra.org\/20ans\/accueil\/olympus-digital-camera-8\/'><img loading=\"lazy\" decoding=\"async\" width=\"113\" height=\"150\" src=\"https:\/\/sel-sud-ra.org\/20ans\/wp-content\/uploads\/2017\/04\/10-on-pr\u00e9pare-le-buffet-e1491252708568-113x150.jpg\" class=\"attachment-thumbnail size-thumbnail\" alt=\"\" aria-describedby=\"gallery-1-201\" srcset=\"https:\/\/sel-sud-ra.org\/20ans\/wp-content\/uploads\/2017\/04\/10-on-pr\u00e9pare-le-buffet-e1491252708568-113x150.jpg 113w, https:\/\/sel-sud-ra.org\/20ans\/wp-content\/uploads\/2017\/04\/10-on-pr\u00e9pare-le-buffet-e1491252708568-225x300.jpg 225w, https:\/\/sel-sud-ra.org\/20ans\/wp-content\/uploads\/2017\/04\/10-on-pr\u00e9pare-le-buffet-e1491252708568-768x1024.jpg 768w\" sizes=\"auto, (max-width: 113px) 100vw, 113px\" \/><\/a>\n\t\t\t<\/div>\n\t\t\t\t<figcaption class='wp-caption-text gallery-caption' id='gallery-1-201'>\n\t\t\t\tInstallation du buffet\n\t\t\t\t<\/figcaption><\/figure><figure class='gallery-item'>\n\t\t\t<div class='gallery-icon landscape'>\n\t\t\t\t<a href='https:\/\/sel-sud-ra.org\/20ans\/accueil\/10-on-sinstalle-pour-le-cabaret\/'><img loading=\"lazy\" decoding=\"async\" width=\"150\" height=\"90\" src=\"https:\/\/sel-sud-ra.org\/20ans\/wp-content\/uploads\/2017\/04\/10-on-sinstalle-pour-le-cabaret-150x90.jpg\" class=\"attachment-thumbnail size-thumbnail\" alt=\"\" aria-describedby=\"gallery-1-202\" srcset=\"https:\/\/sel-sud-ra.org\/20ans\/wp-content\/uploads\/2017\/04\/10-on-sinstalle-pour-le-cabaret-150x90.jpg 150w, https:\/\/sel-sud-ra.org\/20ans\/wp-content\/uploads\/2017\/04\/10-on-sinstalle-pour-le-cabaret-300x180.jpg 300w, https:\/\/sel-sud-ra.org\/20ans\/wp-content\/uploads\/2017\/04\/10-on-sinstalle-pour-le-cabaret-768x461.jpg 768w, https:\/\/sel-sud-ra.org\/20ans\/wp-content\/uploads\/2017\/04\/10-on-sinstalle-pour-le-cabaret-1024x615.jpg 1024w, https:\/\/sel-sud-ra.org\/20ans\/wp-content\/uploads\/2017\/04\/10-on-sinstalle-pour-le-cabaret.jpg 2048w\" sizes=\"auto, (max-width: 150px) 100vw, 150px\" \/><\/a>\n\t\t\t<\/div>\n\t\t\t\t<figcaption class='wp-caption-text gallery-caption' id='gallery-1-202'>\n\t\t\t\tOn s&rsquo;installe pour le cabaret\n\t\t\t\t<\/figcaption><\/figure><figure class='gallery-item'>\n\t\t\t<div class='gallery-icon landscape'>\n\t\t\t\t<a href='https:\/\/sel-sud-ra.org\/20ans\/accueil\/12-la-salle-profite-des-animations\/'><img loading=\"lazy\" decoding=\"async\" width=\"150\" height=\"90\" src=\"https:\/\/sel-sud-ra.org\/20ans\/wp-content\/uploads\/2017\/04\/12-la-salle-profite-des-animations-150x90.jpg\" class=\"attachment-thumbnail size-thumbnail\" alt=\"\" aria-describedby=\"gallery-1-203\" srcset=\"https:\/\/sel-sud-ra.org\/20ans\/wp-content\/uploads\/2017\/04\/12-la-salle-profite-des-animations-150x90.jpg 150w, https:\/\/sel-sud-ra.org\/20ans\/wp-content\/uploads\/2017\/04\/12-la-salle-profite-des-animations-300x180.jpg 300w, https:\/\/sel-sud-ra.org\/20ans\/wp-content\/uploads\/2017\/04\/12-la-salle-profite-des-animations-768x461.jpg 768w, https:\/\/sel-sud-ra.org\/20ans\/wp-content\/uploads\/2017\/04\/12-la-salle-profite-des-animations-1024x615.jpg 1024w, https:\/\/sel-sud-ra.org\/20ans\/wp-content\/uploads\/2017\/04\/12-la-salle-profite-des-animations.jpg 2048w\" sizes=\"auto, (max-width: 150px) 100vw, 150px\" \/><\/a>\n\t\t\t<\/div>\n\t\t\t\t<figcaption class='wp-caption-text gallery-caption' id='gallery-1-203'>\n\t\t\t\tLa salle profite des animations\n\t\t\t\t<\/figcaption><\/figure><figure class='gallery-item'>\n\t\t\t<div class='gallery-icon landscape'>\n\t\t\t\t<a href='https:\/\/sel-sud-ra.org\/20ans\/accueil\/olympus-digital-camera-10\/'><img loading=\"lazy\" decoding=\"async\" width=\"150\" height=\"113\" src=\"https:\/\/sel-sud-ra.org\/20ans\/wp-content\/uploads\/2017\/04\/13-ouverture-150x113.jpg\" class=\"attachment-thumbnail size-thumbnail\" alt=\"\" aria-describedby=\"gallery-1-207\" srcset=\"https:\/\/sel-sud-ra.org\/20ans\/wp-content\/uploads\/2017\/04\/13-ouverture-150x113.jpg 150w, https:\/\/sel-sud-ra.org\/20ans\/wp-content\/uploads\/2017\/04\/13-ouverture-300x225.jpg 300w, https:\/\/sel-sud-ra.org\/20ans\/wp-content\/uploads\/2017\/04\/13-ouverture-768x576.jpg 768w, https:\/\/sel-sud-ra.org\/20ans\/wp-content\/uploads\/2017\/04\/13-ouverture-1024x768.jpg 1024w\" sizes=\"auto, (max-width: 150px) 100vw, 150px\" \/><\/a>\n\t\t\t<\/div>\n\t\t\t\t<figcaption class='wp-caption-text gallery-caption' id='gallery-1-207'>\n\t\t\t\tDiscours d&rsquo;ouverture\n\t\t\t\t<\/figcaption><\/figure><figure class='gallery-item'>\n\t\t\t<div class='gallery-icon portrait'>\n\t\t\t\t<a href='https:\/\/sel-sud-ra.org\/20ans\/accueil\/olympus-digital-camera-11\/'><img loading=\"lazy\" decoding=\"async\" width=\"113\" height=\"150\" src=\"https:\/\/sel-sud-ra.org\/20ans\/wp-content\/uploads\/2017\/04\/14-Mlacolm-et-Doroth\u00e9e-bis-e1491254125844-113x150.jpg\" class=\"attachment-thumbnail size-thumbnail\" alt=\"\" aria-describedby=\"gallery-1-208\" srcset=\"https:\/\/sel-sud-ra.org\/20ans\/wp-content\/uploads\/2017\/04\/14-Mlacolm-et-Doroth\u00e9e-bis-e1491254125844-113x150.jpg 113w, https:\/\/sel-sud-ra.org\/20ans\/wp-content\/uploads\/2017\/04\/14-Mlacolm-et-Doroth\u00e9e-bis-e1491254125844-225x300.jpg 225w, https:\/\/sel-sud-ra.org\/20ans\/wp-content\/uploads\/2017\/04\/14-Mlacolm-et-Doroth\u00e9e-bis-e1491254125844-768x1024.jpg 768w\" sizes=\"auto, (max-width: 113px) 100vw, 113px\" \/><\/a>\n\t\t\t<\/div>\n\t\t\t\t<figcaption class='wp-caption-text gallery-caption' id='gallery-1-208'>\n\t\t\t\tMalcolm et Doroth\u00e9e\n\t\t\t\t<\/figcaption><\/figure><figure class='gallery-item'>\n\t\t\t<div class='gallery-icon portrait'>\n\t\t\t\t<a href='https:\/\/sel-sud-ra.org\/20ans\/accueil\/14-sarah-et-le-petit-chaperon-rouge\/'><img loading=\"lazy\" decoding=\"async\" width=\"90\" height=\"150\" src=\"https:\/\/sel-sud-ra.org\/20ans\/wp-content\/uploads\/2017\/04\/14-Sarah-et-le-petit-chaperon-rouge-90x150.jpg\" class=\"attachment-thumbnail size-thumbnail\" alt=\"\" aria-describedby=\"gallery-1-209\" srcset=\"https:\/\/sel-sud-ra.org\/20ans\/wp-content\/uploads\/2017\/04\/14-Sarah-et-le-petit-chaperon-rouge-90x150.jpg 90w, https:\/\/sel-sud-ra.org\/20ans\/wp-content\/uploads\/2017\/04\/14-Sarah-et-le-petit-chaperon-rouge-180x300.jpg 180w, https:\/\/sel-sud-ra.org\/20ans\/wp-content\/uploads\/2017\/04\/14-Sarah-et-le-petit-chaperon-rouge-768x1280.jpg 768w, https:\/\/sel-sud-ra.org\/20ans\/wp-content\/uploads\/2017\/04\/14-Sarah-et-le-petit-chaperon-rouge-615x1024.jpg 615w, https:\/\/sel-sud-ra.org\/20ans\/wp-content\/uploads\/2017\/04\/14-Sarah-et-le-petit-chaperon-rouge.jpg 1229w\" sizes=\"auto, (max-width: 90px) 100vw, 90px\" \/><\/a>\n\t\t\t<\/div>\n\t\t\t\t<figcaption class='wp-caption-text gallery-caption' id='gallery-1-209'>\n\t\t\t\tSarah  : Le petit chaperon rouge en franglais\n\t\t\t\t<\/figcaption><\/figure><figure class='gallery-item'>\n\t\t\t<div class='gallery-icon portrait'>\n\t\t\t\t<a href='https:\/\/sel-sud-ra.org\/20ans\/accueil\/olympus-digital-camera-12\/'><img loading=\"lazy\" decoding=\"async\" width=\"113\" height=\"150\" src=\"https:\/\/sel-sud-ra.org\/20ans\/wp-content\/uploads\/2017\/04\/15-Albert-cr\u00e9e-un-conte-avec-la-salle-e1491252693219-113x150.jpg\" class=\"attachment-thumbnail size-thumbnail\" alt=\"\" aria-describedby=\"gallery-1-210\" srcset=\"https:\/\/sel-sud-ra.org\/20ans\/wp-content\/uploads\/2017\/04\/15-Albert-cr\u00e9e-un-conte-avec-la-salle-e1491252693219-113x150.jpg 113w, https:\/\/sel-sud-ra.org\/20ans\/wp-content\/uploads\/2017\/04\/15-Albert-cr\u00e9e-un-conte-avec-la-salle-e1491252693219-225x300.jpg 225w, https:\/\/sel-sud-ra.org\/20ans\/wp-content\/uploads\/2017\/04\/15-Albert-cr\u00e9e-un-conte-avec-la-salle-e1491252693219-768x1024.jpg 768w\" sizes=\"auto, (max-width: 113px) 100vw, 113px\" \/><\/a>\n\t\t\t<\/div>\n\t\t\t\t<figcaption class='wp-caption-text gallery-caption' id='gallery-1-210'>\n\t\t\t\tAlbert faire \u00e9crire un conte au public\n\t\t\t\t<\/figcaption><\/figure><figure class='gallery-item'>\n\t\t\t<div class='gallery-icon landscape'>\n\t\t\t\t<a href='https:\/\/sel-sud-ra.org\/20ans\/accueil\/olympus-digital-camera-13\/'><img loading=\"lazy\" decoding=\"async\" width=\"150\" height=\"113\" src=\"https:\/\/sel-sud-ra.org\/20ans\/wp-content\/uploads\/2017\/04\/15-instant-tr\u00e8s-rare-150x113.jpg\" class=\"attachment-thumbnail size-thumbnail\" alt=\"\" aria-describedby=\"gallery-1-213\" srcset=\"https:\/\/sel-sud-ra.org\/20ans\/wp-content\/uploads\/2017\/04\/15-instant-tr\u00e8s-rare-150x113.jpg 150w, https:\/\/sel-sud-ra.org\/20ans\/wp-content\/uploads\/2017\/04\/15-instant-tr\u00e8s-rare-300x225.jpg 300w, https:\/\/sel-sud-ra.org\/20ans\/wp-content\/uploads\/2017\/04\/15-instant-tr\u00e8s-rare-768x576.jpg 768w, https:\/\/sel-sud-ra.org\/20ans\/wp-content\/uploads\/2017\/04\/15-instant-tr\u00e8s-rare-1024x768.jpg 1024w\" sizes=\"auto, (max-width: 150px) 100vw, 150px\" \/><\/a>\n\t\t\t<\/div>\n\t\t\t\t<figcaption class='wp-caption-text gallery-caption' id='gallery-1-213'>\n\t\t\t\tInstant sublime&#8230; mais si court  \ud83d\ude42\n\t\t\t\t<\/figcaption><\/figure><figure class='gallery-item'>\n\t\t\t<div class='gallery-icon landscape'>\n\t\t\t\t<a href='https:\/\/sel-sud-ra.org\/20ans\/accueil\/olympus-digital-camera-14\/'><img loading=\"lazy\" decoding=\"async\" width=\"150\" height=\"113\" src=\"https:\/\/sel-sud-ra.org\/20ans\/wp-content\/uploads\/2017\/04\/16-ca-va-mal-150x113.jpg\" class=\"attachment-thumbnail size-thumbnail\" alt=\"\" aria-describedby=\"gallery-1-217\" srcset=\"https:\/\/sel-sud-ra.org\/20ans\/wp-content\/uploads\/2017\/04\/16-ca-va-mal-150x113.jpg 150w, https:\/\/sel-sud-ra.org\/20ans\/wp-content\/uploads\/2017\/04\/16-ca-va-mal-300x225.jpg 300w, https:\/\/sel-sud-ra.org\/20ans\/wp-content\/uploads\/2017\/04\/16-ca-va-mal-768x576.jpg 768w, https:\/\/sel-sud-ra.org\/20ans\/wp-content\/uploads\/2017\/04\/16-ca-va-mal-1024x768.jpg 1024w\" sizes=\"auto, (max-width: 150px) 100vw, 150px\" \/><\/a>\n\t\t\t<\/div>\n\t\t\t\t<figcaption class='wp-caption-text gallery-caption' id='gallery-1-217'>\n\t\t\t\t\u00e7a va mal\n\t\t\t\t<\/figcaption><\/figure><figure class='gallery-item'>\n\t\t\t<div class='gallery-icon landscape'>\n\t\t\t\t<a href='https:\/\/sel-sud-ra.org\/20ans\/accueil\/olympus-digital-camera-15\/'><img loading=\"lazy\" decoding=\"async\" width=\"150\" height=\"113\" src=\"https:\/\/sel-sud-ra.org\/20ans\/wp-content\/uploads\/2017\/04\/17-tu-as-entendu-150x113.jpg\" class=\"attachment-thumbnail size-thumbnail\" alt=\"\" aria-describedby=\"gallery-1-218\" srcset=\"https:\/\/sel-sud-ra.org\/20ans\/wp-content\/uploads\/2017\/04\/17-tu-as-entendu-150x113.jpg 150w, https:\/\/sel-sud-ra.org\/20ans\/wp-content\/uploads\/2017\/04\/17-tu-as-entendu-300x225.jpg 300w, https:\/\/sel-sud-ra.org\/20ans\/wp-content\/uploads\/2017\/04\/17-tu-as-entendu-768x576.jpg 768w, https:\/\/sel-sud-ra.org\/20ans\/wp-content\/uploads\/2017\/04\/17-tu-as-entendu-1024x768.jpg 1024w\" sizes=\"auto, (max-width: 150px) 100vw, 150px\" \/><\/a>\n\t\t\t<\/div>\n\t\t\t\t<figcaption class='wp-caption-text gallery-caption' id='gallery-1-218'>\n\t\t\t\tTu as entendu ?\n\t\t\t\t<\/figcaption><\/figure><figure class='gallery-item'>\n\t\t\t<div class='gallery-icon landscape'>\n\t\t\t\t<a href='https:\/\/sel-sud-ra.org\/20ans\/accueil\/olympus-digital-camera-16\/'><img loading=\"lazy\" decoding=\"async\" width=\"150\" height=\"113\" src=\"https:\/\/sel-sud-ra.org\/20ans\/wp-content\/uploads\/2017\/04\/17-tu-as-entendu-1-150x113.jpg\" class=\"attachment-thumbnail size-thumbnail\" alt=\"\" aria-describedby=\"gallery-1-220\" srcset=\"https:\/\/sel-sud-ra.org\/20ans\/wp-content\/uploads\/2017\/04\/17-tu-as-entendu-1-150x113.jpg 150w, https:\/\/sel-sud-ra.org\/20ans\/wp-content\/uploads\/2017\/04\/17-tu-as-entendu-1-300x225.jpg 300w, https:\/\/sel-sud-ra.org\/20ans\/wp-content\/uploads\/2017\/04\/17-tu-as-entendu-1-768x576.jpg 768w, https:\/\/sel-sud-ra.org\/20ans\/wp-content\/uploads\/2017\/04\/17-tu-as-entendu-1-1024x768.jpg 1024w\" sizes=\"auto, (max-width: 150px) 100vw, 150px\" \/><\/a>\n\t\t\t<\/div>\n\t\t\t\t<figcaption class='wp-caption-text gallery-caption' id='gallery-1-220'>\n\t\t\t\tTu as entendu ?\n\t\t\t\t<\/figcaption><\/figure><figure class='gallery-item'>\n\t\t\t<div class='gallery-icon landscape'>\n\t\t\t\t<a href='https:\/\/sel-sud-ra.org\/20ans\/accueil\/olympus-digital-camera-17\/'><img loading=\"lazy\" decoding=\"async\" width=\"150\" height=\"113\" src=\"https:\/\/sel-sud-ra.org\/20ans\/wp-content\/uploads\/2017\/04\/18-a-table-150x113.jpg\" class=\"attachment-thumbnail size-thumbnail\" alt=\"\" aria-describedby=\"gallery-1-221\" srcset=\"https:\/\/sel-sud-ra.org\/20ans\/wp-content\/uploads\/2017\/04\/18-a-table-150x113.jpg 150w, https:\/\/sel-sud-ra.org\/20ans\/wp-content\/uploads\/2017\/04\/18-a-table-300x225.jpg 300w, https:\/\/sel-sud-ra.org\/20ans\/wp-content\/uploads\/2017\/04\/18-a-table-768x576.jpg 768w, https:\/\/sel-sud-ra.org\/20ans\/wp-content\/uploads\/2017\/04\/18-a-table-1024x768.jpg 1024w\" sizes=\"auto, (max-width: 150px) 100vw, 150px\" \/><\/a>\n\t\t\t<\/div>\n\t\t\t\t<figcaption class='wp-caption-text gallery-caption' id='gallery-1-221'>\n\t\t\t\tA table au cabaret\n\t\t\t\t<\/figcaption><\/figure><figure class='gallery-item'>\n\t\t\t<div class='gallery-icon landscape'>\n\t\t\t\t<a href='https:\/\/sel-sud-ra.org\/20ans\/accueil\/olympus-digital-camera-18\/'><img loading=\"lazy\" decoding=\"async\" width=\"150\" height=\"113\" src=\"https:\/\/sel-sud-ra.org\/20ans\/wp-content\/uploads\/2017\/04\/19-a-table-150x113.jpg\" class=\"attachment-thumbnail size-thumbnail\" alt=\"\" aria-describedby=\"gallery-1-222\" srcset=\"https:\/\/sel-sud-ra.org\/20ans\/wp-content\/uploads\/2017\/04\/19-a-table-150x113.jpg 150w, https:\/\/sel-sud-ra.org\/20ans\/wp-content\/uploads\/2017\/04\/19-a-table-300x225.jpg 300w, https:\/\/sel-sud-ra.org\/20ans\/wp-content\/uploads\/2017\/04\/19-a-table-768x576.jpg 768w, https:\/\/sel-sud-ra.org\/20ans\/wp-content\/uploads\/2017\/04\/19-a-table-1024x768.jpg 1024w\" sizes=\"auto, (max-width: 150px) 100vw, 150px\" \/><\/a>\n\t\t\t<\/div>\n\t\t\t\t<figcaption class='wp-caption-text gallery-caption' id='gallery-1-222'>\n\t\t\t\tA table au cabaret\n\t\t\t\t<\/figcaption><\/figure><figure class='gallery-item'>\n\t\t\t<div class='gallery-icon landscape'>\n\t\t\t\t<a href='https:\/\/sel-sud-ra.org\/20ans\/accueil\/olympus-digital-camera-19\/'><img loading=\"lazy\" decoding=\"async\" width=\"150\" height=\"113\" src=\"https:\/\/sel-sud-ra.org\/20ans\/wp-content\/uploads\/2017\/04\/20-a-table-150x113.jpg\" class=\"attachment-thumbnail size-thumbnail\" alt=\"\" aria-describedby=\"gallery-1-223\" srcset=\"https:\/\/sel-sud-ra.org\/20ans\/wp-content\/uploads\/2017\/04\/20-a-table-150x113.jpg 150w, https:\/\/sel-sud-ra.org\/20ans\/wp-content\/uploads\/2017\/04\/20-a-table-300x225.jpg 300w, https:\/\/sel-sud-ra.org\/20ans\/wp-content\/uploads\/2017\/04\/20-a-table-768x576.jpg 768w, https:\/\/sel-sud-ra.org\/20ans\/wp-content\/uploads\/2017\/04\/20-a-table-1024x768.jpg 1024w\" sizes=\"auto, (max-width: 150px) 100vw, 150px\" \/><\/a>\n\t\t\t<\/div>\n\t\t\t\t<figcaption class='wp-caption-text gallery-caption' id='gallery-1-223'>\n\t\t\t\tA table au cabaret\n\t\t\t\t<\/figcaption><\/figure><figure class='gallery-item'>\n\t\t\t<div class='gallery-icon landscape'>\n\t\t\t\t<a href='https:\/\/sel-sud-ra.org\/20ans\/accueil\/olympus-digital-camera-20\/'><img loading=\"lazy\" decoding=\"async\" width=\"150\" height=\"113\" src=\"https:\/\/sel-sud-ra.org\/20ans\/wp-content\/uploads\/2017\/04\/21-a-table-150x113.jpg\" class=\"attachment-thumbnail size-thumbnail\" alt=\"\" aria-describedby=\"gallery-1-224\" srcset=\"https:\/\/sel-sud-ra.org\/20ans\/wp-content\/uploads\/2017\/04\/21-a-table-150x113.jpg 150w, https:\/\/sel-sud-ra.org\/20ans\/wp-content\/uploads\/2017\/04\/21-a-table-300x225.jpg 300w, https:\/\/sel-sud-ra.org\/20ans\/wp-content\/uploads\/2017\/04\/21-a-table-768x576.jpg 768w, https:\/\/sel-sud-ra.org\/20ans\/wp-content\/uploads\/2017\/04\/21-a-table-1024x768.jpg 1024w\" sizes=\"auto, (max-width: 150px) 100vw, 150px\" \/><\/a>\n\t\t\t<\/div>\n\t\t\t\t<figcaption class='wp-caption-text gallery-caption' id='gallery-1-224'>\n\t\t\t\tA table au cabaret\n\t\t\t\t<\/figcaption><\/figure><figure class='gallery-item'>\n\t\t\t<div class='gallery-icon landscape'>\n\t\t\t\t<a href='https:\/\/sel-sud-ra.org\/20ans\/accueil\/olympus-digital-camera-21\/'><img loading=\"lazy\" decoding=\"async\" width=\"150\" height=\"113\" src=\"https:\/\/sel-sud-ra.org\/20ans\/wp-content\/uploads\/2017\/04\/22-a-table-150x113.jpg\" class=\"attachment-thumbnail size-thumbnail\" alt=\"\" aria-describedby=\"gallery-1-225\" srcset=\"https:\/\/sel-sud-ra.org\/20ans\/wp-content\/uploads\/2017\/04\/22-a-table-150x113.jpg 150w, https:\/\/sel-sud-ra.org\/20ans\/wp-content\/uploads\/2017\/04\/22-a-table-300x225.jpg 300w, https:\/\/sel-sud-ra.org\/20ans\/wp-content\/uploads\/2017\/04\/22-a-table-768x576.jpg 768w, https:\/\/sel-sud-ra.org\/20ans\/wp-content\/uploads\/2017\/04\/22-a-table-1024x768.jpg 1024w\" sizes=\"auto, (max-width: 150px) 100vw, 150px\" \/><\/a>\n\t\t\t<\/div>\n\t\t\t\t<figcaption class='wp-caption-text gallery-caption' id='gallery-1-225'>\n\t\t\t\tA table au cabaret\n\t\t\t\t<\/figcaption><\/figure><figure class='gallery-item'>\n\t\t\t<div class='gallery-icon landscape'>\n\t\t\t\t<a href='https:\/\/sel-sud-ra.org\/20ans\/accueil\/olympus-digital-camera-22\/'><img loading=\"lazy\" decoding=\"async\" width=\"150\" height=\"113\" src=\"https:\/\/sel-sud-ra.org\/20ans\/wp-content\/uploads\/2017\/04\/23-a-table-150x113.jpg\" class=\"attachment-thumbnail size-thumbnail\" alt=\"\" aria-describedby=\"gallery-1-226\" srcset=\"https:\/\/sel-sud-ra.org\/20ans\/wp-content\/uploads\/2017\/04\/23-a-table-150x113.jpg 150w, https:\/\/sel-sud-ra.org\/20ans\/wp-content\/uploads\/2017\/04\/23-a-table-300x225.jpg 300w, https:\/\/sel-sud-ra.org\/20ans\/wp-content\/uploads\/2017\/04\/23-a-table-768x576.jpg 768w, https:\/\/sel-sud-ra.org\/20ans\/wp-content\/uploads\/2017\/04\/23-a-table-1024x768.jpg 1024w\" sizes=\"auto, (max-width: 150px) 100vw, 150px\" \/><\/a>\n\t\t\t<\/div>\n\t\t\t\t<figcaption class='wp-caption-text gallery-caption' id='gallery-1-226'>\n\t\t\t\tA table au cabaret\n\t\t\t\t<\/figcaption><\/figure><figure class='gallery-item'>\n\t\t\t<div class='gallery-icon landscape'>\n\t\t\t\t<a href='https:\/\/sel-sud-ra.org\/20ans\/accueil\/olympus-digital-camera-23\/'><img loading=\"lazy\" decoding=\"async\" width=\"150\" height=\"113\" src=\"https:\/\/sel-sud-ra.org\/20ans\/wp-content\/uploads\/2017\/04\/24-a-table-150x113.jpg\" class=\"attachment-thumbnail size-thumbnail\" alt=\"\" aria-describedby=\"gallery-1-227\" srcset=\"https:\/\/sel-sud-ra.org\/20ans\/wp-content\/uploads\/2017\/04\/24-a-table-150x113.jpg 150w, https:\/\/sel-sud-ra.org\/20ans\/wp-content\/uploads\/2017\/04\/24-a-table-300x225.jpg 300w, https:\/\/sel-sud-ra.org\/20ans\/wp-content\/uploads\/2017\/04\/24-a-table-768x576.jpg 768w, https:\/\/sel-sud-ra.org\/20ans\/wp-content\/uploads\/2017\/04\/24-a-table-1024x768.jpg 1024w\" sizes=\"auto, (max-width: 150px) 100vw, 150px\" \/><\/a>\n\t\t\t<\/div>\n\t\t\t\t<figcaption class='wp-caption-text gallery-caption' id='gallery-1-227'>\n\t\t\t\tA table au cabaret\n\t\t\t\t<\/figcaption><\/figure><figure class='gallery-item'>\n\t\t\t<div class='gallery-icon landscape'>\n\t\t\t\t<a href='https:\/\/sel-sud-ra.org\/20ans\/accueil\/olympus-digital-camera-24\/'><img loading=\"lazy\" decoding=\"async\" width=\"150\" height=\"113\" src=\"https:\/\/sel-sud-ra.org\/20ans\/wp-content\/uploads\/2017\/04\/25-compagnie-Acte-dEux-150x113.jpg\" class=\"attachment-thumbnail size-thumbnail\" alt=\"\" aria-describedby=\"gallery-1-228\" srcset=\"https:\/\/sel-sud-ra.org\/20ans\/wp-content\/uploads\/2017\/04\/25-compagnie-Acte-dEux-150x113.jpg 150w, https:\/\/sel-sud-ra.org\/20ans\/wp-content\/uploads\/2017\/04\/25-compagnie-Acte-dEux-300x225.jpg 300w, https:\/\/sel-sud-ra.org\/20ans\/wp-content\/uploads\/2017\/04\/25-compagnie-Acte-dEux-768x576.jpg 768w, https:\/\/sel-sud-ra.org\/20ans\/wp-content\/uploads\/2017\/04\/25-compagnie-Acte-dEux-1024x768.jpg 1024w\" sizes=\"auto, (max-width: 150px) 100vw, 150px\" \/><\/a>\n\t\t\t<\/div>\n\t\t\t\t<figcaption class='wp-caption-text gallery-caption' id='gallery-1-228'>\n\t\t\t\tA table au cabaret\n\t\t\t\t<\/figcaption><\/figure><figure class='gallery-item'>\n\t\t\t<div class='gallery-icon landscape'>\n\t\t\t\t<a href='https:\/\/sel-sud-ra.org\/20ans\/accueil\/25-tablees\/'><img loading=\"lazy\" decoding=\"async\" width=\"150\" height=\"90\" src=\"https:\/\/sel-sud-ra.org\/20ans\/wp-content\/uploads\/2017\/04\/25-tablees-150x90.jpg\" class=\"attachment-thumbnail size-thumbnail\" alt=\"\" aria-describedby=\"gallery-1-229\" srcset=\"https:\/\/sel-sud-ra.org\/20ans\/wp-content\/uploads\/2017\/04\/25-tablees-150x90.jpg 150w, https:\/\/sel-sud-ra.org\/20ans\/wp-content\/uploads\/2017\/04\/25-tablees-300x180.jpg 300w, https:\/\/sel-sud-ra.org\/20ans\/wp-content\/uploads\/2017\/04\/25-tablees-768x461.jpg 768w, https:\/\/sel-sud-ra.org\/20ans\/wp-content\/uploads\/2017\/04\/25-tablees-1024x614.jpg 1024w, https:\/\/sel-sud-ra.org\/20ans\/wp-content\/uploads\/2017\/04\/25-tablees.jpg 2000w\" sizes=\"auto, (max-width: 150px) 100vw, 150px\" \/><\/a>\n\t\t\t<\/div>\n\t\t\t\t<figcaption class='wp-caption-text gallery-caption' id='gallery-1-229'>\n\t\t\t\tA table au cabaret\n\t\t\t\t<\/figcaption><\/figure><figure class='gallery-item'>\n\t\t\t<div class='gallery-icon landscape'>\n\t\t\t\t<a href='https:\/\/sel-sud-ra.org\/20ans\/accueil\/26-a-table\/'><img loading=\"lazy\" decoding=\"async\" width=\"150\" height=\"102\" src=\"https:\/\/sel-sud-ra.org\/20ans\/wp-content\/uploads\/2017\/04\/26-a-table-150x102.jpg\" class=\"attachment-thumbnail size-thumbnail\" alt=\"\" aria-describedby=\"gallery-1-230\" srcset=\"https:\/\/sel-sud-ra.org\/20ans\/wp-content\/uploads\/2017\/04\/26-a-table-150x102.jpg 150w, https:\/\/sel-sud-ra.org\/20ans\/wp-content\/uploads\/2017\/04\/26-a-table-300x205.jpg 300w, https:\/\/sel-sud-ra.org\/20ans\/wp-content\/uploads\/2017\/04\/26-a-table-768x525.jpg 768w, https:\/\/sel-sud-ra.org\/20ans\/wp-content\/uploads\/2017\/04\/26-a-table-1024x700.jpg 1024w, https:\/\/sel-sud-ra.org\/20ans\/wp-content\/uploads\/2017\/04\/26-a-table.jpg 2048w\" sizes=\"auto, (max-width: 150px) 100vw, 150px\" \/><\/a>\n\t\t\t<\/div>\n\t\t\t\t<figcaption class='wp-caption-text gallery-caption' id='gallery-1-230'>\n\t\t\t\tA table au cabaret\n\t\t\t\t<\/figcaption><\/figure><figure class='gallery-item'>\n\t\t\t<div class='gallery-icon landscape'>\n\t\t\t\t<a href='https:\/\/sel-sud-ra.org\/20ans\/accueil\/olympus-digital-camera-25\/'><img loading=\"lazy\" decoding=\"async\" width=\"150\" height=\"113\" src=\"https:\/\/sel-sud-ra.org\/20ans\/wp-content\/uploads\/2017\/04\/27-a-table-150x113.jpg\" class=\"attachment-thumbnail size-thumbnail\" alt=\"\" aria-describedby=\"gallery-1-231\" srcset=\"https:\/\/sel-sud-ra.org\/20ans\/wp-content\/uploads\/2017\/04\/27-a-table-150x113.jpg 150w, https:\/\/sel-sud-ra.org\/20ans\/wp-content\/uploads\/2017\/04\/27-a-table-300x225.jpg 300w, https:\/\/sel-sud-ra.org\/20ans\/wp-content\/uploads\/2017\/04\/27-a-table-768x576.jpg 768w, https:\/\/sel-sud-ra.org\/20ans\/wp-content\/uploads\/2017\/04\/27-a-table-1024x768.jpg 1024w\" sizes=\"auto, (max-width: 150px) 100vw, 150px\" \/><\/a>\n\t\t\t<\/div>\n\t\t\t\t<figcaption class='wp-caption-text gallery-caption' id='gallery-1-231'>\n\t\t\t\tA table au cabaret\n\t\t\t\t<\/figcaption><\/figure><figure class='gallery-item'>\n\t\t\t<div class='gallery-icon landscape'>\n\t\t\t\t<a href='https:\/\/sel-sud-ra.org\/20ans\/accueil\/olympus-digital-camera-26\/'><img loading=\"lazy\" decoding=\"async\" width=\"150\" height=\"113\" src=\"https:\/\/sel-sud-ra.org\/20ans\/wp-content\/uploads\/2017\/04\/28-a-table-150x113.jpg\" class=\"attachment-thumbnail size-thumbnail\" alt=\"\" aria-describedby=\"gallery-1-232\" srcset=\"https:\/\/sel-sud-ra.org\/20ans\/wp-content\/uploads\/2017\/04\/28-a-table-150x113.jpg 150w, https:\/\/sel-sud-ra.org\/20ans\/wp-content\/uploads\/2017\/04\/28-a-table-300x225.jpg 300w, https:\/\/sel-sud-ra.org\/20ans\/wp-content\/uploads\/2017\/04\/28-a-table-768x576.jpg 768w, https:\/\/sel-sud-ra.org\/20ans\/wp-content\/uploads\/2017\/04\/28-a-table-1024x768.jpg 1024w\" sizes=\"auto, (max-width: 150px) 100vw, 150px\" \/><\/a>\n\t\t\t<\/div>\n\t\t\t\t<figcaption class='wp-caption-text gallery-caption' id='gallery-1-232'>\n\t\t\t\tA table au cabaret\n\t\t\t\t<\/figcaption><\/figure><figure class='gallery-item'>\n\t\t\t<div class='gallery-icon landscape'>\n\t\t\t\t<a href='https:\/\/sel-sud-ra.org\/20ans\/accueil\/olympus-digital-camera-27\/'><img loading=\"lazy\" decoding=\"async\" width=\"150\" height=\"113\" src=\"https:\/\/sel-sud-ra.org\/20ans\/wp-content\/uploads\/2017\/04\/29-a-table-150x113.jpg\" class=\"attachment-thumbnail size-thumbnail\" alt=\"\" aria-describedby=\"gallery-1-233\" srcset=\"https:\/\/sel-sud-ra.org\/20ans\/wp-content\/uploads\/2017\/04\/29-a-table-150x113.jpg 150w, https:\/\/sel-sud-ra.org\/20ans\/wp-content\/uploads\/2017\/04\/29-a-table-300x225.jpg 300w, https:\/\/sel-sud-ra.org\/20ans\/wp-content\/uploads\/2017\/04\/29-a-table-768x576.jpg 768w, https:\/\/sel-sud-ra.org\/20ans\/wp-content\/uploads\/2017\/04\/29-a-table-1024x768.jpg 1024w\" sizes=\"auto, (max-width: 150px) 100vw, 150px\" \/><\/a>\n\t\t\t<\/div>\n\t\t\t\t<figcaption class='wp-caption-text gallery-caption' id='gallery-1-233'>\n\t\t\t\tA table au cabaret\n\t\t\t\t<\/figcaption><\/figure><figure class='gallery-item'>\n\t\t\t<div class='gallery-icon landscape'>\n\t\t\t\t<a href='https:\/\/sel-sud-ra.org\/20ans\/accueil\/olympus-digital-camera-28\/'><img loading=\"lazy\" decoding=\"async\" width=\"150\" height=\"113\" src=\"https:\/\/sel-sud-ra.org\/20ans\/wp-content\/uploads\/2017\/04\/30-a-table-150x113.jpg\" class=\"attachment-thumbnail size-thumbnail\" alt=\"\" aria-describedby=\"gallery-1-234\" srcset=\"https:\/\/sel-sud-ra.org\/20ans\/wp-content\/uploads\/2017\/04\/30-a-table-150x113.jpg 150w, https:\/\/sel-sud-ra.org\/20ans\/wp-content\/uploads\/2017\/04\/30-a-table-300x225.jpg 300w, https:\/\/sel-sud-ra.org\/20ans\/wp-content\/uploads\/2017\/04\/30-a-table-768x576.jpg 768w, https:\/\/sel-sud-ra.org\/20ans\/wp-content\/uploads\/2017\/04\/30-a-table-1024x768.jpg 1024w\" sizes=\"auto, (max-width: 150px) 100vw, 150px\" \/><\/a>\n\t\t\t<\/div>\n\t\t\t\t<figcaption class='wp-caption-text gallery-caption' id='gallery-1-234'>\n\t\t\t\tA table au cabaret\n\t\t\t\t<\/figcaption><\/figure><figure class='gallery-item'>\n\t\t\t<div class='gallery-icon landscape'>\n\t\t\t\t<a href='https:\/\/sel-sud-ra.org\/20ans\/accueil\/olympus-digital-camera-29\/'><img loading=\"lazy\" decoding=\"async\" width=\"150\" height=\"113\" src=\"https:\/\/sel-sud-ra.org\/20ans\/wp-content\/uploads\/2017\/04\/31-a-table-150x113.jpg\" class=\"attachment-thumbnail size-thumbnail\" alt=\"\" aria-describedby=\"gallery-1-235\" srcset=\"https:\/\/sel-sud-ra.org\/20ans\/wp-content\/uploads\/2017\/04\/31-a-table-150x113.jpg 150w, https:\/\/sel-sud-ra.org\/20ans\/wp-content\/uploads\/2017\/04\/31-a-table-300x225.jpg 300w, https:\/\/sel-sud-ra.org\/20ans\/wp-content\/uploads\/2017\/04\/31-a-table-768x576.jpg 768w, https:\/\/sel-sud-ra.org\/20ans\/wp-content\/uploads\/2017\/04\/31-a-table-1024x768.jpg 1024w\" sizes=\"auto, (max-width: 150px) 100vw, 150px\" \/><\/a>\n\t\t\t<\/div>\n\t\t\t\t<figcaption class='wp-caption-text gallery-caption' id='gallery-1-235'>\n\t\t\t\tA table au cabaret\n\t\t\t\t<\/figcaption><\/figure><figure class='gallery-item'>\n\t\t\t<div class='gallery-icon landscape'>\n\t\t\t\t<a href='https:\/\/sel-sud-ra.org\/20ans\/accueil\/olympus-digital-camera-30\/'><img loading=\"lazy\" decoding=\"async\" width=\"150\" height=\"113\" src=\"https:\/\/sel-sud-ra.org\/20ans\/wp-content\/uploads\/2017\/04\/32-a-table-150x113.jpg\" class=\"attachment-thumbnail size-thumbnail\" alt=\"\" aria-describedby=\"gallery-1-236\" srcset=\"https:\/\/sel-sud-ra.org\/20ans\/wp-content\/uploads\/2017\/04\/32-a-table-150x113.jpg 150w, https:\/\/sel-sud-ra.org\/20ans\/wp-content\/uploads\/2017\/04\/32-a-table-300x225.jpg 300w, https:\/\/sel-sud-ra.org\/20ans\/wp-content\/uploads\/2017\/04\/32-a-table-768x576.jpg 768w, https:\/\/sel-sud-ra.org\/20ans\/wp-content\/uploads\/2017\/04\/32-a-table-1024x768.jpg 1024w\" sizes=\"auto, (max-width: 150px) 100vw, 150px\" \/><\/a>\n\t\t\t<\/div>\n\t\t\t\t<figcaption class='wp-caption-text gallery-caption' id='gallery-1-236'>\n\t\t\t\tA table au cabaret\n\t\t\t\t<\/figcaption><\/figure><figure class='gallery-item'>\n\t\t\t<div class='gallery-icon landscape'>\n\t\t\t\t<a href='https:\/\/sel-sud-ra.org\/20ans\/accueil\/olympus-digital-camera-31\/'><img loading=\"lazy\" decoding=\"async\" width=\"150\" height=\"113\" src=\"https:\/\/sel-sud-ra.org\/20ans\/wp-content\/uploads\/2017\/04\/33-a-table-150x113.jpg\" class=\"attachment-thumbnail size-thumbnail\" alt=\"\" aria-describedby=\"gallery-1-237\" srcset=\"https:\/\/sel-sud-ra.org\/20ans\/wp-content\/uploads\/2017\/04\/33-a-table-150x113.jpg 150w, https:\/\/sel-sud-ra.org\/20ans\/wp-content\/uploads\/2017\/04\/33-a-table-300x225.jpg 300w, https:\/\/sel-sud-ra.org\/20ans\/wp-content\/uploads\/2017\/04\/33-a-table-768x576.jpg 768w, https:\/\/sel-sud-ra.org\/20ans\/wp-content\/uploads\/2017\/04\/33-a-table-1024x768.jpg 1024w\" sizes=\"auto, (max-width: 150px) 100vw, 150px\" \/><\/a>\n\t\t\t<\/div>\n\t\t\t\t<figcaption class='wp-caption-text gallery-caption' id='gallery-1-237'>\n\t\t\t\tA table au cabaret\n\t\t\t\t<\/figcaption><\/figure><figure class='gallery-item'>\n\t\t\t<div class='gallery-icon landscape'>\n\t\t\t\t<a href='https:\/\/sel-sud-ra.org\/20ans\/accueil\/olympus-digital-camera-32\/'><img loading=\"lazy\" decoding=\"async\" width=\"150\" height=\"113\" src=\"https:\/\/sel-sud-ra.org\/20ans\/wp-content\/uploads\/2017\/04\/34-a-table-150x113.jpg\" class=\"attachment-thumbnail size-thumbnail\" alt=\"\" aria-describedby=\"gallery-1-239\" srcset=\"https:\/\/sel-sud-ra.org\/20ans\/wp-content\/uploads\/2017\/04\/34-a-table-150x113.jpg 150w, https:\/\/sel-sud-ra.org\/20ans\/wp-content\/uploads\/2017\/04\/34-a-table-300x225.jpg 300w, https:\/\/sel-sud-ra.org\/20ans\/wp-content\/uploads\/2017\/04\/34-a-table-768x576.jpg 768w, https:\/\/sel-sud-ra.org\/20ans\/wp-content\/uploads\/2017\/04\/34-a-table-1024x768.jpg 1024w\" sizes=\"auto, (max-width: 150px) 100vw, 150px\" \/><\/a>\n\t\t\t<\/div>\n\t\t\t\t<figcaption class='wp-caption-text gallery-caption' id='gallery-1-239'>\n\t\t\t\tA table au cabaret\n\t\t\t\t<\/figcaption><\/figure><figure class='gallery-item'>\n\t\t\t<div class='gallery-icon landscape'>\n\t\t\t\t<a href='https:\/\/sel-sud-ra.org\/20ans\/accueil\/olympus-digital-camera-33\/'><img loading=\"lazy\" decoding=\"async\" width=\"150\" height=\"113\" src=\"https:\/\/sel-sud-ra.org\/20ans\/wp-content\/uploads\/2017\/04\/35-a-table-150x113.jpg\" class=\"attachment-thumbnail size-thumbnail\" alt=\"\" aria-describedby=\"gallery-1-240\" srcset=\"https:\/\/sel-sud-ra.org\/20ans\/wp-content\/uploads\/2017\/04\/35-a-table-150x113.jpg 150w, https:\/\/sel-sud-ra.org\/20ans\/wp-content\/uploads\/2017\/04\/35-a-table-300x225.jpg 300w, https:\/\/sel-sud-ra.org\/20ans\/wp-content\/uploads\/2017\/04\/35-a-table-768x576.jpg 768w, https:\/\/sel-sud-ra.org\/20ans\/wp-content\/uploads\/2017\/04\/35-a-table-1024x768.jpg 1024w\" sizes=\"auto, (max-width: 150px) 100vw, 150px\" \/><\/a>\n\t\t\t<\/div>\n\t\t\t\t<figcaption class='wp-caption-text gallery-caption' id='gallery-1-240'>\n\t\t\t\tA table pendant le cabaret\n\t\t\t\t<\/figcaption><\/figure><figure class='gallery-item'>\n\t\t\t<div class='gallery-icon landscape'>\n\t\t\t\t<a href='https:\/\/sel-sud-ra.org\/20ans\/accueil\/35-moment-musical-fin-du-repas-dimanche\/'><img loading=\"lazy\" decoding=\"async\" width=\"150\" height=\"90\" src=\"https:\/\/sel-sud-ra.org\/20ans\/wp-content\/uploads\/2017\/04\/35-moment-musical-fin-du-repas-dimanche-150x90.jpg\" class=\"attachment-thumbnail size-thumbnail\" alt=\"\" aria-describedby=\"gallery-1-241\" srcset=\"https:\/\/sel-sud-ra.org\/20ans\/wp-content\/uploads\/2017\/04\/35-moment-musical-fin-du-repas-dimanche-150x90.jpg 150w, https:\/\/sel-sud-ra.org\/20ans\/wp-content\/uploads\/2017\/04\/35-moment-musical-fin-du-repas-dimanche-300x180.jpg 300w, https:\/\/sel-sud-ra.org\/20ans\/wp-content\/uploads\/2017\/04\/35-moment-musical-fin-du-repas-dimanche-768x461.jpg 768w, https:\/\/sel-sud-ra.org\/20ans\/wp-content\/uploads\/2017\/04\/35-moment-musical-fin-du-repas-dimanche-1024x615.jpg 1024w, https:\/\/sel-sud-ra.org\/20ans\/wp-content\/uploads\/2017\/04\/35-moment-musical-fin-du-repas-dimanche.jpg 2048w\" sizes=\"auto, (max-width: 150px) 100vw, 150px\" \/><\/a>\n\t\t\t<\/div>\n\t\t\t\t<figcaption class='wp-caption-text gallery-caption' id='gallery-1-241'>\n\t\t\t\tMoment musical avant les ateliers\n\t\t\t\t<\/figcaption><\/figure><figure class='gallery-item'>\n\t\t\t<div class='gallery-icon landscape'>\n\t\t\t\t<a href='https:\/\/sel-sud-ra.org\/20ans\/accueil\/36-a-table\/'><img loading=\"lazy\" decoding=\"async\" width=\"150\" height=\"113\" src=\"https:\/\/sel-sud-ra.org\/20ans\/wp-content\/uploads\/2017\/04\/36-a-table-150x113.jpg\" class=\"attachment-thumbnail size-thumbnail\" alt=\"\" aria-describedby=\"gallery-1-242\" srcset=\"https:\/\/sel-sud-ra.org\/20ans\/wp-content\/uploads\/2017\/04\/36-a-table-150x113.jpg 150w, https:\/\/sel-sud-ra.org\/20ans\/wp-content\/uploads\/2017\/04\/36-a-table-300x225.jpg 300w, https:\/\/sel-sud-ra.org\/20ans\/wp-content\/uploads\/2017\/04\/36-a-table-768x576.jpg 768w, https:\/\/sel-sud-ra.org\/20ans\/wp-content\/uploads\/2017\/04\/36-a-table-1024x768.jpg 1024w\" sizes=\"auto, (max-width: 150px) 100vw, 150px\" \/><\/a>\n\t\t\t<\/div>\n\t\t\t\t<figcaption class='wp-caption-text gallery-caption' id='gallery-1-242'>\n\t\t\t\tA table au cabaret\n\t\t\t\t<\/figcaption><\/figure><figure class='gallery-item'>\n\t\t\t<div class='gallery-icon landscape'>\n\t\t\t\t<a href='https:\/\/sel-sud-ra.org\/20ans\/accueil\/olympus-digital-camera-34\/'><img loading=\"lazy\" decoding=\"async\" width=\"150\" height=\"113\" src=\"https:\/\/sel-sud-ra.org\/20ans\/wp-content\/uploads\/2017\/04\/37-a-table-150x113.jpg\" class=\"attachment-thumbnail size-thumbnail\" alt=\"\" aria-describedby=\"gallery-1-243\" srcset=\"https:\/\/sel-sud-ra.org\/20ans\/wp-content\/uploads\/2017\/04\/37-a-table-150x113.jpg 150w, https:\/\/sel-sud-ra.org\/20ans\/wp-content\/uploads\/2017\/04\/37-a-table-300x225.jpg 300w, https:\/\/sel-sud-ra.org\/20ans\/wp-content\/uploads\/2017\/04\/37-a-table-768x576.jpg 768w, https:\/\/sel-sud-ra.org\/20ans\/wp-content\/uploads\/2017\/04\/37-a-table-1024x768.jpg 1024w\" sizes=\"auto, (max-width: 150px) 100vw, 150px\" \/><\/a>\n\t\t\t<\/div>\n\t\t\t\t<figcaption class='wp-caption-text gallery-caption' id='gallery-1-243'>\n\t\t\t\tA table au cabaret\n\t\t\t\t<\/figcaption><\/figure><figure class='gallery-item'>\n\t\t\t<div class='gallery-icon landscape'>\n\t\t\t\t<a href='https:\/\/sel-sud-ra.org\/20ans\/accueil\/olympus-digital-camera-35\/'><img loading=\"lazy\" decoding=\"async\" width=\"150\" height=\"113\" src=\"https:\/\/sel-sud-ra.org\/20ans\/wp-content\/uploads\/2017\/04\/38-a-table-150x113.jpg\" class=\"attachment-thumbnail size-thumbnail\" alt=\"\" aria-describedby=\"gallery-1-244\" srcset=\"https:\/\/sel-sud-ra.org\/20ans\/wp-content\/uploads\/2017\/04\/38-a-table-150x113.jpg 150w, https:\/\/sel-sud-ra.org\/20ans\/wp-content\/uploads\/2017\/04\/38-a-table-300x225.jpg 300w, https:\/\/sel-sud-ra.org\/20ans\/wp-content\/uploads\/2017\/04\/38-a-table-768x576.jpg 768w, https:\/\/sel-sud-ra.org\/20ans\/wp-content\/uploads\/2017\/04\/38-a-table-1024x768.jpg 1024w\" sizes=\"auto, (max-width: 150px) 100vw, 150px\" \/><\/a>\n\t\t\t<\/div>\n\t\t\t\t<figcaption class='wp-caption-text gallery-caption' id='gallery-1-244'>\n\t\t\t\tA table au cabaret\n\t\t\t\t<\/figcaption><\/figure><figure class='gallery-item'>\n\t\t\t<div class='gallery-icon landscape'>\n\t\t\t\t<a href='https:\/\/sel-sud-ra.org\/20ans\/accueil\/olympus-digital-camera-36\/'><img loading=\"lazy\" decoding=\"async\" width=\"150\" height=\"113\" src=\"https:\/\/sel-sud-ra.org\/20ans\/wp-content\/uploads\/2017\/04\/39-a-table-150x113.jpg\" class=\"attachment-thumbnail size-thumbnail\" alt=\"\" aria-describedby=\"gallery-1-245\" srcset=\"https:\/\/sel-sud-ra.org\/20ans\/wp-content\/uploads\/2017\/04\/39-a-table-150x113.jpg 150w, https:\/\/sel-sud-ra.org\/20ans\/wp-content\/uploads\/2017\/04\/39-a-table-300x225.jpg 300w, https:\/\/sel-sud-ra.org\/20ans\/wp-content\/uploads\/2017\/04\/39-a-table-768x576.jpg 768w, https:\/\/sel-sud-ra.org\/20ans\/wp-content\/uploads\/2017\/04\/39-a-table-1024x768.jpg 1024w\" sizes=\"auto, (max-width: 150px) 100vw, 150px\" \/><\/a>\n\t\t\t<\/div>\n\t\t\t\t<figcaption class='wp-caption-text gallery-caption' id='gallery-1-245'>\n\t\t\t\tA table au cabaret\n\t\t\t\t<\/figcaption><\/figure><figure class='gallery-item'>\n\t\t\t<div class='gallery-icon landscape'>\n\t\t\t\t<a href='https:\/\/sel-sud-ra.org\/20ans\/accueil\/olympus-digital-camera-37\/'><img loading=\"lazy\" decoding=\"async\" width=\"150\" height=\"113\" src=\"https:\/\/sel-sud-ra.org\/20ans\/wp-content\/uploads\/2017\/04\/40-a-table-150x113.jpg\" class=\"attachment-thumbnail size-thumbnail\" alt=\"\" aria-describedby=\"gallery-1-246\" srcset=\"https:\/\/sel-sud-ra.org\/20ans\/wp-content\/uploads\/2017\/04\/40-a-table-150x113.jpg 150w, https:\/\/sel-sud-ra.org\/20ans\/wp-content\/uploads\/2017\/04\/40-a-table-300x225.jpg 300w, https:\/\/sel-sud-ra.org\/20ans\/wp-content\/uploads\/2017\/04\/40-a-table-768x576.jpg 768w, https:\/\/sel-sud-ra.org\/20ans\/wp-content\/uploads\/2017\/04\/40-a-table-1024x768.jpg 1024w\" sizes=\"auto, (max-width: 150px) 100vw, 150px\" \/><\/a>\n\t\t\t<\/div>\n\t\t\t\t<figcaption class='wp-caption-text gallery-caption' id='gallery-1-246'>\n\t\t\t\tA table au cabaret\n\t\t\t\t<\/figcaption><\/figure><figure class='gallery-item'>\n\t\t\t<div class='gallery-icon landscape'>\n\t\t\t\t<a href='https:\/\/sel-sud-ra.org\/20ans\/accueil\/olympus-digital-camera-38\/'><img loading=\"lazy\" decoding=\"async\" width=\"150\" height=\"113\" src=\"https:\/\/sel-sud-ra.org\/20ans\/wp-content\/uploads\/2017\/04\/41-a-table-150x113.jpg\" class=\"attachment-thumbnail size-thumbnail\" alt=\"\" aria-describedby=\"gallery-1-247\" srcset=\"https:\/\/sel-sud-ra.org\/20ans\/wp-content\/uploads\/2017\/04\/41-a-table-150x113.jpg 150w, https:\/\/sel-sud-ra.org\/20ans\/wp-content\/uploads\/2017\/04\/41-a-table-300x225.jpg 300w, https:\/\/sel-sud-ra.org\/20ans\/wp-content\/uploads\/2017\/04\/41-a-table-768x576.jpg 768w, https:\/\/sel-sud-ra.org\/20ans\/wp-content\/uploads\/2017\/04\/41-a-table-1024x768.jpg 1024w\" sizes=\"auto, (max-width: 150px) 100vw, 150px\" \/><\/a>\n\t\t\t<\/div>\n\t\t\t\t<figcaption class='wp-caption-text gallery-caption' id='gallery-1-247'>\n\t\t\t\tA table au cabaret\n\t\t\t\t<\/figcaption><\/figure><figure class='gallery-item'>\n\t\t\t<div class='gallery-icon landscape'>\n\t\t\t\t<a href='https:\/\/sel-sud-ra.org\/20ans\/accueil\/olympus-digital-camera-39\/'><img loading=\"lazy\" decoding=\"async\" width=\"150\" height=\"113\" src=\"https:\/\/sel-sud-ra.org\/20ans\/wp-content\/uploads\/2017\/04\/42-a-table-150x113.jpg\" class=\"attachment-thumbnail size-thumbnail\" alt=\"\" aria-describedby=\"gallery-1-248\" srcset=\"https:\/\/sel-sud-ra.org\/20ans\/wp-content\/uploads\/2017\/04\/42-a-table-150x113.jpg 150w, https:\/\/sel-sud-ra.org\/20ans\/wp-content\/uploads\/2017\/04\/42-a-table-300x225.jpg 300w, https:\/\/sel-sud-ra.org\/20ans\/wp-content\/uploads\/2017\/04\/42-a-table-768x576.jpg 768w, https:\/\/sel-sud-ra.org\/20ans\/wp-content\/uploads\/2017\/04\/42-a-table-1024x768.jpg 1024w\" sizes=\"auto, (max-width: 150px) 100vw, 150px\" \/><\/a>\n\t\t\t<\/div>\n\t\t\t\t<figcaption class='wp-caption-text gallery-caption' id='gallery-1-248'>\n\t\t\t\tA table au cabaret\n\t\t\t\t<\/figcaption><\/figure><figure class='gallery-item'>\n\t\t\t<div class='gallery-icon landscape'>\n\t\t\t\t<a href='https:\/\/sel-sud-ra.org\/20ans\/accueil\/olympus-digital-camera-40\/'><img loading=\"lazy\" decoding=\"async\" width=\"150\" height=\"113\" src=\"https:\/\/sel-sud-ra.org\/20ans\/wp-content\/uploads\/2017\/04\/43-tablee-150x113.jpg\" class=\"attachment-thumbnail size-thumbnail\" alt=\"\" aria-describedby=\"gallery-1-249\" srcset=\"https:\/\/sel-sud-ra.org\/20ans\/wp-content\/uploads\/2017\/04\/43-tablee-150x113.jpg 150w, https:\/\/sel-sud-ra.org\/20ans\/wp-content\/uploads\/2017\/04\/43-tablee-300x225.jpg 300w, https:\/\/sel-sud-ra.org\/20ans\/wp-content\/uploads\/2017\/04\/43-tablee-768x576.jpg 768w, https:\/\/sel-sud-ra.org\/20ans\/wp-content\/uploads\/2017\/04\/43-tablee-1024x768.jpg 1024w\" sizes=\"auto, (max-width: 150px) 100vw, 150px\" \/><\/a>\n\t\t\t<\/div>\n\t\t\t\t<figcaption class='wp-caption-text gallery-caption' id='gallery-1-249'>\n\t\t\t\tA table au cabaret\n\t\t\t\t<\/figcaption><\/figure><figure class='gallery-item'>\n\t\t\t<div class='gallery-icon landscape'>\n\t\t\t\t<a href='https:\/\/sel-sud-ra.org\/20ans\/accueil\/olympus-digital-camera-41\/'><img loading=\"lazy\" decoding=\"async\" width=\"150\" height=\"113\" src=\"https:\/\/sel-sud-ra.org\/20ans\/wp-content\/uploads\/2017\/04\/44-a-table-150x113.jpg\" class=\"attachment-thumbnail size-thumbnail\" alt=\"\" aria-describedby=\"gallery-1-250\" srcset=\"https:\/\/sel-sud-ra.org\/20ans\/wp-content\/uploads\/2017\/04\/44-a-table-150x113.jpg 150w, https:\/\/sel-sud-ra.org\/20ans\/wp-content\/uploads\/2017\/04\/44-a-table-300x225.jpg 300w, https:\/\/sel-sud-ra.org\/20ans\/wp-content\/uploads\/2017\/04\/44-a-table-768x576.jpg 768w, https:\/\/sel-sud-ra.org\/20ans\/wp-content\/uploads\/2017\/04\/44-a-table-1024x768.jpg 1024w\" sizes=\"auto, (max-width: 150px) 100vw, 150px\" \/><\/a>\n\t\t\t<\/div>\n\t\t\t\t<figcaption class='wp-caption-text gallery-caption' id='gallery-1-250'>\n\t\t\t\tA table au cabaret\n\t\t\t\t<\/figcaption><\/figure><figure class='gallery-item'>\n\t\t\t<div class='gallery-icon landscape'>\n\t\t\t\t<a href='https:\/\/sel-sud-ra.org\/20ans\/accueil\/olympus-digital-camera-42\/'><img loading=\"lazy\" decoding=\"async\" width=\"150\" height=\"113\" src=\"https:\/\/sel-sud-ra.org\/20ans\/wp-content\/uploads\/2017\/04\/45-a-table-150x113.jpg\" class=\"attachment-thumbnail size-thumbnail\" alt=\"\" aria-describedby=\"gallery-1-251\" srcset=\"https:\/\/sel-sud-ra.org\/20ans\/wp-content\/uploads\/2017\/04\/45-a-table-150x113.jpg 150w, https:\/\/sel-sud-ra.org\/20ans\/wp-content\/uploads\/2017\/04\/45-a-table-300x225.jpg 300w, https:\/\/sel-sud-ra.org\/20ans\/wp-content\/uploads\/2017\/04\/45-a-table-768x576.jpg 768w, https:\/\/sel-sud-ra.org\/20ans\/wp-content\/uploads\/2017\/04\/45-a-table-1024x768.jpg 1024w\" sizes=\"auto, (max-width: 150px) 100vw, 150px\" \/><\/a>\n\t\t\t<\/div>\n\t\t\t\t<figcaption class='wp-caption-text gallery-caption' id='gallery-1-251'>\n\t\t\t\tA table au cabaret\n\t\t\t\t<\/figcaption><\/figure><figure class='gallery-item'>\n\t\t\t<div class='gallery-icon landscape'>\n\t\t\t\t<a href='https:\/\/sel-sud-ra.org\/20ans\/accueil\/olympus-digital-camera-43\/'><img loading=\"lazy\" decoding=\"async\" width=\"150\" height=\"113\" src=\"https:\/\/sel-sud-ra.org\/20ans\/wp-content\/uploads\/2017\/04\/46-a-table-150x113.jpg\" class=\"attachment-thumbnail size-thumbnail\" alt=\"\" aria-describedby=\"gallery-1-252\" srcset=\"https:\/\/sel-sud-ra.org\/20ans\/wp-content\/uploads\/2017\/04\/46-a-table-150x113.jpg 150w, https:\/\/sel-sud-ra.org\/20ans\/wp-content\/uploads\/2017\/04\/46-a-table-300x225.jpg 300w, https:\/\/sel-sud-ra.org\/20ans\/wp-content\/uploads\/2017\/04\/46-a-table-768x576.jpg 768w, https:\/\/sel-sud-ra.org\/20ans\/wp-content\/uploads\/2017\/04\/46-a-table-1024x768.jpg 1024w\" sizes=\"auto, (max-width: 150px) 100vw, 150px\" \/><\/a>\n\t\t\t<\/div>\n\t\t\t\t<figcaption class='wp-caption-text gallery-caption' id='gallery-1-252'>\n\t\t\t\tA table au cabaret\n\t\t\t\t<\/figcaption><\/figure><figure class='gallery-item'>\n\t\t\t<div class='gallery-icon landscape'>\n\t\t\t\t<a href='https:\/\/sel-sud-ra.org\/20ans\/accueil\/olympus-digital-camera-44\/'><img loading=\"lazy\" decoding=\"async\" width=\"150\" height=\"113\" src=\"https:\/\/sel-sud-ra.org\/20ans\/wp-content\/uploads\/2017\/04\/47-a-table-150x113.jpg\" class=\"attachment-thumbnail size-thumbnail\" alt=\"\" aria-describedby=\"gallery-1-253\" srcset=\"https:\/\/sel-sud-ra.org\/20ans\/wp-content\/uploads\/2017\/04\/47-a-table-150x113.jpg 150w, https:\/\/sel-sud-ra.org\/20ans\/wp-content\/uploads\/2017\/04\/47-a-table-300x225.jpg 300w, https:\/\/sel-sud-ra.org\/20ans\/wp-content\/uploads\/2017\/04\/47-a-table-768x576.jpg 768w, https:\/\/sel-sud-ra.org\/20ans\/wp-content\/uploads\/2017\/04\/47-a-table-1024x768.jpg 1024w\" sizes=\"auto, (max-width: 150px) 100vw, 150px\" \/><\/a>\n\t\t\t<\/div>\n\t\t\t\t<figcaption class='wp-caption-text gallery-caption' id='gallery-1-253'>\n\t\t\t\tA table au cabaret\n\t\t\t\t<\/figcaption><\/figure><figure class='gallery-item'>\n\t\t\t<div class='gallery-icon landscape'>\n\t\t\t\t<a href='https:\/\/sel-sud-ra.org\/20ans\/accueil\/olympus-digital-camera-45\/'><img loading=\"lazy\" decoding=\"async\" width=\"150\" height=\"113\" src=\"https:\/\/sel-sud-ra.org\/20ans\/wp-content\/uploads\/2017\/04\/47-a-table-1-150x113.jpg\" class=\"attachment-thumbnail size-thumbnail\" alt=\"\" aria-describedby=\"gallery-1-254\" srcset=\"https:\/\/sel-sud-ra.org\/20ans\/wp-content\/uploads\/2017\/04\/47-a-table-1-150x113.jpg 150w, https:\/\/sel-sud-ra.org\/20ans\/wp-content\/uploads\/2017\/04\/47-a-table-1-300x225.jpg 300w, https:\/\/sel-sud-ra.org\/20ans\/wp-content\/uploads\/2017\/04\/47-a-table-1-768x576.jpg 768w, https:\/\/sel-sud-ra.org\/20ans\/wp-content\/uploads\/2017\/04\/47-a-table-1-1024x768.jpg 1024w\" sizes=\"auto, (max-width: 150px) 100vw, 150px\" \/><\/a>\n\t\t\t<\/div>\n\t\t\t\t<figcaption class='wp-caption-text gallery-caption' id='gallery-1-254'>\n\t\t\t\tA table au cabaret\n\t\t\t\t<\/figcaption><\/figure><figure class='gallery-item'>\n\t\t\t<div class='gallery-icon landscape'>\n\t\t\t\t<a href='https:\/\/sel-sud-ra.org\/20ans\/accueil\/47-tablee\/'><img loading=\"lazy\" decoding=\"async\" width=\"150\" height=\"76\" src=\"https:\/\/sel-sud-ra.org\/20ans\/wp-content\/uploads\/2017\/04\/47-tablee-150x76.jpg\" class=\"attachment-thumbnail size-thumbnail\" alt=\"\" aria-describedby=\"gallery-1-255\" srcset=\"https:\/\/sel-sud-ra.org\/20ans\/wp-content\/uploads\/2017\/04\/47-tablee-150x76.jpg 150w, https:\/\/sel-sud-ra.org\/20ans\/wp-content\/uploads\/2017\/04\/47-tablee-300x152.jpg 300w, https:\/\/sel-sud-ra.org\/20ans\/wp-content\/uploads\/2017\/04\/47-tablee-768x390.jpg 768w, https:\/\/sel-sud-ra.org\/20ans\/wp-content\/uploads\/2017\/04\/47-tablee-1024x520.jpg 1024w, https:\/\/sel-sud-ra.org\/20ans\/wp-content\/uploads\/2017\/04\/47-tablee.jpg 2048w\" sizes=\"auto, (max-width: 150px) 100vw, 150px\" \/><\/a>\n\t\t\t<\/div>\n\t\t\t\t<figcaption class='wp-caption-text gallery-caption' id='gallery-1-255'>\n\t\t\t\tOn appr\u00e9cie le spectacle&#8230; heu&#8230; pas tous !\n\t\t\t\t<\/figcaption><\/figure><figure class='gallery-item'>\n\t\t\t<div class='gallery-icon landscape'>\n\t\t\t\t<a href='https:\/\/sel-sud-ra.org\/20ans\/accueil\/olympus-digital-camera-46\/'><img loading=\"lazy\" decoding=\"async\" width=\"150\" height=\"113\" src=\"https:\/\/sel-sud-ra.org\/20ans\/wp-content\/uploads\/2017\/04\/47-150x113.jpg\" class=\"attachment-thumbnail size-thumbnail\" alt=\"\" aria-describedby=\"gallery-1-256\" srcset=\"https:\/\/sel-sud-ra.org\/20ans\/wp-content\/uploads\/2017\/04\/47-150x113.jpg 150w, https:\/\/sel-sud-ra.org\/20ans\/wp-content\/uploads\/2017\/04\/47-300x225.jpg 300w, https:\/\/sel-sud-ra.org\/20ans\/wp-content\/uploads\/2017\/04\/47-768x576.jpg 768w, https:\/\/sel-sud-ra.org\/20ans\/wp-content\/uploads\/2017\/04\/47-1024x768.jpg 1024w\" sizes=\"auto, (max-width: 150px) 100vw, 150px\" \/><\/a>\n\t\t\t<\/div>\n\t\t\t\t<figcaption class='wp-caption-text gallery-caption' id='gallery-1-256'>\n\t\t\t\tOn appr\u00e9cie le spectacle\n\t\t\t\t<\/figcaption><\/figure><figure class='gallery-item'>\n\t\t\t<div class='gallery-icon portrait'>\n\t\t\t\t<a href='https:\/\/sel-sud-ra.org\/20ans\/accueil\/olympus-digital-camera-47\/'><img loading=\"lazy\" decoding=\"async\" width=\"113\" height=\"150\" src=\"https:\/\/sel-sud-ra.org\/20ans\/wp-content\/uploads\/2017\/04\/48-le-gateau-e1491252659354-113x150.jpg\" class=\"attachment-thumbnail size-thumbnail\" alt=\"\" aria-describedby=\"gallery-1-257\" srcset=\"https:\/\/sel-sud-ra.org\/20ans\/wp-content\/uploads\/2017\/04\/48-le-gateau-e1491252659354-113x150.jpg 113w, https:\/\/sel-sud-ra.org\/20ans\/wp-content\/uploads\/2017\/04\/48-le-gateau-e1491252659354-225x300.jpg 225w, https:\/\/sel-sud-ra.org\/20ans\/wp-content\/uploads\/2017\/04\/48-le-gateau-e1491252659354-768x1024.jpg 768w\" sizes=\"auto, (max-width: 113px) 100vw, 113px\" \/><\/a>\n\t\t\t<\/div>\n\t\t\t\t<figcaption class='wp-caption-text gallery-caption' id='gallery-1-257'>\n\t\t\t\tL&rsquo;arriv\u00e9e du g\u00e2teau\n\t\t\t\t<\/figcaption><\/figure><figure class='gallery-item'>\n\t\t\t<div class='gallery-icon landscape'>\n\t\t\t\t<a href='https:\/\/sel-sud-ra.org\/20ans\/accueil\/olympus-digital-camera-48\/'><img loading=\"lazy\" decoding=\"async\" width=\"150\" height=\"113\" src=\"https:\/\/sel-sud-ra.org\/20ans\/wp-content\/uploads\/2017\/04\/48-Nathalie-eteint-les-bougies-150x113.jpg\" class=\"attachment-thumbnail size-thumbnail\" alt=\"\" aria-describedby=\"gallery-1-258\" srcset=\"https:\/\/sel-sud-ra.org\/20ans\/wp-content\/uploads\/2017\/04\/48-Nathalie-eteint-les-bougies-150x113.jpg 150w, https:\/\/sel-sud-ra.org\/20ans\/wp-content\/uploads\/2017\/04\/48-Nathalie-eteint-les-bougies-300x225.jpg 300w, https:\/\/sel-sud-ra.org\/20ans\/wp-content\/uploads\/2017\/04\/48-Nathalie-eteint-les-bougies-768x576.jpg 768w, https:\/\/sel-sud-ra.org\/20ans\/wp-content\/uploads\/2017\/04\/48-Nathalie-eteint-les-bougies-1024x768.jpg 1024w\" sizes=\"auto, (max-width: 150px) 100vw, 150px\" \/><\/a>\n\t\t\t<\/div>\n\t\t\t\t<figcaption class='wp-caption-text gallery-caption' id='gallery-1-258'>\n\t\t\t\tNathalie souffle les bougies d&rsquo;anniversaire\n\t\t\t\t<\/figcaption><\/figure><figure class='gallery-item'>\n\t\t\t<div class='gallery-icon portrait'>\n\t\t\t\t<a href='https:\/\/sel-sud-ra.org\/20ans\/accueil\/olympus-digital-camera-49\/'><img loading=\"lazy\" decoding=\"async\" width=\"113\" height=\"150\" src=\"https:\/\/sel-sud-ra.org\/20ans\/wp-content\/uploads\/2017\/04\/49-gateau-e1491252753920-113x150.jpg\" class=\"attachment-thumbnail size-thumbnail\" alt=\"\" aria-describedby=\"gallery-1-259\" srcset=\"https:\/\/sel-sud-ra.org\/20ans\/wp-content\/uploads\/2017\/04\/49-gateau-e1491252753920-113x150.jpg 113w, https:\/\/sel-sud-ra.org\/20ans\/wp-content\/uploads\/2017\/04\/49-gateau-e1491252753920-225x300.jpg 225w, https:\/\/sel-sud-ra.org\/20ans\/wp-content\/uploads\/2017\/04\/49-gateau-e1491252753920-768x1024.jpg 768w\" sizes=\"auto, (max-width: 113px) 100vw, 113px\" \/><\/a>\n\t\t\t<\/div>\n\t\t\t\t<figcaption class='wp-caption-text gallery-caption' id='gallery-1-259'>\n\t\t\t\tLe g\u00e2teau\n\t\t\t\t<\/figcaption><\/figure><figure class='gallery-item'>\n\t\t\t<div class='gallery-icon portrait'>\n\t\t\t\t<a href='https:\/\/sel-sud-ra.org\/20ans\/accueil\/olympus-digital-camera-50\/'><img loading=\"lazy\" decoding=\"async\" width=\"113\" height=\"150\" src=\"https:\/\/sel-sud-ra.org\/20ans\/wp-content\/uploads\/2017\/04\/50-le-gateau-Die-e1491252673240-113x150.jpg\" class=\"attachment-thumbnail size-thumbnail\" alt=\"\" aria-describedby=\"gallery-1-260\" srcset=\"https:\/\/sel-sud-ra.org\/20ans\/wp-content\/uploads\/2017\/04\/50-le-gateau-Die-e1491252673240-113x150.jpg 113w, https:\/\/sel-sud-ra.org\/20ans\/wp-content\/uploads\/2017\/04\/50-le-gateau-Die-e1491252673240-225x300.jpg 225w, https:\/\/sel-sud-ra.org\/20ans\/wp-content\/uploads\/2017\/04\/50-le-gateau-Die-e1491252673240-768x1024.jpg 768w\" sizes=\"auto, (max-width: 113px) 100vw, 113px\" \/><\/a>\n\t\t\t<\/div>\n\t\t\t\t<figcaption class='wp-caption-text gallery-caption' id='gallery-1-260'>\n\t\t\t\tG\u00e2teau du Radisel\n\t\t\t\t<\/figcaption><\/figure><figure class='gallery-item'>\n\t\t\t<div class='gallery-icon landscape'>\n\t\t\t\t<a href='https:\/\/sel-sud-ra.org\/20ans\/accueil\/olympus-digital-camera-51\/'><img loading=\"lazy\" decoding=\"async\" width=\"150\" height=\"113\" src=\"https:\/\/sel-sud-ra.org\/20ans\/wp-content\/uploads\/2017\/04\/53-gateau-partie-Romans-150x113.jpg\" class=\"attachment-thumbnail size-thumbnail\" alt=\"\" aria-describedby=\"gallery-1-261\" srcset=\"https:\/\/sel-sud-ra.org\/20ans\/wp-content\/uploads\/2017\/04\/53-gateau-partie-Romans-150x113.jpg 150w, https:\/\/sel-sud-ra.org\/20ans\/wp-content\/uploads\/2017\/04\/53-gateau-partie-Romans-300x225.jpg 300w, https:\/\/sel-sud-ra.org\/20ans\/wp-content\/uploads\/2017\/04\/53-gateau-partie-Romans-768x576.jpg 768w, https:\/\/sel-sud-ra.org\/20ans\/wp-content\/uploads\/2017\/04\/53-gateau-partie-Romans-1024x768.jpg 1024w\" sizes=\"auto, (max-width: 150px) 100vw, 150px\" \/><\/a>\n\t\t\t<\/div>\n\t\t\t\t<figcaption class='wp-caption-text gallery-caption' id='gallery-1-261'>\n\t\t\t\tG\u00e2teau du SEL des deux rives\n\t\t\t\t<\/figcaption><\/figure><figure class='gallery-item'>\n\t\t\t<div class='gallery-icon portrait'>\n\t\t\t\t<a href='https:\/\/sel-sud-ra.org\/20ans\/accueil\/olympus-digital-camera-52\/'><img loading=\"lazy\" decoding=\"async\" width=\"113\" height=\"150\" src=\"https:\/\/sel-sud-ra.org\/20ans\/wp-content\/uploads\/2017\/04\/54-autour-du-gateau-e1491252642761-113x150.jpg\" class=\"attachment-thumbnail size-thumbnail\" alt=\"\" aria-describedby=\"gallery-1-262\" srcset=\"https:\/\/sel-sud-ra.org\/20ans\/wp-content\/uploads\/2017\/04\/54-autour-du-gateau-e1491252642761-113x150.jpg 113w, https:\/\/sel-sud-ra.org\/20ans\/wp-content\/uploads\/2017\/04\/54-autour-du-gateau-e1491252642761-225x300.jpg 225w, https:\/\/sel-sud-ra.org\/20ans\/wp-content\/uploads\/2017\/04\/54-autour-du-gateau-e1491252642761-768x1024.jpg 768w\" sizes=\"auto, (max-width: 113px) 100vw, 113px\" \/><\/a>\n\t\t\t<\/div>\n\t\t\t\t<figcaption class='wp-caption-text gallery-caption' id='gallery-1-262'>\n\t\t\t\tAutour du g\u00e2teau\n\t\t\t\t<\/figcaption><\/figure><figure class='gallery-item'>\n\t\t\t<div class='gallery-icon landscape'>\n\t\t\t\t<a href='https:\/\/sel-sud-ra.org\/20ans\/accueil\/54-gateau-stmarcellin\/'><img loading=\"lazy\" decoding=\"async\" width=\"150\" height=\"90\" src=\"https:\/\/sel-sud-ra.org\/20ans\/wp-content\/uploads\/2017\/04\/54-gateau-StMarcellin-150x90.jpg\" class=\"attachment-thumbnail size-thumbnail\" alt=\"\" aria-describedby=\"gallery-1-263\" srcset=\"https:\/\/sel-sud-ra.org\/20ans\/wp-content\/uploads\/2017\/04\/54-gateau-StMarcellin-150x90.jpg 150w, https:\/\/sel-sud-ra.org\/20ans\/wp-content\/uploads\/2017\/04\/54-gateau-StMarcellin-300x180.jpg 300w, https:\/\/sel-sud-ra.org\/20ans\/wp-content\/uploads\/2017\/04\/54-gateau-StMarcellin-768x461.jpg 768w, https:\/\/sel-sud-ra.org\/20ans\/wp-content\/uploads\/2017\/04\/54-gateau-StMarcellin-1024x615.jpg 1024w, https:\/\/sel-sud-ra.org\/20ans\/wp-content\/uploads\/2017\/04\/54-gateau-StMarcellin.jpg 2048w\" sizes=\"auto, (max-width: 150px) 100vw, 150px\" \/><\/a>\n\t\t\t<\/div>\n\t\t\t\t<figcaption class='wp-caption-text gallery-caption' id='gallery-1-263'>\n\t\t\t\tG\u00e2teau du SEL du Sud Gr\u00e9sivaudan\n\t\t\t\t<\/figcaption><\/figure><figure class='gallery-item'>\n\t\t\t<div class='gallery-icon landscape'>\n\t\t\t\t<a href='https:\/\/sel-sud-ra.org\/20ans\/accueil\/olympus-digital-camera-53\/'><img loading=\"lazy\" decoding=\"async\" width=\"150\" height=\"113\" src=\"https:\/\/sel-sud-ra.org\/20ans\/wp-content\/uploads\/2017\/04\/55-autour-du-gateau-150x113.jpg\" class=\"attachment-thumbnail size-thumbnail\" alt=\"\" aria-describedby=\"gallery-1-264\" srcset=\"https:\/\/sel-sud-ra.org\/20ans\/wp-content\/uploads\/2017\/04\/55-autour-du-gateau-150x113.jpg 150w, https:\/\/sel-sud-ra.org\/20ans\/wp-content\/uploads\/2017\/04\/55-autour-du-gateau-300x225.jpg 300w, https:\/\/sel-sud-ra.org\/20ans\/wp-content\/uploads\/2017\/04\/55-autour-du-gateau-768x576.jpg 768w, https:\/\/sel-sud-ra.org\/20ans\/wp-content\/uploads\/2017\/04\/55-autour-du-gateau-1024x768.jpg 1024w\" sizes=\"auto, (max-width: 150px) 100vw, 150px\" \/><\/a>\n\t\t\t<\/div>\n\t\t\t\t<figcaption class='wp-caption-text gallery-caption' id='gallery-1-264'>\n\t\t\t\tAutour du g\u00e2teau\n\t\t\t\t<\/figcaption><\/figure><figure class='gallery-item'>\n\t\t\t<div class='gallery-icon landscape'>\n\t\t\t\t<a href='https:\/\/sel-sud-ra.org\/20ans\/accueil\/56-autour-du-gateau\/'><img loading=\"lazy\" decoding=\"async\" width=\"150\" height=\"90\" src=\"https:\/\/sel-sud-ra.org\/20ans\/wp-content\/uploads\/2017\/04\/56-autour-du-gateau-150x90.jpg\" class=\"attachment-thumbnail size-thumbnail\" alt=\"\" aria-describedby=\"gallery-1-265\" srcset=\"https:\/\/sel-sud-ra.org\/20ans\/wp-content\/uploads\/2017\/04\/56-autour-du-gateau-150x90.jpg 150w, https:\/\/sel-sud-ra.org\/20ans\/wp-content\/uploads\/2017\/04\/56-autour-du-gateau-300x180.jpg 300w, https:\/\/sel-sud-ra.org\/20ans\/wp-content\/uploads\/2017\/04\/56-autour-du-gateau-768x461.jpg 768w, https:\/\/sel-sud-ra.org\/20ans\/wp-content\/uploads\/2017\/04\/56-autour-du-gateau-1024x615.jpg 1024w, https:\/\/sel-sud-ra.org\/20ans\/wp-content\/uploads\/2017\/04\/56-autour-du-gateau.jpg 2048w\" sizes=\"auto, (max-width: 150px) 100vw, 150px\" \/><\/a>\n\t\t\t<\/div>\n\t\t\t\t<figcaption class='wp-caption-text gallery-caption' id='gallery-1-265'>\n\t\t\t\tAutour du g\u00e2teau\n\t\t\t\t<\/figcaption><\/figure><figure class='gallery-item'>\n\t\t\t<div class='gallery-icon landscape'>\n\t\t\t\t<a href='https:\/\/sel-sud-ra.org\/20ans\/accueil\/olympus-digital-camera-56\/'><img loading=\"lazy\" decoding=\"async\" width=\"150\" height=\"113\" src=\"https:\/\/sel-sud-ra.org\/20ans\/wp-content\/uploads\/2017\/04\/57-autour-du-gateau-150x113.jpg\" class=\"attachment-thumbnail size-thumbnail\" alt=\"\" aria-describedby=\"gallery-1-268\" srcset=\"https:\/\/sel-sud-ra.org\/20ans\/wp-content\/uploads\/2017\/04\/57-autour-du-gateau-150x113.jpg 150w, https:\/\/sel-sud-ra.org\/20ans\/wp-content\/uploads\/2017\/04\/57-autour-du-gateau-300x225.jpg 300w, https:\/\/sel-sud-ra.org\/20ans\/wp-content\/uploads\/2017\/04\/57-autour-du-gateau-768x576.jpg 768w, https:\/\/sel-sud-ra.org\/20ans\/wp-content\/uploads\/2017\/04\/57-autour-du-gateau-1024x768.jpg 1024w\" sizes=\"auto, (max-width: 150px) 100vw, 150px\" \/><\/a>\n\t\t\t<\/div>\n\t\t\t\t<figcaption class='wp-caption-text gallery-caption' id='gallery-1-268'>\n\t\t\t\tAutour du g\u00e2teau\n\t\t\t\t<\/figcaption><\/figure><figure class='gallery-item'>\n\t\t\t<div class='gallery-icon landscape'>\n\t\t\t\t<a href='https:\/\/sel-sud-ra.org\/20ans\/accueil\/olympus-digital-camera-54\/'><img loading=\"lazy\" decoding=\"async\" width=\"150\" height=\"113\" src=\"https:\/\/sel-sud-ra.org\/20ans\/wp-content\/uploads\/2017\/04\/56-chanson-sur-Zoro-et-alors-et-alors-150x113.jpg\" class=\"attachment-thumbnail size-thumbnail\" alt=\"\" aria-describedby=\"gallery-1-266\" srcset=\"https:\/\/sel-sud-ra.org\/20ans\/wp-content\/uploads\/2017\/04\/56-chanson-sur-Zoro-et-alors-et-alors-150x113.jpg 150w, https:\/\/sel-sud-ra.org\/20ans\/wp-content\/uploads\/2017\/04\/56-chanson-sur-Zoro-et-alors-et-alors-300x225.jpg 300w, https:\/\/sel-sud-ra.org\/20ans\/wp-content\/uploads\/2017\/04\/56-chanson-sur-Zoro-et-alors-et-alors-768x576.jpg 768w, https:\/\/sel-sud-ra.org\/20ans\/wp-content\/uploads\/2017\/04\/56-chanson-sur-Zoro-et-alors-et-alors-1024x768.jpg 1024w\" sizes=\"auto, (max-width: 150px) 100vw, 150px\" \/><\/a>\n\t\t\t<\/div>\n\t\t\t\t<figcaption class='wp-caption-text gallery-caption' id='gallery-1-266'>\n\t\t\t\th\u00e9 alors ? h\u00e9 alors ? Chanson du SEL sur l&rsquo;air de Zoro est arriv\u00e9\n\t\t\t\t<\/figcaption><\/figure><figure class='gallery-item'>\n\t\t\t<div class='gallery-icon landscape'>\n\t\t\t\t<a href='https:\/\/sel-sud-ra.org\/20ans\/accueil\/olympus-digital-camera-55\/'><img loading=\"lazy\" decoding=\"async\" width=\"150\" height=\"113\" src=\"https:\/\/sel-sud-ra.org\/20ans\/wp-content\/uploads\/2017\/04\/56-chanson-sur-zoro-150x113.jpg\" class=\"attachment-thumbnail size-thumbnail\" alt=\"\" aria-describedby=\"gallery-1-267\" srcset=\"https:\/\/sel-sud-ra.org\/20ans\/wp-content\/uploads\/2017\/04\/56-chanson-sur-zoro-150x113.jpg 150w, https:\/\/sel-sud-ra.org\/20ans\/wp-content\/uploads\/2017\/04\/56-chanson-sur-zoro-300x225.jpg 300w, https:\/\/sel-sud-ra.org\/20ans\/wp-content\/uploads\/2017\/04\/56-chanson-sur-zoro-768x576.jpg 768w, https:\/\/sel-sud-ra.org\/20ans\/wp-content\/uploads\/2017\/04\/56-chanson-sur-zoro-1024x768.jpg 1024w\" sizes=\"auto, (max-width: 150px) 100vw, 150px\" \/><\/a>\n\t\t\t<\/div>\n\t\t\t\t<figcaption class='wp-caption-text gallery-caption' id='gallery-1-267'>\n\t\t\t\tChanson du SEL sur l&rsquo;air de Zoro est arriv\u00e9\n\t\t\t\t<\/figcaption><\/figure><figure class='gallery-item'>\n\t\t\t<div class='gallery-icon landscape'>\n\t\t\t\t<a href='https:\/\/sel-sud-ra.org\/20ans\/accueil\/olympus-digital-camera-57\/'><img loading=\"lazy\" decoding=\"async\" width=\"150\" height=\"113\" src=\"https:\/\/sel-sud-ra.org\/20ans\/wp-content\/uploads\/2017\/04\/57-les-petits-zoro-2-150x113.jpg\" class=\"attachment-thumbnail size-thumbnail\" alt=\"\" aria-describedby=\"gallery-1-269\" srcset=\"https:\/\/sel-sud-ra.org\/20ans\/wp-content\/uploads\/2017\/04\/57-les-petits-zoro-2-150x113.jpg 150w, https:\/\/sel-sud-ra.org\/20ans\/wp-content\/uploads\/2017\/04\/57-les-petits-zoro-2-300x225.jpg 300w, https:\/\/sel-sud-ra.org\/20ans\/wp-content\/uploads\/2017\/04\/57-les-petits-zoro-2-768x576.jpg 768w, https:\/\/sel-sud-ra.org\/20ans\/wp-content\/uploads\/2017\/04\/57-les-petits-zoro-2-1024x768.jpg 1024w\" sizes=\"auto, (max-width: 150px) 100vw, 150px\" \/><\/a>\n\t\t\t<\/div>\n\t\t\t\t<figcaption class='wp-caption-text gallery-caption' id='gallery-1-269'>\n\t\t\t\tLes petits Zorro\n\t\t\t\t<\/figcaption><\/figure><figure class='gallery-item'>\n\t\t\t<div class='gallery-icon landscape'>\n\t\t\t\t<a href='https:\/\/sel-sud-ra.org\/20ans\/accueil\/olympus-digital-camera-58\/'><img loading=\"lazy\" decoding=\"async\" width=\"150\" height=\"113\" src=\"https:\/\/sel-sud-ra.org\/20ans\/wp-content\/uploads\/2017\/04\/57-les-petits-zoro-3-150x113.jpg\" class=\"attachment-thumbnail size-thumbnail\" alt=\"\" aria-describedby=\"gallery-1-270\" srcset=\"https:\/\/sel-sud-ra.org\/20ans\/wp-content\/uploads\/2017\/04\/57-les-petits-zoro-3-150x113.jpg 150w, https:\/\/sel-sud-ra.org\/20ans\/wp-content\/uploads\/2017\/04\/57-les-petits-zoro-3-300x225.jpg 300w, https:\/\/sel-sud-ra.org\/20ans\/wp-content\/uploads\/2017\/04\/57-les-petits-zoro-3-768x576.jpg 768w, https:\/\/sel-sud-ra.org\/20ans\/wp-content\/uploads\/2017\/04\/57-les-petits-zoro-3-1024x768.jpg 1024w\" sizes=\"auto, (max-width: 150px) 100vw, 150px\" \/><\/a>\n\t\t\t<\/div>\n\t\t\t\t<figcaption class='wp-caption-text gallery-caption' id='gallery-1-270'>\n\t\t\t\tLes petits Zorro\n\t\t\t\t<\/figcaption><\/figure><figure class='gallery-item'>\n\t\t\t<div class='gallery-icon landscape'>\n\t\t\t\t<a href='https:\/\/sel-sud-ra.org\/20ans\/accueil\/olympus-digital-camera-59\/'><img loading=\"lazy\" decoding=\"async\" width=\"150\" height=\"113\" src=\"https:\/\/sel-sud-ra.org\/20ans\/wp-content\/uploads\/2017\/04\/57-les-petits-zoro-150x113.jpg\" class=\"attachment-thumbnail size-thumbnail\" alt=\"\" aria-describedby=\"gallery-1-271\" srcset=\"https:\/\/sel-sud-ra.org\/20ans\/wp-content\/uploads\/2017\/04\/57-les-petits-zoro-150x113.jpg 150w, https:\/\/sel-sud-ra.org\/20ans\/wp-content\/uploads\/2017\/04\/57-les-petits-zoro-300x225.jpg 300w, https:\/\/sel-sud-ra.org\/20ans\/wp-content\/uploads\/2017\/04\/57-les-petits-zoro-768x576.jpg 768w, https:\/\/sel-sud-ra.org\/20ans\/wp-content\/uploads\/2017\/04\/57-les-petits-zoro-1024x768.jpg 1024w\" sizes=\"auto, (max-width: 150px) 100vw, 150px\" \/><\/a>\n\t\t\t<\/div>\n\t\t\t\t<figcaption class='wp-caption-text gallery-caption' id='gallery-1-271'>\n\t\t\t\tLes petits Zorro\n\t\t\t\t<\/figcaption><\/figure><figure class='gallery-item'>\n\t\t\t<div class='gallery-icon landscape'>\n\t\t\t\t<a href='https:\/\/sel-sud-ra.org\/20ans\/accueil\/olympus-digital-camera-60\/'><img loading=\"lazy\" decoding=\"async\" width=\"150\" height=\"113\" src=\"https:\/\/sel-sud-ra.org\/20ans\/wp-content\/uploads\/2017\/04\/57-soiree-danse-150x113.jpg\" class=\"attachment-thumbnail size-thumbnail\" alt=\"\" aria-describedby=\"gallery-1-272\" srcset=\"https:\/\/sel-sud-ra.org\/20ans\/wp-content\/uploads\/2017\/04\/57-soiree-danse-150x113.jpg 150w, https:\/\/sel-sud-ra.org\/20ans\/wp-content\/uploads\/2017\/04\/57-soiree-danse-300x225.jpg 300w, https:\/\/sel-sud-ra.org\/20ans\/wp-content\/uploads\/2017\/04\/57-soiree-danse-768x576.jpg 768w, https:\/\/sel-sud-ra.org\/20ans\/wp-content\/uploads\/2017\/04\/57-soiree-danse-1024x768.jpg 1024w\" sizes=\"auto, (max-width: 150px) 100vw, 150px\" \/><\/a>\n\t\t\t<\/div>\n\t\t\t\t<figcaption class='wp-caption-text gallery-caption' id='gallery-1-272'>\n\t\t\t\tSoir\u00e9e dansante\n\t\t\t\t<\/figcaption><\/figure><figure class='gallery-item'>\n\t\t\t<div class='gallery-icon landscape'>\n\t\t\t\t<a href='https:\/\/sel-sud-ra.org\/20ans\/accueil\/olympus-digital-camera-61\/'><img loading=\"lazy\" decoding=\"async\" width=\"150\" height=\"113\" src=\"https:\/\/sel-sud-ra.org\/20ans\/wp-content\/uploads\/2017\/04\/58-soiree-danse57-soiree-danse-150x113.jpg\" class=\"attachment-thumbnail size-thumbnail\" alt=\"\" aria-describedby=\"gallery-1-273\" srcset=\"https:\/\/sel-sud-ra.org\/20ans\/wp-content\/uploads\/2017\/04\/58-soiree-danse57-soiree-danse-150x113.jpg 150w, https:\/\/sel-sud-ra.org\/20ans\/wp-content\/uploads\/2017\/04\/58-soiree-danse57-soiree-danse-300x225.jpg 300w, https:\/\/sel-sud-ra.org\/20ans\/wp-content\/uploads\/2017\/04\/58-soiree-danse57-soiree-danse-768x576.jpg 768w, https:\/\/sel-sud-ra.org\/20ans\/wp-content\/uploads\/2017\/04\/58-soiree-danse57-soiree-danse-1024x768.jpg 1024w\" sizes=\"auto, (max-width: 150px) 100vw, 150px\" \/><\/a>\n\t\t\t<\/div>\n\t\t\t\t<figcaption class='wp-caption-text gallery-caption' id='gallery-1-273'>\n\t\t\t\tSoir\u00e9e dansante\n\t\t\t\t<\/figcaption><\/figure><figure class='gallery-item'>\n\t\t\t<div class='gallery-icon landscape'>\n\t\t\t\t<a href='https:\/\/sel-sud-ra.org\/20ans\/accueil\/olympus-digital-camera-62\/'><img loading=\"lazy\" decoding=\"async\" width=\"150\" height=\"113\" src=\"https:\/\/sel-sud-ra.org\/20ans\/wp-content\/uploads\/2017\/04\/59-soiree-danse-150x113.jpg\" class=\"attachment-thumbnail size-thumbnail\" alt=\"\" aria-describedby=\"gallery-1-274\" srcset=\"https:\/\/sel-sud-ra.org\/20ans\/wp-content\/uploads\/2017\/04\/59-soiree-danse-150x113.jpg 150w, https:\/\/sel-sud-ra.org\/20ans\/wp-content\/uploads\/2017\/04\/59-soiree-danse-300x225.jpg 300w, https:\/\/sel-sud-ra.org\/20ans\/wp-content\/uploads\/2017\/04\/59-soiree-danse-768x576.jpg 768w, https:\/\/sel-sud-ra.org\/20ans\/wp-content\/uploads\/2017\/04\/59-soiree-danse-1024x768.jpg 1024w\" sizes=\"auto, (max-width: 150px) 100vw, 150px\" \/><\/a>\n\t\t\t<\/div>\n\t\t\t\t<figcaption class='wp-caption-text gallery-caption' id='gallery-1-274'>\n\t\t\t\tSoir\u00e9e dansante\n\t\t\t\t<\/figcaption><\/figure><figure class='gallery-item'>\n\t\t\t<div class='gallery-icon landscape'>\n\t\t\t\t<a href='https:\/\/sel-sud-ra.org\/20ans\/accueil\/olympus-digital-camera-63\/'><img loading=\"lazy\" decoding=\"async\" width=\"150\" height=\"113\" src=\"https:\/\/sel-sud-ra.org\/20ans\/wp-content\/uploads\/2017\/04\/60-soiree-danse-150x113.jpg\" class=\"attachment-thumbnail size-thumbnail\" alt=\"\" aria-describedby=\"gallery-1-275\" srcset=\"https:\/\/sel-sud-ra.org\/20ans\/wp-content\/uploads\/2017\/04\/60-soiree-danse-150x113.jpg 150w, https:\/\/sel-sud-ra.org\/20ans\/wp-content\/uploads\/2017\/04\/60-soiree-danse-300x225.jpg 300w, https:\/\/sel-sud-ra.org\/20ans\/wp-content\/uploads\/2017\/04\/60-soiree-danse-768x576.jpg 768w, https:\/\/sel-sud-ra.org\/20ans\/wp-content\/uploads\/2017\/04\/60-soiree-danse-1024x768.jpg 1024w\" sizes=\"auto, (max-width: 150px) 100vw, 150px\" \/><\/a>\n\t\t\t<\/div>\n\t\t\t\t<figcaption class='wp-caption-text gallery-caption' id='gallery-1-275'>\n\t\t\t\tSoir\u00e9e dansante\n\t\t\t\t<\/figcaption><\/figure><figure class='gallery-item'>\n\t\t\t<div class='gallery-icon landscape'>\n\t\t\t\t<a href='https:\/\/sel-sud-ra.org\/20ans\/accueil\/olympus-digital-camera-64\/'><img loading=\"lazy\" decoding=\"async\" width=\"150\" height=\"113\" src=\"https:\/\/sel-sud-ra.org\/20ans\/wp-content\/uploads\/2017\/04\/61-57-soiree-danse-150x113.jpg\" class=\"attachment-thumbnail size-thumbnail\" alt=\"\" aria-describedby=\"gallery-1-276\" srcset=\"https:\/\/sel-sud-ra.org\/20ans\/wp-content\/uploads\/2017\/04\/61-57-soiree-danse-150x113.jpg 150w, https:\/\/sel-sud-ra.org\/20ans\/wp-content\/uploads\/2017\/04\/61-57-soiree-danse-300x225.jpg 300w, https:\/\/sel-sud-ra.org\/20ans\/wp-content\/uploads\/2017\/04\/61-57-soiree-danse-768x576.jpg 768w, https:\/\/sel-sud-ra.org\/20ans\/wp-content\/uploads\/2017\/04\/61-57-soiree-danse-1024x768.jpg 1024w\" sizes=\"auto, (max-width: 150px) 100vw, 150px\" \/><\/a>\n\t\t\t<\/div>\n\t\t\t\t<figcaption class='wp-caption-text gallery-caption' id='gallery-1-276'>\n\t\t\t\tSoir\u00e9e dansante\n\t\t\t\t<\/figcaption><\/figure><figure class='gallery-item'>\n\t\t\t<div class='gallery-icon landscape'>\n\t\t\t\t<a href='https:\/\/sel-sud-ra.org\/20ans\/accueil\/olympus-digital-camera-65\/'><img loading=\"lazy\" decoding=\"async\" width=\"150\" height=\"113\" src=\"https:\/\/sel-sud-ra.org\/20ans\/wp-content\/uploads\/2017\/04\/62-soiree-danse-150x113.jpg\" class=\"attachment-thumbnail size-thumbnail\" alt=\"\" aria-describedby=\"gallery-1-277\" srcset=\"https:\/\/sel-sud-ra.org\/20ans\/wp-content\/uploads\/2017\/04\/62-soiree-danse-150x113.jpg 150w, https:\/\/sel-sud-ra.org\/20ans\/wp-content\/uploads\/2017\/04\/62-soiree-danse-300x225.jpg 300w, https:\/\/sel-sud-ra.org\/20ans\/wp-content\/uploads\/2017\/04\/62-soiree-danse-768x576.jpg 768w, https:\/\/sel-sud-ra.org\/20ans\/wp-content\/uploads\/2017\/04\/62-soiree-danse-1024x768.jpg 1024w\" sizes=\"auto, (max-width: 150px) 100vw, 150px\" \/><\/a>\n\t\t\t<\/div>\n\t\t\t\t<figcaption class='wp-caption-text gallery-caption' id='gallery-1-277'>\n\t\t\t\tSoir\u00e9e dansante\n\t\t\t\t<\/figcaption><\/figure><figure class='gallery-item'>\n\t\t\t<div class='gallery-icon landscape'>\n\t\t\t\t<a href='https:\/\/sel-sud-ra.org\/20ans\/accueil\/olympus-digital-camera-66\/'><img loading=\"lazy\" decoding=\"async\" width=\"150\" height=\"113\" src=\"https:\/\/sel-sud-ra.org\/20ans\/wp-content\/uploads\/2017\/04\/63-soiree-danse-150x113.jpg\" class=\"attachment-thumbnail size-thumbnail\" alt=\"\" aria-describedby=\"gallery-1-278\" srcset=\"https:\/\/sel-sud-ra.org\/20ans\/wp-content\/uploads\/2017\/04\/63-soiree-danse-150x113.jpg 150w, https:\/\/sel-sud-ra.org\/20ans\/wp-content\/uploads\/2017\/04\/63-soiree-danse-300x225.jpg 300w, https:\/\/sel-sud-ra.org\/20ans\/wp-content\/uploads\/2017\/04\/63-soiree-danse-768x576.jpg 768w, https:\/\/sel-sud-ra.org\/20ans\/wp-content\/uploads\/2017\/04\/63-soiree-danse-1024x768.jpg 1024w\" sizes=\"auto, (max-width: 150px) 100vw, 150px\" \/><\/a>\n\t\t\t<\/div>\n\t\t\t\t<figcaption class='wp-caption-text gallery-caption' id='gallery-1-278'>\n\t\t\t\tSoir\u00e9e dansante\n\t\t\t\t<\/figcaption><\/figure><figure class='gallery-item'>\n\t\t\t<div class='gallery-icon landscape'>\n\t\t\t\t<a href='https:\/\/sel-sud-ra.org\/20ans\/accueil\/olympus-digital-camera-67\/'><img loading=\"lazy\" decoding=\"async\" width=\"150\" height=\"113\" src=\"https:\/\/sel-sud-ra.org\/20ans\/wp-content\/uploads\/2017\/04\/64-soiree-danse-150x113.jpg\" class=\"attachment-thumbnail size-thumbnail\" alt=\"\" aria-describedby=\"gallery-1-279\" srcset=\"https:\/\/sel-sud-ra.org\/20ans\/wp-content\/uploads\/2017\/04\/64-soiree-danse-150x113.jpg 150w, https:\/\/sel-sud-ra.org\/20ans\/wp-content\/uploads\/2017\/04\/64-soiree-danse-300x225.jpg 300w, https:\/\/sel-sud-ra.org\/20ans\/wp-content\/uploads\/2017\/04\/64-soiree-danse-768x576.jpg 768w, https:\/\/sel-sud-ra.org\/20ans\/wp-content\/uploads\/2017\/04\/64-soiree-danse-1024x768.jpg 1024w\" sizes=\"auto, (max-width: 150px) 100vw, 150px\" \/><\/a>\n\t\t\t<\/div>\n\t\t\t\t<figcaption class='wp-caption-text gallery-caption' id='gallery-1-279'>\n\t\t\t\tSoir\u00e9e dansante\n\t\t\t\t<\/figcaption><\/figure><figure class='gallery-item'>\n\t\t\t<div class='gallery-icon landscape'>\n\t\t\t\t<a href='https:\/\/sel-sud-ra.org\/20ans\/accueil\/olympus-digital-camera-68\/'><img loading=\"lazy\" decoding=\"async\" width=\"150\" height=\"113\" src=\"https:\/\/sel-sud-ra.org\/20ans\/wp-content\/uploads\/2017\/04\/65-soiree-danse-150x113.jpg\" class=\"attachment-thumbnail size-thumbnail\" alt=\"\" aria-describedby=\"gallery-1-280\" srcset=\"https:\/\/sel-sud-ra.org\/20ans\/wp-content\/uploads\/2017\/04\/65-soiree-danse-150x113.jpg 150w, https:\/\/sel-sud-ra.org\/20ans\/wp-content\/uploads\/2017\/04\/65-soiree-danse-300x225.jpg 300w, https:\/\/sel-sud-ra.org\/20ans\/wp-content\/uploads\/2017\/04\/65-soiree-danse-768x576.jpg 768w, https:\/\/sel-sud-ra.org\/20ans\/wp-content\/uploads\/2017\/04\/65-soiree-danse-1024x768.jpg 1024w\" sizes=\"auto, (max-width: 150px) 100vw, 150px\" \/><\/a>\n\t\t\t<\/div>\n\t\t\t\t<figcaption class='wp-caption-text gallery-caption' id='gallery-1-280'>\n\t\t\t\tSoir\u00e9e dansante\n\t\t\t\t<\/figcaption><\/figure><figure class='gallery-item'>\n\t\t\t<div class='gallery-icon landscape'>\n\t\t\t\t<a href='https:\/\/sel-sud-ra.org\/20ans\/accueil\/olympus-digital-camera-69\/'><img loading=\"lazy\" decoding=\"async\" width=\"150\" height=\"113\" src=\"https:\/\/sel-sud-ra.org\/20ans\/wp-content\/uploads\/2017\/04\/66-soiree-danse-150x113.jpg\" class=\"attachment-thumbnail size-thumbnail\" alt=\"\" aria-describedby=\"gallery-1-281\" srcset=\"https:\/\/sel-sud-ra.org\/20ans\/wp-content\/uploads\/2017\/04\/66-soiree-danse-150x113.jpg 150w, https:\/\/sel-sud-ra.org\/20ans\/wp-content\/uploads\/2017\/04\/66-soiree-danse-300x225.jpg 300w, https:\/\/sel-sud-ra.org\/20ans\/wp-content\/uploads\/2017\/04\/66-soiree-danse-768x576.jpg 768w, https:\/\/sel-sud-ra.org\/20ans\/wp-content\/uploads\/2017\/04\/66-soiree-danse-1024x768.jpg 1024w\" sizes=\"auto, (max-width: 150px) 100vw, 150px\" \/><\/a>\n\t\t\t<\/div>\n\t\t\t\t<figcaption class='wp-caption-text gallery-caption' id='gallery-1-281'>\n\t\t\t\tSoir\u00e9e dansante\n\t\t\t\t<\/figcaption><\/figure><figure class='gallery-item'>\n\t\t\t<div class='gallery-icon landscape'>\n\t\t\t\t<a href='https:\/\/sel-sud-ra.org\/20ans\/accueil\/olympus-digital-camera-70\/'><img loading=\"lazy\" decoding=\"async\" width=\"150\" height=\"113\" src=\"https:\/\/sel-sud-ra.org\/20ans\/wp-content\/uploads\/2017\/04\/67-soiree-danse-150x113.jpg\" class=\"attachment-thumbnail size-thumbnail\" alt=\"\" aria-describedby=\"gallery-1-282\" srcset=\"https:\/\/sel-sud-ra.org\/20ans\/wp-content\/uploads\/2017\/04\/67-soiree-danse-150x113.jpg 150w, https:\/\/sel-sud-ra.org\/20ans\/wp-content\/uploads\/2017\/04\/67-soiree-danse-300x225.jpg 300w, https:\/\/sel-sud-ra.org\/20ans\/wp-content\/uploads\/2017\/04\/67-soiree-danse-768x576.jpg 768w, https:\/\/sel-sud-ra.org\/20ans\/wp-content\/uploads\/2017\/04\/67-soiree-danse-1024x768.jpg 1024w\" sizes=\"auto, (max-width: 150px) 100vw, 150px\" \/><\/a>\n\t\t\t<\/div>\n\t\t\t\t<figcaption class='wp-caption-text gallery-caption' id='gallery-1-282'>\n\t\t\t\tSoir\u00e9e dansante\n\t\t\t\t<\/figcaption><\/figure><figure class='gallery-item'>\n\t\t\t<div class='gallery-icon landscape'>\n\t\t\t\t<a href='https:\/\/sel-sud-ra.org\/20ans\/accueil\/72-dimanche-matin-bourse-dechanges\/'><img loading=\"lazy\" decoding=\"async\" width=\"150\" height=\"90\" src=\"https:\/\/sel-sud-ra.org\/20ans\/wp-content\/uploads\/2017\/04\/72-dimanche-matin-bourse-dechanges-150x90.jpg\" class=\"attachment-thumbnail size-thumbnail\" alt=\"\" aria-describedby=\"gallery-1-285\" srcset=\"https:\/\/sel-sud-ra.org\/20ans\/wp-content\/uploads\/2017\/04\/72-dimanche-matin-bourse-dechanges-150x90.jpg 150w, https:\/\/sel-sud-ra.org\/20ans\/wp-content\/uploads\/2017\/04\/72-dimanche-matin-bourse-dechanges-300x180.jpg 300w, https:\/\/sel-sud-ra.org\/20ans\/wp-content\/uploads\/2017\/04\/72-dimanche-matin-bourse-dechanges-768x461.jpg 768w, https:\/\/sel-sud-ra.org\/20ans\/wp-content\/uploads\/2017\/04\/72-dimanche-matin-bourse-dechanges-1024x615.jpg 1024w, https:\/\/sel-sud-ra.org\/20ans\/wp-content\/uploads\/2017\/04\/72-dimanche-matin-bourse-dechanges.jpg 2048w\" sizes=\"auto, (max-width: 150px) 100vw, 150px\" \/><\/a>\n\t\t\t<\/div>\n\t\t\t\t<figcaption class='wp-caption-text gallery-caption' id='gallery-1-285'>\n\t\t\t\tDimanche matin : mise en place de la Bourse Locale d&rsquo;Echanges\n\t\t\t\t<\/figcaption><\/figure><figure class='gallery-item'>\n\t\t\t<div class='gallery-icon landscape'>\n\t\t\t\t<a href='https:\/\/sel-sud-ra.org\/20ans\/sel-alicea-17\/'><img loading=\"lazy\" decoding=\"async\" width=\"150\" height=\"93\" src=\"https:\/\/sel-sud-ra.org\/20ans\/wp-content\/uploads\/2017\/04\/SEL-AliceA-17-150x93.jpg\" class=\"attachment-thumbnail size-thumbnail\" alt=\"\" aria-describedby=\"gallery-1-369\" srcset=\"https:\/\/sel-sud-ra.org\/20ans\/wp-content\/uploads\/2017\/04\/SEL-AliceA-17-150x93.jpg 150w, https:\/\/sel-sud-ra.org\/20ans\/wp-content\/uploads\/2017\/04\/SEL-AliceA-17-300x187.jpg 300w, https:\/\/sel-sud-ra.org\/20ans\/wp-content\/uploads\/2017\/04\/SEL-AliceA-17-768x477.jpg 768w, https:\/\/sel-sud-ra.org\/20ans\/wp-content\/uploads\/2017\/04\/SEL-AliceA-17-1024x637.jpg 1024w, https:\/\/sel-sud-ra.org\/20ans\/wp-content\/uploads\/2017\/04\/SEL-AliceA-17-825x510.jpg 825w\" sizes=\"auto, (max-width: 150px) 100vw, 150px\" \/><\/a>\n\t\t\t<\/div>\n\t\t\t\t<figcaption class='wp-caption-text gallery-caption' id='gallery-1-369'>\n\t\t\t\tBLE\n\t\t\t\t<\/figcaption><\/figure><figure class='gallery-item'>\n\t\t\t<div class='gallery-icon landscape'>\n\t\t\t\t<a href='https:\/\/sel-sud-ra.org\/20ans\/photos\/sel-alicea-22\/'><img loading=\"lazy\" decoding=\"async\" width=\"150\" height=\"93\" src=\"https:\/\/sel-sud-ra.org\/20ans\/wp-content\/uploads\/2017\/04\/SEL-AliceA-22-150x93.jpg\" class=\"attachment-thumbnail size-thumbnail\" alt=\"\" aria-describedby=\"gallery-1-372\" srcset=\"https:\/\/sel-sud-ra.org\/20ans\/wp-content\/uploads\/2017\/04\/SEL-AliceA-22-150x93.jpg 150w, https:\/\/sel-sud-ra.org\/20ans\/wp-content\/uploads\/2017\/04\/SEL-AliceA-22-300x185.jpg 300w, https:\/\/sel-sud-ra.org\/20ans\/wp-content\/uploads\/2017\/04\/SEL-AliceA-22-768x474.jpg 768w, https:\/\/sel-sud-ra.org\/20ans\/wp-content\/uploads\/2017\/04\/SEL-AliceA-22-1024x632.jpg 1024w, https:\/\/sel-sud-ra.org\/20ans\/wp-content\/uploads\/2017\/04\/SEL-AliceA-22-825x510.jpg 825w\" sizes=\"auto, (max-width: 150px) 100vw, 150px\" \/><\/a>\n\t\t\t<\/div>\n\t\t\t\t<figcaption class='wp-caption-text gallery-caption' id='gallery-1-372'>\n\t\t\t\tBLE\n\t\t\t\t<\/figcaption><\/figure><figure class='gallery-item'>\n\t\t\t<div class='gallery-icon landscape'>\n\t\t\t\t<a href='https:\/\/sel-sud-ra.org\/20ans\/sel-alicea-20\/'><img loading=\"lazy\" decoding=\"async\" width=\"150\" height=\"98\" src=\"https:\/\/sel-sud-ra.org\/20ans\/wp-content\/uploads\/2017\/04\/SEL-AliceA-20-150x98.jpg\" class=\"attachment-thumbnail size-thumbnail\" alt=\"\" aria-describedby=\"gallery-1-371\" srcset=\"https:\/\/sel-sud-ra.org\/20ans\/wp-content\/uploads\/2017\/04\/SEL-AliceA-20-150x98.jpg 150w, https:\/\/sel-sud-ra.org\/20ans\/wp-content\/uploads\/2017\/04\/SEL-AliceA-20-300x196.jpg 300w, https:\/\/sel-sud-ra.org\/20ans\/wp-content\/uploads\/2017\/04\/SEL-AliceA-20-768x501.jpg 768w, https:\/\/sel-sud-ra.org\/20ans\/wp-content\/uploads\/2017\/04\/SEL-AliceA-20-1024x669.jpg 1024w\" sizes=\"auto, (max-width: 150px) 100vw, 150px\" \/><\/a>\n\t\t\t<\/div>\n\t\t\t\t<figcaption class='wp-caption-text gallery-caption' id='gallery-1-371'>\n\t\t\t\tBLE\n\t\t\t\t<\/figcaption><\/figure><figure class='gallery-item'>\n\t\t\t<div class='gallery-icon landscape'>\n\t\t\t\t<a href='https:\/\/sel-sud-ra.org\/20ans\/sel-alicea-18\/'><img loading=\"lazy\" decoding=\"async\" width=\"150\" height=\"104\" src=\"https:\/\/sel-sud-ra.org\/20ans\/wp-content\/uploads\/2017\/04\/SEL-AliceA-18-150x104.jpg\" class=\"attachment-thumbnail size-thumbnail\" alt=\"\" aria-describedby=\"gallery-1-370\" srcset=\"https:\/\/sel-sud-ra.org\/20ans\/wp-content\/uploads\/2017\/04\/SEL-AliceA-18-150x104.jpg 150w, https:\/\/sel-sud-ra.org\/20ans\/wp-content\/uploads\/2017\/04\/SEL-AliceA-18-300x208.jpg 300w, https:\/\/sel-sud-ra.org\/20ans\/wp-content\/uploads\/2017\/04\/SEL-AliceA-18-768x531.jpg 768w, https:\/\/sel-sud-ra.org\/20ans\/wp-content\/uploads\/2017\/04\/SEL-AliceA-18-1024x708.jpg 1024w\" sizes=\"auto, (max-width: 150px) 100vw, 150px\" \/><\/a>\n\t\t\t<\/div>\n\t\t\t\t<figcaption class='wp-caption-text gallery-caption' id='gallery-1-370'>\n\t\t\t\tBLE\n\t\t\t\t<\/figcaption><\/figure><figure class='gallery-item'>\n\t\t\t<div class='gallery-icon portrait'>\n\t\t\t\t<a href='https:\/\/sel-sud-ra.org\/20ans\/sel-alicea-10\/'><img loading=\"lazy\" decoding=\"async\" width=\"106\" height=\"150\" src=\"https:\/\/sel-sud-ra.org\/20ans\/wp-content\/uploads\/2017\/04\/SEL-AliceA-10-106x150.jpg\" class=\"attachment-thumbnail size-thumbnail\" alt=\"\" aria-describedby=\"gallery-1-365\" srcset=\"https:\/\/sel-sud-ra.org\/20ans\/wp-content\/uploads\/2017\/04\/SEL-AliceA-10-106x150.jpg 106w, https:\/\/sel-sud-ra.org\/20ans\/wp-content\/uploads\/2017\/04\/SEL-AliceA-10-212x300.jpg 212w, https:\/\/sel-sud-ra.org\/20ans\/wp-content\/uploads\/2017\/04\/SEL-AliceA-10-768x1089.jpg 768w, https:\/\/sel-sud-ra.org\/20ans\/wp-content\/uploads\/2017\/04\/SEL-AliceA-10-722x1024.jpg 722w\" sizes=\"auto, (max-width: 106px) 100vw, 106px\" \/><\/a>\n\t\t\t<\/div>\n\t\t\t\t<figcaption class='wp-caption-text gallery-caption' id='gallery-1-365'>\n\t\t\t\tBLE\n\t\t\t\t<\/figcaption><\/figure><figure class='gallery-item'>\n\t\t\t<div class='gallery-icon landscape'>\n\t\t\t\t<a href='https:\/\/sel-sud-ra.org\/20ans\/sel-alicea-16\/'><img loading=\"lazy\" decoding=\"async\" width=\"150\" height=\"91\" src=\"https:\/\/sel-sud-ra.org\/20ans\/wp-content\/uploads\/2017\/04\/SEL-AliceA-16-150x91.jpg\" class=\"attachment-thumbnail size-thumbnail\" alt=\"\" aria-describedby=\"gallery-1-368\" srcset=\"https:\/\/sel-sud-ra.org\/20ans\/wp-content\/uploads\/2017\/04\/SEL-AliceA-16-150x91.jpg 150w, https:\/\/sel-sud-ra.org\/20ans\/wp-content\/uploads\/2017\/04\/SEL-AliceA-16-300x183.jpg 300w, https:\/\/sel-sud-ra.org\/20ans\/wp-content\/uploads\/2017\/04\/SEL-AliceA-16-768x468.jpg 768w, https:\/\/sel-sud-ra.org\/20ans\/wp-content\/uploads\/2017\/04\/SEL-AliceA-16-1024x624.jpg 1024w\" sizes=\"auto, (max-width: 150px) 100vw, 150px\" \/><\/a>\n\t\t\t<\/div>\n\t\t\t\t<figcaption class='wp-caption-text gallery-caption' id='gallery-1-368'>\n\t\t\t\tBLE\n\t\t\t\t<\/figcaption><\/figure><figure class='gallery-item'>\n\t\t\t<div class='gallery-icon landscape'>\n\t\t\t\t<a href='https:\/\/sel-sud-ra.org\/20ans\/sel-alicea-14\/'><img loading=\"lazy\" decoding=\"async\" width=\"150\" height=\"99\" src=\"https:\/\/sel-sud-ra.org\/20ans\/wp-content\/uploads\/2017\/04\/SEL-AliceA-14-150x99.jpg\" class=\"attachment-thumbnail size-thumbnail\" alt=\"\" aria-describedby=\"gallery-1-366\" srcset=\"https:\/\/sel-sud-ra.org\/20ans\/wp-content\/uploads\/2017\/04\/SEL-AliceA-14-150x99.jpg 150w, https:\/\/sel-sud-ra.org\/20ans\/wp-content\/uploads\/2017\/04\/SEL-AliceA-14-300x199.jpg 300w, https:\/\/sel-sud-ra.org\/20ans\/wp-content\/uploads\/2017\/04\/SEL-AliceA-14-768x509.jpg 768w, https:\/\/sel-sud-ra.org\/20ans\/wp-content\/uploads\/2017\/04\/SEL-AliceA-14-1024x678.jpg 1024w\" sizes=\"auto, (max-width: 150px) 100vw, 150px\" \/><\/a>\n\t\t\t<\/div>\n\t\t\t\t<figcaption class='wp-caption-text gallery-caption' id='gallery-1-366'>\n\t\t\t\tBLE\n\t\t\t\t<\/figcaption><\/figure><figure class='gallery-item'>\n\t\t\t<div class='gallery-icon landscape'>\n\t\t\t\t<a href='https:\/\/sel-sud-ra.org\/20ans\/sel-alicea-15\/'><img loading=\"lazy\" decoding=\"async\" width=\"150\" height=\"98\" src=\"https:\/\/sel-sud-ra.org\/20ans\/wp-content\/uploads\/2017\/04\/SEL-AliceA-15-150x98.jpg\" class=\"attachment-thumbnail size-thumbnail\" alt=\"\" aria-describedby=\"gallery-1-367\" srcset=\"https:\/\/sel-sud-ra.org\/20ans\/wp-content\/uploads\/2017\/04\/SEL-AliceA-15-150x98.jpg 150w, https:\/\/sel-sud-ra.org\/20ans\/wp-content\/uploads\/2017\/04\/SEL-AliceA-15-300x195.jpg 300w, https:\/\/sel-sud-ra.org\/20ans\/wp-content\/uploads\/2017\/04\/SEL-AliceA-15-768x499.jpg 768w, https:\/\/sel-sud-ra.org\/20ans\/wp-content\/uploads\/2017\/04\/SEL-AliceA-15-1024x666.jpg 1024w\" sizes=\"auto, (max-width: 150px) 100vw, 150px\" \/><\/a>\n\t\t\t<\/div>\n\t\t\t\t<figcaption class='wp-caption-text gallery-caption' id='gallery-1-367'>\n\t\t\t\tBLE\n\t\t\t\t<\/figcaption><\/figure><figure class='gallery-item'>\n\t\t\t<div class='gallery-icon portrait'>\n\t\t\t\t<a href='https:\/\/sel-sud-ra.org\/20ans\/accueil\/73-dimanche-midi-presentation-sel-du-sud-gresivaudan\/'><img loading=\"lazy\" decoding=\"async\" width=\"90\" height=\"150\" src=\"https:\/\/sel-sud-ra.org\/20ans\/wp-content\/uploads\/2017\/04\/73-dimanche-midi-presentation-SEL-du-sud-Gresivaudan-90x150.jpg\" class=\"attachment-thumbnail size-thumbnail\" alt=\"\" aria-describedby=\"gallery-1-286\" srcset=\"https:\/\/sel-sud-ra.org\/20ans\/wp-content\/uploads\/2017\/04\/73-dimanche-midi-presentation-SEL-du-sud-Gresivaudan-90x150.jpg 90w, https:\/\/sel-sud-ra.org\/20ans\/wp-content\/uploads\/2017\/04\/73-dimanche-midi-presentation-SEL-du-sud-Gresivaudan-180x300.jpg 180w, https:\/\/sel-sud-ra.org\/20ans\/wp-content\/uploads\/2017\/04\/73-dimanche-midi-presentation-SEL-du-sud-Gresivaudan-768x1280.jpg 768w, https:\/\/sel-sud-ra.org\/20ans\/wp-content\/uploads\/2017\/04\/73-dimanche-midi-presentation-SEL-du-sud-Gresivaudan-615x1024.jpg 615w, https:\/\/sel-sud-ra.org\/20ans\/wp-content\/uploads\/2017\/04\/73-dimanche-midi-presentation-SEL-du-sud-Gresivaudan.jpg 1229w\" sizes=\"auto, (max-width: 90px) 100vw, 90px\" \/><\/a>\n\t\t\t<\/div>\n\t\t\t\t<figcaption class='wp-caption-text gallery-caption' id='gallery-1-286'>\n\t\t\t\tPierrette fait l&rsquo;historique du SEL du Sud Gr\u00e9sivaudan\n\t\t\t\t<\/figcaption><\/figure><figure class='gallery-item'>\n\t\t\t<div class='gallery-icon portrait'>\n\t\t\t\t<a href='https:\/\/sel-sud-ra.org\/20ans\/accueil\/74-dimanche-midi-presentation-sel-de-romans\/'><img loading=\"lazy\" decoding=\"async\" width=\"90\" height=\"150\" src=\"https:\/\/sel-sud-ra.org\/20ans\/wp-content\/uploads\/2017\/04\/74-dimanche-midi-presentation-SEL-de-Romans-90x150.jpg\" class=\"attachment-thumbnail size-thumbnail\" alt=\"\" aria-describedby=\"gallery-1-287\" srcset=\"https:\/\/sel-sud-ra.org\/20ans\/wp-content\/uploads\/2017\/04\/74-dimanche-midi-presentation-SEL-de-Romans-90x150.jpg 90w, https:\/\/sel-sud-ra.org\/20ans\/wp-content\/uploads\/2017\/04\/74-dimanche-midi-presentation-SEL-de-Romans-180x300.jpg 180w, https:\/\/sel-sud-ra.org\/20ans\/wp-content\/uploads\/2017\/04\/74-dimanche-midi-presentation-SEL-de-Romans-768x1280.jpg 768w, https:\/\/sel-sud-ra.org\/20ans\/wp-content\/uploads\/2017\/04\/74-dimanche-midi-presentation-SEL-de-Romans-615x1024.jpg 615w, https:\/\/sel-sud-ra.org\/20ans\/wp-content\/uploads\/2017\/04\/74-dimanche-midi-presentation-SEL-de-Romans.jpg 1229w\" sizes=\"auto, (max-width: 90px) 100vw, 90px\" \/><\/a>\n\t\t\t<\/div>\n\t\t\t\t<figcaption class='wp-caption-text gallery-caption' id='gallery-1-287'>\n\t\t\t\tMireille  fait l&rsquo;historique du SEL des deux rives\n\t\t\t\t<\/figcaption><\/figure><figure class='gallery-item'>\n\t\t\t<div class='gallery-icon portrait'>\n\t\t\t\t<a href='https:\/\/sel-sud-ra.org\/20ans\/accueil\/75-dimanche-midi-presentation-sel-de-die\/'><img loading=\"lazy\" decoding=\"async\" width=\"90\" height=\"150\" src=\"https:\/\/sel-sud-ra.org\/20ans\/wp-content\/uploads\/2017\/04\/75-dimanche-midi-presentation-sel-de-Die-90x150.jpg\" class=\"attachment-thumbnail size-thumbnail\" alt=\"\" aria-describedby=\"gallery-1-288\" srcset=\"https:\/\/sel-sud-ra.org\/20ans\/wp-content\/uploads\/2017\/04\/75-dimanche-midi-presentation-sel-de-Die-90x150.jpg 90w, https:\/\/sel-sud-ra.org\/20ans\/wp-content\/uploads\/2017\/04\/75-dimanche-midi-presentation-sel-de-Die-180x300.jpg 180w, https:\/\/sel-sud-ra.org\/20ans\/wp-content\/uploads\/2017\/04\/75-dimanche-midi-presentation-sel-de-Die-768x1280.jpg 768w, https:\/\/sel-sud-ra.org\/20ans\/wp-content\/uploads\/2017\/04\/75-dimanche-midi-presentation-sel-de-Die-615x1024.jpg 615w, https:\/\/sel-sud-ra.org\/20ans\/wp-content\/uploads\/2017\/04\/75-dimanche-midi-presentation-sel-de-Die.jpg 1229w\" sizes=\"auto, (max-width: 90px) 100vw, 90px\" \/><\/a>\n\t\t\t<\/div>\n\t\t\t\t<figcaption class='wp-caption-text gallery-caption' id='gallery-1-288'>\n\t\t\t\tMarie Claude fait l&rsquo;historique du Radisel\n\t\t\t\t<\/figcaption><\/figure><figure class='gallery-item'>\n\t\t\t<div class='gallery-icon landscape'>\n\t\t\t\t<a href='https:\/\/sel-sud-ra.org\/20ans\/accueil\/76-buffet-dimanche\/'><img loading=\"lazy\" decoding=\"async\" width=\"150\" height=\"93\" src=\"https:\/\/sel-sud-ra.org\/20ans\/wp-content\/uploads\/2017\/04\/76-buffet-dimanche-150x93.jpg\" class=\"attachment-thumbnail size-thumbnail\" alt=\"\" aria-describedby=\"gallery-1-289\" srcset=\"https:\/\/sel-sud-ra.org\/20ans\/wp-content\/uploads\/2017\/04\/76-buffet-dimanche-150x93.jpg 150w, https:\/\/sel-sud-ra.org\/20ans\/wp-content\/uploads\/2017\/04\/76-buffet-dimanche-300x187.jpg 300w, https:\/\/sel-sud-ra.org\/20ans\/wp-content\/uploads\/2017\/04\/76-buffet-dimanche-768x478.jpg 768w, https:\/\/sel-sud-ra.org\/20ans\/wp-content\/uploads\/2017\/04\/76-buffet-dimanche-1024x637.jpg 1024w, https:\/\/sel-sud-ra.org\/20ans\/wp-content\/uploads\/2017\/04\/76-buffet-dimanche-825x510.jpg 825w, https:\/\/sel-sud-ra.org\/20ans\/wp-content\/uploads\/2017\/04\/76-buffet-dimanche.jpg 2048w\" sizes=\"auto, (max-width: 150px) 100vw, 150px\" \/><\/a>\n\t\t\t<\/div>\n\t\t\t\t<figcaption class='wp-caption-text gallery-caption' id='gallery-1-289'>\n\t\t\t\tBuffet dimanche midi\n\t\t\t\t<\/figcaption><\/figure><figure class='gallery-item'>\n\t\t\t<div class='gallery-icon landscape'>\n\t\t\t\t<a href='https:\/\/sel-sud-ra.org\/20ans\/accueil\/76-buffet-midi\/'><img loading=\"lazy\" decoding=\"async\" width=\"150\" height=\"88\" src=\"https:\/\/sel-sud-ra.org\/20ans\/wp-content\/uploads\/2017\/04\/76-buffet-midi-150x88.jpg\" class=\"attachment-thumbnail size-thumbnail\" alt=\"\" aria-describedby=\"gallery-1-290\" srcset=\"https:\/\/sel-sud-ra.org\/20ans\/wp-content\/uploads\/2017\/04\/76-buffet-midi-150x88.jpg 150w, https:\/\/sel-sud-ra.org\/20ans\/wp-content\/uploads\/2017\/04\/76-buffet-midi-300x175.jpg 300w, https:\/\/sel-sud-ra.org\/20ans\/wp-content\/uploads\/2017\/04\/76-buffet-midi-768x449.jpg 768w, https:\/\/sel-sud-ra.org\/20ans\/wp-content\/uploads\/2017\/04\/76-buffet-midi-1024x599.jpg 1024w, https:\/\/sel-sud-ra.org\/20ans\/wp-content\/uploads\/2017\/04\/76-buffet-midi.jpg 2048w\" sizes=\"auto, (max-width: 150px) 100vw, 150px\" \/><\/a>\n\t\t\t<\/div>\n\t\t\t\t<figcaption class='wp-caption-text gallery-caption' id='gallery-1-290'>\n\t\t\t\tBuffet dimanche midi\n\t\t\t\t<\/figcaption><\/figure><figure class='gallery-item'>\n\t\t\t<div class='gallery-icon portrait'>\n\t\t\t\t<a href='https:\/\/sel-sud-ra.org\/20ans\/accueil\/76-poisson-davril-annonce-par-mireille\/'><img loading=\"lazy\" decoding=\"async\" width=\"78\" height=\"150\" src=\"https:\/\/sel-sud-ra.org\/20ans\/wp-content\/uploads\/2017\/04\/76-poisson-davril-annonc\u00e9-par-Mireille-78x150.jpg\" class=\"attachment-thumbnail size-thumbnail\" alt=\"\" aria-describedby=\"gallery-1-291\" srcset=\"https:\/\/sel-sud-ra.org\/20ans\/wp-content\/uploads\/2017\/04\/76-poisson-davril-annonc\u00e9-par-Mireille-78x150.jpg 78w, https:\/\/sel-sud-ra.org\/20ans\/wp-content\/uploads\/2017\/04\/76-poisson-davril-annonc\u00e9-par-Mireille-155x300.jpg 155w, https:\/\/sel-sud-ra.org\/20ans\/wp-content\/uploads\/2017\/04\/76-poisson-davril-annonc\u00e9-par-Mireille-768x1486.jpg 768w, https:\/\/sel-sud-ra.org\/20ans\/wp-content\/uploads\/2017\/04\/76-poisson-davril-annonc\u00e9-par-Mireille-529x1024.jpg 529w, https:\/\/sel-sud-ra.org\/20ans\/wp-content\/uploads\/2017\/04\/76-poisson-davril-annonc\u00e9-par-Mireille.jpg 903w\" sizes=\"auto, (max-width: 78px) 100vw, 78px\" \/><\/a>\n\t\t\t<\/div>\n\t\t\t\t<figcaption class='wp-caption-text gallery-caption' id='gallery-1-291'>\n\t\t\t\tMireille annonce que la p\u00e9tition \u00e9tait&#8230; un poisson d&rsquo;avril\n\t\t\t\t<\/figcaption><\/figure><figure class='gallery-item'>\n\t\t\t<div class='gallery-icon portrait'>\n\t\t\t\t<a href='https:\/\/sel-sud-ra.org\/20ans\/accueil\/76-poisson-davril\/'><img loading=\"lazy\" decoding=\"async\" width=\"90\" height=\"150\" src=\"https:\/\/sel-sud-ra.org\/20ans\/wp-content\/uploads\/2017\/04\/76-poisson-davril-90x150.jpg\" class=\"attachment-thumbnail size-thumbnail\" alt=\"\" aria-describedby=\"gallery-1-292\" srcset=\"https:\/\/sel-sud-ra.org\/20ans\/wp-content\/uploads\/2017\/04\/76-poisson-davril-90x150.jpg 90w, https:\/\/sel-sud-ra.org\/20ans\/wp-content\/uploads\/2017\/04\/76-poisson-davril-180x300.jpg 180w, https:\/\/sel-sud-ra.org\/20ans\/wp-content\/uploads\/2017\/04\/76-poisson-davril-768x1280.jpg 768w, https:\/\/sel-sud-ra.org\/20ans\/wp-content\/uploads\/2017\/04\/76-poisson-davril-615x1024.jpg 615w, https:\/\/sel-sud-ra.org\/20ans\/wp-content\/uploads\/2017\/04\/76-poisson-davril.jpg 1229w\" sizes=\"auto, (max-width: 90px) 100vw, 90px\" \/><\/a>\n\t\t\t<\/div>\n\t\t\t\t<figcaption class='wp-caption-text gallery-caption' id='gallery-1-292'>\n\t\t\t\tPoisson d&rsquo;avril !\n\t\t\t\t<\/figcaption><\/figure><figure class='gallery-item'>\n\t\t\t<div class='gallery-icon landscape'>\n\t\t\t\t<a href='https:\/\/sel-sud-ra.org\/20ans\/accueil\/34-moment-musical-fin-du-repas-dimanche\/'><img loading=\"lazy\" decoding=\"async\" width=\"150\" height=\"90\" src=\"https:\/\/sel-sud-ra.org\/20ans\/wp-content\/uploads\/2017\/04\/34-moment-musical-fin-du-repas-dimanche-150x90.jpg\" class=\"attachment-thumbnail size-thumbnail\" alt=\"\" aria-describedby=\"gallery-1-238\" srcset=\"https:\/\/sel-sud-ra.org\/20ans\/wp-content\/uploads\/2017\/04\/34-moment-musical-fin-du-repas-dimanche-150x90.jpg 150w, https:\/\/sel-sud-ra.org\/20ans\/wp-content\/uploads\/2017\/04\/34-moment-musical-fin-du-repas-dimanche-300x180.jpg 300w, https:\/\/sel-sud-ra.org\/20ans\/wp-content\/uploads\/2017\/04\/34-moment-musical-fin-du-repas-dimanche-768x461.jpg 768w, https:\/\/sel-sud-ra.org\/20ans\/wp-content\/uploads\/2017\/04\/34-moment-musical-fin-du-repas-dimanche-1024x615.jpg 1024w, https:\/\/sel-sud-ra.org\/20ans\/wp-content\/uploads\/2017\/04\/34-moment-musical-fin-du-repas-dimanche.jpg 2048w\" sizes=\"auto, (max-width: 150px) 100vw, 150px\" \/><\/a>\n\t\t\t<\/div>\n\t\t\t\t<figcaption class='wp-caption-text gallery-caption' id='gallery-1-238'>\n\t\t\t\tInstant musical avant les ateliers\n\t\t\t\t<\/figcaption><\/figure><figure class='gallery-item'>\n\t\t\t<div class='gallery-icon landscape'>\n\t\t\t\t<a href='https:\/\/sel-sud-ra.org\/20ans\/sel-alicea-6\/'><img loading=\"lazy\" decoding=\"async\" width=\"150\" height=\"96\" src=\"https:\/\/sel-sud-ra.org\/20ans\/wp-content\/uploads\/2017\/04\/SEL-AliceA-6-150x96.jpg\" class=\"attachment-thumbnail size-thumbnail\" alt=\"\" aria-describedby=\"gallery-1-362\" srcset=\"https:\/\/sel-sud-ra.org\/20ans\/wp-content\/uploads\/2017\/04\/SEL-AliceA-6-150x96.jpg 150w, https:\/\/sel-sud-ra.org\/20ans\/wp-content\/uploads\/2017\/04\/SEL-AliceA-6-300x192.jpg 300w, https:\/\/sel-sud-ra.org\/20ans\/wp-content\/uploads\/2017\/04\/SEL-AliceA-6-768x492.jpg 768w, https:\/\/sel-sud-ra.org\/20ans\/wp-content\/uploads\/2017\/04\/SEL-AliceA-6-1024x656.jpg 1024w\" sizes=\"auto, (max-width: 150px) 100vw, 150px\" \/><\/a>\n\t\t\t<\/div>\n\t\t\t\t<figcaption class='wp-caption-text gallery-caption' id='gallery-1-362'>\n\t\t\t\tInstant musical\n\t\t\t\t<\/figcaption><\/figure><figure class='gallery-item'>\n\t\t\t<div class='gallery-icon landscape'>\n\t\t\t\t<a href='https:\/\/sel-sud-ra.org\/20ans\/accueil\/77-instant-musical-avant-les-ateliers-2\/'><img loading=\"lazy\" decoding=\"async\" width=\"150\" height=\"95\" src=\"https:\/\/sel-sud-ra.org\/20ans\/wp-content\/uploads\/2017\/04\/77-instant-musical-avant-les-ateliers-2-150x95.jpg\" class=\"attachment-thumbnail size-thumbnail\" alt=\"\" aria-describedby=\"gallery-1-295\" srcset=\"https:\/\/sel-sud-ra.org\/20ans\/wp-content\/uploads\/2017\/04\/77-instant-musical-avant-les-ateliers-2-150x95.jpg 150w, https:\/\/sel-sud-ra.org\/20ans\/wp-content\/uploads\/2017\/04\/77-instant-musical-avant-les-ateliers-2-300x190.jpg 300w, https:\/\/sel-sud-ra.org\/20ans\/wp-content\/uploads\/2017\/04\/77-instant-musical-avant-les-ateliers-2-768x486.jpg 768w, https:\/\/sel-sud-ra.org\/20ans\/wp-content\/uploads\/2017\/04\/77-instant-musical-avant-les-ateliers-2-1024x649.jpg 1024w, https:\/\/sel-sud-ra.org\/20ans\/wp-content\/uploads\/2017\/04\/77-instant-musical-avant-les-ateliers-2.jpg 2048w\" sizes=\"auto, (max-width: 150px) 100vw, 150px\" \/><\/a>\n\t\t\t<\/div>\n\t\t\t\t<figcaption class='wp-caption-text gallery-caption' id='gallery-1-295'>\n\t\t\t\tInstant musical et dansant avant les ateliers\n\t\t\t\t<\/figcaption><\/figure><figure class='gallery-item'>\n\t\t\t<div class='gallery-icon landscape'>\n\t\t\t\t<a href='https:\/\/sel-sud-ra.org\/20ans\/accueil\/77-instant-musical-avant-les-ateliers-3\/'><img loading=\"lazy\" decoding=\"async\" width=\"150\" height=\"100\" src=\"https:\/\/sel-sud-ra.org\/20ans\/wp-content\/uploads\/2017\/04\/77-instant-musical-avant-les-ateliers-3-150x100.jpg\" class=\"attachment-thumbnail size-thumbnail\" alt=\"\" aria-describedby=\"gallery-1-296\" srcset=\"https:\/\/sel-sud-ra.org\/20ans\/wp-content\/uploads\/2017\/04\/77-instant-musical-avant-les-ateliers-3-150x100.jpg 150w, https:\/\/sel-sud-ra.org\/20ans\/wp-content\/uploads\/2017\/04\/77-instant-musical-avant-les-ateliers-3-300x200.jpg 300w, https:\/\/sel-sud-ra.org\/20ans\/wp-content\/uploads\/2017\/04\/77-instant-musical-avant-les-ateliers-3-768x512.jpg 768w, https:\/\/sel-sud-ra.org\/20ans\/wp-content\/uploads\/2017\/04\/77-instant-musical-avant-les-ateliers-3-1024x683.jpg 1024w, https:\/\/sel-sud-ra.org\/20ans\/wp-content\/uploads\/2017\/04\/77-instant-musical-avant-les-ateliers-3.jpg 2048w\" sizes=\"auto, (max-width: 150px) 100vw, 150px\" \/><\/a>\n\t\t\t<\/div>\n\t\t\t\t<figcaption class='wp-caption-text gallery-caption' id='gallery-1-296'>\n\t\t\t\tInstant musical et dansant avant les ateliers\n\t\t\t\t<\/figcaption><\/figure><figure class='gallery-item'>\n\t\t\t<div class='gallery-icon landscape'>\n\t\t\t\t<a href='https:\/\/sel-sud-ra.org\/20ans\/accueil\/77-instant-musical-avant-les-ateliers-4\/'><img loading=\"lazy\" decoding=\"async\" width=\"150\" height=\"77\" src=\"https:\/\/sel-sud-ra.org\/20ans\/wp-content\/uploads\/2017\/04\/77-instant-musical-avant-les-ateliers-4-150x77.jpg\" class=\"attachment-thumbnail size-thumbnail\" alt=\"\" aria-describedby=\"gallery-1-297\" srcset=\"https:\/\/sel-sud-ra.org\/20ans\/wp-content\/uploads\/2017\/04\/77-instant-musical-avant-les-ateliers-4-150x77.jpg 150w, https:\/\/sel-sud-ra.org\/20ans\/wp-content\/uploads\/2017\/04\/77-instant-musical-avant-les-ateliers-4-300x154.jpg 300w, https:\/\/sel-sud-ra.org\/20ans\/wp-content\/uploads\/2017\/04\/77-instant-musical-avant-les-ateliers-4-768x395.jpg 768w, https:\/\/sel-sud-ra.org\/20ans\/wp-content\/uploads\/2017\/04\/77-instant-musical-avant-les-ateliers-4-1024x526.jpg 1024w, https:\/\/sel-sud-ra.org\/20ans\/wp-content\/uploads\/2017\/04\/77-instant-musical-avant-les-ateliers-4.jpg 2048w\" sizes=\"auto, (max-width: 150px) 100vw, 150px\" \/><\/a>\n\t\t\t<\/div>\n\t\t\t\t<figcaption class='wp-caption-text gallery-caption' id='gallery-1-297'>\n\t\t\t\tInstant musical et dansant avant les ateliers\n\t\t\t\t<\/figcaption><\/figure><figure class='gallery-item'>\n\t\t\t<div class='gallery-icon landscape'>\n\t\t\t\t<a href='https:\/\/sel-sud-ra.org\/20ans\/sel-alicea-8\/'><img loading=\"lazy\" decoding=\"async\" width=\"150\" height=\"150\" src=\"https:\/\/sel-sud-ra.org\/20ans\/wp-content\/uploads\/2017\/04\/SEL-AliceA-8-150x150.jpg\" class=\"attachment-thumbnail size-thumbnail\" alt=\"\" aria-describedby=\"gallery-1-364\" srcset=\"https:\/\/sel-sud-ra.org\/20ans\/wp-content\/uploads\/2017\/04\/SEL-AliceA-8-150x150.jpg 150w, https:\/\/sel-sud-ra.org\/20ans\/wp-content\/uploads\/2017\/04\/SEL-AliceA-8-300x300.jpg 300w, https:\/\/sel-sud-ra.org\/20ans\/wp-content\/uploads\/2017\/04\/SEL-AliceA-8-768x768.jpg 768w, https:\/\/sel-sud-ra.org\/20ans\/wp-content\/uploads\/2017\/04\/SEL-AliceA-8-1024x1024.jpg 1024w\" sizes=\"auto, (max-width: 150px) 100vw, 150px\" \/><\/a>\n\t\t\t<\/div>\n\t\t\t\t<figcaption class='wp-caption-text gallery-caption' id='gallery-1-364'>\n\t\t\t\tInstant musical t dansant\n\t\t\t\t<\/figcaption><\/figure><figure class='gallery-item'>\n\t\t\t<div class='gallery-icon landscape'>\n\t\t\t\t<a href='https:\/\/sel-sud-ra.org\/20ans\/accueil\/77-instant-musical-avant-les-ateliers-5\/'><img loading=\"lazy\" decoding=\"async\" width=\"150\" height=\"113\" src=\"https:\/\/sel-sud-ra.org\/20ans\/wp-content\/uploads\/2017\/04\/77-instant-musical-avant-les-ateliers-5-150x113.jpg\" class=\"attachment-thumbnail size-thumbnail\" alt=\"\" aria-describedby=\"gallery-1-298\" srcset=\"https:\/\/sel-sud-ra.org\/20ans\/wp-content\/uploads\/2017\/04\/77-instant-musical-avant-les-ateliers-5-150x113.jpg 150w, https:\/\/sel-sud-ra.org\/20ans\/wp-content\/uploads\/2017\/04\/77-instant-musical-avant-les-ateliers-5-300x225.jpg 300w, https:\/\/sel-sud-ra.org\/20ans\/wp-content\/uploads\/2017\/04\/77-instant-musical-avant-les-ateliers-5-768x576.jpg 768w, https:\/\/sel-sud-ra.org\/20ans\/wp-content\/uploads\/2017\/04\/77-instant-musical-avant-les-ateliers-5-1024x768.jpg 1024w, https:\/\/sel-sud-ra.org\/20ans\/wp-content\/uploads\/2017\/04\/77-instant-musical-avant-les-ateliers-5.jpg 2048w\" sizes=\"auto, (max-width: 150px) 100vw, 150px\" \/><\/a>\n\t\t\t<\/div>\n\t\t\t\t<figcaption class='wp-caption-text gallery-caption' id='gallery-1-298'>\n\t\t\t\tInstant musical et dansant avant les ateliers\n\t\t\t\t<\/figcaption><\/figure><figure class='gallery-item'>\n\t\t\t<div class='gallery-icon landscape'>\n\t\t\t\t<a href='https:\/\/sel-sud-ra.org\/20ans\/accueil\/77-instant-musical-avant-les-ateliers-6\/'><img loading=\"lazy\" decoding=\"async\" width=\"150\" height=\"103\" src=\"https:\/\/sel-sud-ra.org\/20ans\/wp-content\/uploads\/2017\/04\/77-instant-musical-avant-les-ateliers-6-150x103.jpg\" class=\"attachment-thumbnail size-thumbnail\" alt=\"\" aria-describedby=\"gallery-1-299\" srcset=\"https:\/\/sel-sud-ra.org\/20ans\/wp-content\/uploads\/2017\/04\/77-instant-musical-avant-les-ateliers-6-150x103.jpg 150w, https:\/\/sel-sud-ra.org\/20ans\/wp-content\/uploads\/2017\/04\/77-instant-musical-avant-les-ateliers-6-300x205.jpg 300w, https:\/\/sel-sud-ra.org\/20ans\/wp-content\/uploads\/2017\/04\/77-instant-musical-avant-les-ateliers-6-768x525.jpg 768w, https:\/\/sel-sud-ra.org\/20ans\/wp-content\/uploads\/2017\/04\/77-instant-musical-avant-les-ateliers-6-1024x701.jpg 1024w, https:\/\/sel-sud-ra.org\/20ans\/wp-content\/uploads\/2017\/04\/77-instant-musical-avant-les-ateliers-6.jpg 2048w\" sizes=\"auto, (max-width: 150px) 100vw, 150px\" \/><\/a>\n\t\t\t<\/div>\n\t\t\t\t<figcaption class='wp-caption-text gallery-caption' id='gallery-1-299'>\n\t\t\t\tInstant musical et dansant avant les ateliers\n\t\t\t\t<\/figcaption><\/figure><figure class='gallery-item'>\n\t\t\t<div class='gallery-icon landscape'>\n\t\t\t\t<a href='https:\/\/sel-sud-ra.org\/20ans\/accueil\/77-instant-musical-avant-les-ateliers-7\/'><img loading=\"lazy\" decoding=\"async\" width=\"150\" height=\"91\" src=\"https:\/\/sel-sud-ra.org\/20ans\/wp-content\/uploads\/2017\/04\/77-instant-musical-avant-les-ateliers-7-150x91.jpg\" class=\"attachment-thumbnail size-thumbnail\" alt=\"\" aria-describedby=\"gallery-1-300\" srcset=\"https:\/\/sel-sud-ra.org\/20ans\/wp-content\/uploads\/2017\/04\/77-instant-musical-avant-les-ateliers-7-150x91.jpg 150w, https:\/\/sel-sud-ra.org\/20ans\/wp-content\/uploads\/2017\/04\/77-instant-musical-avant-les-ateliers-7-300x182.jpg 300w, https:\/\/sel-sud-ra.org\/20ans\/wp-content\/uploads\/2017\/04\/77-instant-musical-avant-les-ateliers-7-768x466.jpg 768w, https:\/\/sel-sud-ra.org\/20ans\/wp-content\/uploads\/2017\/04\/77-instant-musical-avant-les-ateliers-7-1024x621.jpg 1024w, https:\/\/sel-sud-ra.org\/20ans\/wp-content\/uploads\/2017\/04\/77-instant-musical-avant-les-ateliers-7.jpg 2048w\" sizes=\"auto, (max-width: 150px) 100vw, 150px\" \/><\/a>\n\t\t\t<\/div>\n\t\t\t\t<figcaption class='wp-caption-text gallery-caption' id='gallery-1-300'>\n\t\t\t\tInstant musical et dansant avant les ateliers\n\t\t\t\t<\/figcaption><\/figure><figure class='gallery-item'>\n\t\t\t<div class='gallery-icon landscape'>\n\t\t\t\t<a href='https:\/\/sel-sud-ra.org\/20ans\/sel-alicea-7\/'><img loading=\"lazy\" decoding=\"async\" width=\"150\" height=\"100\" src=\"https:\/\/sel-sud-ra.org\/20ans\/wp-content\/uploads\/2017\/04\/SEL-AliceA-7-150x100.jpg\" class=\"attachment-thumbnail size-thumbnail\" alt=\"\" srcset=\"https:\/\/sel-sud-ra.org\/20ans\/wp-content\/uploads\/2017\/04\/SEL-AliceA-7-150x100.jpg 150w, https:\/\/sel-sud-ra.org\/20ans\/wp-content\/uploads\/2017\/04\/SEL-AliceA-7-300x200.jpg 300w, https:\/\/sel-sud-ra.org\/20ans\/wp-content\/uploads\/2017\/04\/SEL-AliceA-7-768x512.jpg 768w, https:\/\/sel-sud-ra.org\/20ans\/wp-content\/uploads\/2017\/04\/SEL-AliceA-7-1024x683.jpg 1024w\" sizes=\"auto, (max-width: 150px) 100vw, 150px\" \/><\/a>\n\t\t\t<\/div><\/figure><figure class='gallery-item'>\n\t\t\t<div class='gallery-icon landscape'>\n\t\t\t\t<a href='https:\/\/sel-sud-ra.org\/20ans\/accueil\/77-instant-musical-avant-les-ateliers-8\/'><img loading=\"lazy\" decoding=\"async\" width=\"150\" height=\"95\" src=\"https:\/\/sel-sud-ra.org\/20ans\/wp-content\/uploads\/2017\/04\/77-instant-musical-avant-les-ateliers-8-150x95.jpg\" class=\"attachment-thumbnail size-thumbnail\" alt=\"\" aria-describedby=\"gallery-1-301\" srcset=\"https:\/\/sel-sud-ra.org\/20ans\/wp-content\/uploads\/2017\/04\/77-instant-musical-avant-les-ateliers-8-150x95.jpg 150w, https:\/\/sel-sud-ra.org\/20ans\/wp-content\/uploads\/2017\/04\/77-instant-musical-avant-les-ateliers-8-300x189.jpg 300w, https:\/\/sel-sud-ra.org\/20ans\/wp-content\/uploads\/2017\/04\/77-instant-musical-avant-les-ateliers-8-768x485.jpg 768w, https:\/\/sel-sud-ra.org\/20ans\/wp-content\/uploads\/2017\/04\/77-instant-musical-avant-les-ateliers-8-1024x646.jpg 1024w, https:\/\/sel-sud-ra.org\/20ans\/wp-content\/uploads\/2017\/04\/77-instant-musical-avant-les-ateliers-8.jpg 2048w\" sizes=\"auto, (max-width: 150px) 100vw, 150px\" \/><\/a>\n\t\t\t<\/div>\n\t\t\t\t<figcaption class='wp-caption-text gallery-caption' id='gallery-1-301'>\n\t\t\t\tInstant musical et dansant avant les ateliers\n\t\t\t\t<\/figcaption><\/figure><figure class='gallery-item'>\n\t\t\t<div class='gallery-icon landscape'>\n\t\t\t\t<a href='https:\/\/sel-sud-ra.org\/20ans\/accueil\/77-instant-musical-avant-les-ateliers\/'><img loading=\"lazy\" decoding=\"async\" width=\"150\" height=\"88\" src=\"https:\/\/sel-sud-ra.org\/20ans\/wp-content\/uploads\/2017\/04\/77-instant-musical-avant-les-ateliers-150x88.jpg\" class=\"attachment-thumbnail size-thumbnail\" alt=\"\" aria-describedby=\"gallery-1-302\" srcset=\"https:\/\/sel-sud-ra.org\/20ans\/wp-content\/uploads\/2017\/04\/77-instant-musical-avant-les-ateliers-150x88.jpg 150w, https:\/\/sel-sud-ra.org\/20ans\/wp-content\/uploads\/2017\/04\/77-instant-musical-avant-les-ateliers-300x175.jpg 300w, https:\/\/sel-sud-ra.org\/20ans\/wp-content\/uploads\/2017\/04\/77-instant-musical-avant-les-ateliers-768x449.jpg 768w, https:\/\/sel-sud-ra.org\/20ans\/wp-content\/uploads\/2017\/04\/77-instant-musical-avant-les-ateliers-1024x598.jpg 1024w, https:\/\/sel-sud-ra.org\/20ans\/wp-content\/uploads\/2017\/04\/77-instant-musical-avant-les-ateliers.jpg 2048w\" sizes=\"auto, (max-width: 150px) 100vw, 150px\" \/><\/a>\n\t\t\t<\/div>\n\t\t\t\t<figcaption class='wp-caption-text gallery-caption' id='gallery-1-302'>\n\t\t\t\tInstant musical et dansant avant les ateliers\n\t\t\t\t<\/figcaption><\/figure><figure class='gallery-item'>\n\t\t\t<div class='gallery-icon landscape'>\n\t\t\t\t<a href='https:\/\/sel-sud-ra.org\/20ans\/accueil\/78-atelier-jeu-de-cartes\/'><img loading=\"lazy\" decoding=\"async\" width=\"150\" height=\"90\" src=\"https:\/\/sel-sud-ra.org\/20ans\/wp-content\/uploads\/2017\/04\/78-atelier-jeu-de-cartes--150x90.jpg\" class=\"attachment-thumbnail size-thumbnail\" alt=\"\" aria-describedby=\"gallery-1-303\" srcset=\"https:\/\/sel-sud-ra.org\/20ans\/wp-content\/uploads\/2017\/04\/78-atelier-jeu-de-cartes--150x90.jpg 150w, https:\/\/sel-sud-ra.org\/20ans\/wp-content\/uploads\/2017\/04\/78-atelier-jeu-de-cartes--300x180.jpg 300w, https:\/\/sel-sud-ra.org\/20ans\/wp-content\/uploads\/2017\/04\/78-atelier-jeu-de-cartes--768x461.jpg 768w, https:\/\/sel-sud-ra.org\/20ans\/wp-content\/uploads\/2017\/04\/78-atelier-jeu-de-cartes--1024x615.jpg 1024w, https:\/\/sel-sud-ra.org\/20ans\/wp-content\/uploads\/2017\/04\/78-atelier-jeu-de-cartes-.jpg 2048w\" sizes=\"auto, (max-width: 150px) 100vw, 150px\" \/><\/a>\n\t\t\t<\/div>\n\t\t\t\t<figcaption class='wp-caption-text gallery-caption' id='gallery-1-303'>\n\t\t\t\tAtelier jeu de cartes\n\t\t\t\t<\/figcaption><\/figure><figure class='gallery-item'>\n\t\t\t<div class='gallery-icon landscape'>\n\t\t\t\t<a href='https:\/\/sel-sud-ra.org\/20ans\/accueil\/77-atelier-nouveaux-modes-de-culture\/'><img loading=\"lazy\" decoding=\"async\" width=\"150\" height=\"90\" src=\"https:\/\/sel-sud-ra.org\/20ans\/wp-content\/uploads\/2017\/04\/77-atelier-nouveaux-modes-de-culture-150x90.jpg\" class=\"attachment-thumbnail size-thumbnail\" alt=\"\" aria-describedby=\"gallery-1-293\" srcset=\"https:\/\/sel-sud-ra.org\/20ans\/wp-content\/uploads\/2017\/04\/77-atelier-nouveaux-modes-de-culture-150x90.jpg 150w, https:\/\/sel-sud-ra.org\/20ans\/wp-content\/uploads\/2017\/04\/77-atelier-nouveaux-modes-de-culture-300x180.jpg 300w, https:\/\/sel-sud-ra.org\/20ans\/wp-content\/uploads\/2017\/04\/77-atelier-nouveaux-modes-de-culture-768x461.jpg 768w, https:\/\/sel-sud-ra.org\/20ans\/wp-content\/uploads\/2017\/04\/77-atelier-nouveaux-modes-de-culture-1024x615.jpg 1024w, https:\/\/sel-sud-ra.org\/20ans\/wp-content\/uploads\/2017\/04\/77-atelier-nouveaux-modes-de-culture.jpg 2048w\" sizes=\"auto, (max-width: 150px) 100vw, 150px\" \/><\/a>\n\t\t\t<\/div>\n\t\t\t\t<figcaption class='wp-caption-text gallery-caption' id='gallery-1-293'>\n\t\t\t\tAtelier nouveaux modes de culture\n\t\t\t\t<\/figcaption><\/figure><figure class='gallery-item'>\n\t\t\t<div class='gallery-icon landscape'>\n\t\t\t\t<a href='https:\/\/sel-sud-ra.org\/20ans\/accueil\/79-atelier-marionnettes\/'><img loading=\"lazy\" decoding=\"async\" width=\"150\" height=\"90\" src=\"https:\/\/sel-sud-ra.org\/20ans\/wp-content\/uploads\/2017\/04\/79-atelier-marionnettes-150x90.jpg\" class=\"attachment-thumbnail size-thumbnail\" alt=\"\" aria-describedby=\"gallery-1-304\" srcset=\"https:\/\/sel-sud-ra.org\/20ans\/wp-content\/uploads\/2017\/04\/79-atelier-marionnettes-150x90.jpg 150w, https:\/\/sel-sud-ra.org\/20ans\/wp-content\/uploads\/2017\/04\/79-atelier-marionnettes-300x180.jpg 300w, https:\/\/sel-sud-ra.org\/20ans\/wp-content\/uploads\/2017\/04\/79-atelier-marionnettes-768x461.jpg 768w, https:\/\/sel-sud-ra.org\/20ans\/wp-content\/uploads\/2017\/04\/79-atelier-marionnettes-1024x615.jpg 1024w, https:\/\/sel-sud-ra.org\/20ans\/wp-content\/uploads\/2017\/04\/79-atelier-marionnettes.jpg 2048w\" sizes=\"auto, (max-width: 150px) 100vw, 150px\" \/><\/a>\n\t\t\t<\/div>\n\t\t\t\t<figcaption class='wp-caption-text gallery-caption' id='gallery-1-304'>\n\t\t\t\tAtelier marionnettes\n\t\t\t\t<\/figcaption><\/figure><figure class='gallery-item'>\n\t\t\t<div class='gallery-icon landscape'>\n\t\t\t\t<a href='https:\/\/sel-sud-ra.org\/20ans\/accueil\/81-atelier-marionnettes\/'><img loading=\"lazy\" decoding=\"async\" width=\"150\" height=\"97\" src=\"https:\/\/sel-sud-ra.org\/20ans\/wp-content\/uploads\/2017\/04\/81-atelier-marionnettes-150x97.jpg\" class=\"attachment-thumbnail size-thumbnail\" alt=\"\" aria-describedby=\"gallery-1-306\" srcset=\"https:\/\/sel-sud-ra.org\/20ans\/wp-content\/uploads\/2017\/04\/81-atelier-marionnettes-150x97.jpg 150w, https:\/\/sel-sud-ra.org\/20ans\/wp-content\/uploads\/2017\/04\/81-atelier-marionnettes-300x193.jpg 300w, https:\/\/sel-sud-ra.org\/20ans\/wp-content\/uploads\/2017\/04\/81-atelier-marionnettes-768x495.jpg 768w, https:\/\/sel-sud-ra.org\/20ans\/wp-content\/uploads\/2017\/04\/81-atelier-marionnettes-1024x660.jpg 1024w, https:\/\/sel-sud-ra.org\/20ans\/wp-content\/uploads\/2017\/04\/81-atelier-marionnettes.jpg 2048w\" sizes=\"auto, (max-width: 150px) 100vw, 150px\" \/><\/a>\n\t\t\t<\/div>\n\t\t\t\t<figcaption class='wp-caption-text gallery-caption' id='gallery-1-306'>\n\t\t\t\tAtelier marionnettes\n\t\t\t\t<\/figcaption><\/figure><figure class='gallery-item'>\n\t\t\t<div class='gallery-icon landscape'>\n\t\t\t\t<a href='https:\/\/sel-sud-ra.org\/20ans\/accueil\/77-atelier-objet-en-chambre-a-air\/'><img loading=\"lazy\" decoding=\"async\" width=\"150\" height=\"90\" src=\"https:\/\/sel-sud-ra.org\/20ans\/wp-content\/uploads\/2017\/04\/77-atelier-objet-en-chambre-a-air-150x90.jpg\" class=\"attachment-thumbnail size-thumbnail\" alt=\"\" aria-describedby=\"gallery-1-294\" srcset=\"https:\/\/sel-sud-ra.org\/20ans\/wp-content\/uploads\/2017\/04\/77-atelier-objet-en-chambre-a-air-150x90.jpg 150w, https:\/\/sel-sud-ra.org\/20ans\/wp-content\/uploads\/2017\/04\/77-atelier-objet-en-chambre-a-air-300x180.jpg 300w, https:\/\/sel-sud-ra.org\/20ans\/wp-content\/uploads\/2017\/04\/77-atelier-objet-en-chambre-a-air-768x461.jpg 768w, https:\/\/sel-sud-ra.org\/20ans\/wp-content\/uploads\/2017\/04\/77-atelier-objet-en-chambre-a-air-1024x615.jpg 1024w, https:\/\/sel-sud-ra.org\/20ans\/wp-content\/uploads\/2017\/04\/77-atelier-objet-en-chambre-a-air.jpg 2048w\" sizes=\"auto, (max-width: 150px) 100vw, 150px\" \/><\/a>\n\t\t\t<\/div>\n\t\t\t\t<figcaption class='wp-caption-text gallery-caption' id='gallery-1-294'>\n\t\t\t\tAtelier cr\u00e9ations avec des chambres \u00e0 air\n\t\t\t\t<\/figcaption><\/figure><figure class='gallery-item'>\n\t\t\t<div class='gallery-icon landscape'>\n\t\t\t\t<a href='https:\/\/sel-sud-ra.org\/20ans\/accueil\/81-fin-de-latelier-marionnettes\/'><img loading=\"lazy\" decoding=\"async\" width=\"150\" height=\"93\" src=\"https:\/\/sel-sud-ra.org\/20ans\/wp-content\/uploads\/2017\/04\/81-fin-de-latelier-marionnettes-150x93.jpg\" class=\"attachment-thumbnail size-thumbnail\" alt=\"\" aria-describedby=\"gallery-1-307\" srcset=\"https:\/\/sel-sud-ra.org\/20ans\/wp-content\/uploads\/2017\/04\/81-fin-de-latelier-marionnettes-150x93.jpg 150w, https:\/\/sel-sud-ra.org\/20ans\/wp-content\/uploads\/2017\/04\/81-fin-de-latelier-marionnettes-300x186.jpg 300w, https:\/\/sel-sud-ra.org\/20ans\/wp-content\/uploads\/2017\/04\/81-fin-de-latelier-marionnettes-768x477.jpg 768w, https:\/\/sel-sud-ra.org\/20ans\/wp-content\/uploads\/2017\/04\/81-fin-de-latelier-marionnettes-1024x637.jpg 1024w, https:\/\/sel-sud-ra.org\/20ans\/wp-content\/uploads\/2017\/04\/81-fin-de-latelier-marionnettes-825x510.jpg 825w, https:\/\/sel-sud-ra.org\/20ans\/wp-content\/uploads\/2017\/04\/81-fin-de-latelier-marionnettes.jpg 2048w\" sizes=\"auto, (max-width: 150px) 100vw, 150px\" \/><\/a>\n\t\t\t<\/div>\n\t\t\t\t<figcaption class='wp-caption-text gallery-caption' id='gallery-1-307'>\n\t\t\t\tFin de l&rsquo;atelier marionnettes\n\t\t\t\t<\/figcaption><\/figure><figure class='gallery-item'>\n\t\t\t<div class='gallery-icon landscape'>\n\t\t\t\t<a href='https:\/\/sel-sud-ra.org\/20ans\/accueil\/82-atelier-carterie\/'><img loading=\"lazy\" decoding=\"async\" width=\"150\" height=\"90\" src=\"https:\/\/sel-sud-ra.org\/20ans\/wp-content\/uploads\/2017\/04\/82-atelier-carterie-150x90.jpg\" class=\"attachment-thumbnail size-thumbnail\" alt=\"\" aria-describedby=\"gallery-1-308\" srcset=\"https:\/\/sel-sud-ra.org\/20ans\/wp-content\/uploads\/2017\/04\/82-atelier-carterie-150x90.jpg 150w, https:\/\/sel-sud-ra.org\/20ans\/wp-content\/uploads\/2017\/04\/82-atelier-carterie-300x180.jpg 300w, https:\/\/sel-sud-ra.org\/20ans\/wp-content\/uploads\/2017\/04\/82-atelier-carterie-768x461.jpg 768w, https:\/\/sel-sud-ra.org\/20ans\/wp-content\/uploads\/2017\/04\/82-atelier-carterie-1024x615.jpg 1024w, https:\/\/sel-sud-ra.org\/20ans\/wp-content\/uploads\/2017\/04\/82-atelier-carterie.jpg 2048w\" sizes=\"auto, (max-width: 150px) 100vw, 150px\" \/><\/a>\n\t\t\t<\/div>\n\t\t\t\t<figcaption class='wp-caption-text gallery-caption' id='gallery-1-308'>\n\t\t\t\tAtelier carterie\n\t\t\t\t<\/figcaption><\/figure><figure class='gallery-item'>\n\t\t\t<div class='gallery-icon landscape'>\n\t\t\t\t<a href='https:\/\/sel-sud-ra.org\/20ans\/accueil\/82-on-sinstallepour-ecouter-le-travailde-lateleir-decriture\/'><img loading=\"lazy\" decoding=\"async\" width=\"150\" height=\"94\" src=\"https:\/\/sel-sud-ra.org\/20ans\/wp-content\/uploads\/2017\/04\/82-on-sinstallepour-\u00e9couter-le-travailde-lateleir-d\u00e9criture-150x94.jpg\" class=\"attachment-thumbnail size-thumbnail\" alt=\"\" aria-describedby=\"gallery-1-309\" srcset=\"https:\/\/sel-sud-ra.org\/20ans\/wp-content\/uploads\/2017\/04\/82-on-sinstallepour-\u00e9couter-le-travailde-lateleir-d\u00e9criture-150x94.jpg 150w, https:\/\/sel-sud-ra.org\/20ans\/wp-content\/uploads\/2017\/04\/82-on-sinstallepour-\u00e9couter-le-travailde-lateleir-d\u00e9criture-300x188.jpg 300w, https:\/\/sel-sud-ra.org\/20ans\/wp-content\/uploads\/2017\/04\/82-on-sinstallepour-\u00e9couter-le-travailde-lateleir-d\u00e9criture-768x480.jpg 768w, https:\/\/sel-sud-ra.org\/20ans\/wp-content\/uploads\/2017\/04\/82-on-sinstallepour-\u00e9couter-le-travailde-lateleir-d\u00e9criture-1024x640.jpg 1024w, https:\/\/sel-sud-ra.org\/20ans\/wp-content\/uploads\/2017\/04\/82-on-sinstallepour-\u00e9couter-le-travailde-lateleir-d\u00e9criture-825x510.jpg 825w, https:\/\/sel-sud-ra.org\/20ans\/wp-content\/uploads\/2017\/04\/82-on-sinstallepour-\u00e9couter-le-travailde-lateleir-d\u00e9criture.jpg 2048w\" sizes=\"auto, (max-width: 150px) 100vw, 150px\" \/><\/a>\n\t\t\t<\/div>\n\t\t\t\t<figcaption class='wp-caption-text gallery-caption' id='gallery-1-309'>\n\t\t\t\tOn s&rsquo;installe pour \u00e9couter la restitution de l&rsquo;atelier d&rsquo;\u00e9criture\n\t\t\t\t<\/figcaption><\/figure><figure class='gallery-item'>\n\t\t\t<div class='gallery-icon landscape'>\n\t\t\t\t<a href='https:\/\/sel-sud-ra.org\/20ans\/accueil\/82-presentation-du-travail-de-latelier-dacriture\/'><img loading=\"lazy\" decoding=\"async\" width=\"150\" height=\"113\" src=\"https:\/\/sel-sud-ra.org\/20ans\/wp-content\/uploads\/2017\/04\/82-presentation-du-travail-de-latelier-dacriture-150x113.jpg\" class=\"attachment-thumbnail size-thumbnail\" alt=\"\" aria-describedby=\"gallery-1-310\" srcset=\"https:\/\/sel-sud-ra.org\/20ans\/wp-content\/uploads\/2017\/04\/82-presentation-du-travail-de-latelier-dacriture-150x113.jpg 150w, https:\/\/sel-sud-ra.org\/20ans\/wp-content\/uploads\/2017\/04\/82-presentation-du-travail-de-latelier-dacriture-300x225.jpg 300w, https:\/\/sel-sud-ra.org\/20ans\/wp-content\/uploads\/2017\/04\/82-presentation-du-travail-de-latelier-dacriture-768x576.jpg 768w, https:\/\/sel-sud-ra.org\/20ans\/wp-content\/uploads\/2017\/04\/82-presentation-du-travail-de-latelier-dacriture-1024x768.jpg 1024w, https:\/\/sel-sud-ra.org\/20ans\/wp-content\/uploads\/2017\/04\/82-presentation-du-travail-de-latelier-dacriture.jpg 2048w\" sizes=\"auto, (max-width: 150px) 100vw, 150px\" \/><\/a>\n\t\t\t<\/div>\n\t\t\t\t<figcaption class='wp-caption-text gallery-caption' id='gallery-1-310'>\n\t\t\t\tPr\u00e9sentation de son travail par l&rsquo;atelier d&rsquo;\u00e9criture : Paroles sal\u00e9es\u2026 acrostiche\n\t\t\t\t<\/figcaption><\/figure><figure class='gallery-item'>\n\t\t\t<div class='gallery-icon landscape'>\n\t\t\t\t<a href='https:\/\/sel-sud-ra.org\/20ans\/accueil\/83-dimanche-preparation-du-gouter\/'><img loading=\"lazy\" decoding=\"async\" width=\"150\" height=\"113\" src=\"https:\/\/sel-sud-ra.org\/20ans\/wp-content\/uploads\/2017\/04\/83-dimanche-preparation-du-gouter-150x113.jpg\" class=\"attachment-thumbnail size-thumbnail\" alt=\"\" aria-describedby=\"gallery-1-311\" srcset=\"https:\/\/sel-sud-ra.org\/20ans\/wp-content\/uploads\/2017\/04\/83-dimanche-preparation-du-gouter-150x113.jpg 150w, https:\/\/sel-sud-ra.org\/20ans\/wp-content\/uploads\/2017\/04\/83-dimanche-preparation-du-gouter-300x225.jpg 300w, https:\/\/sel-sud-ra.org\/20ans\/wp-content\/uploads\/2017\/04\/83-dimanche-preparation-du-gouter-768x576.jpg 768w, https:\/\/sel-sud-ra.org\/20ans\/wp-content\/uploads\/2017\/04\/83-dimanche-preparation-du-gouter-1024x768.jpg 1024w, https:\/\/sel-sud-ra.org\/20ans\/wp-content\/uploads\/2017\/04\/83-dimanche-preparation-du-gouter.jpg 2048w\" sizes=\"auto, (max-width: 150px) 100vw, 150px\" \/><\/a>\n\t\t\t<\/div>\n\t\t\t\t<figcaption class='wp-caption-text gallery-caption' id='gallery-1-311'>\n\t\t\t\tDimanche, pr\u00e9paration du go\u00fbter\n\t\t\t\t<\/figcaption><\/figure><figure class='gallery-item'>\n\t\t\t<div class='gallery-icon landscape'>\n\t\t\t\t<a href='https:\/\/sel-sud-ra.org\/20ans\/accueil\/85-on-sinstale-pour-ecouter-latelier-decriture\/'><img loading=\"lazy\" decoding=\"async\" width=\"150\" height=\"91\" src=\"https:\/\/sel-sud-ra.org\/20ans\/wp-content\/uploads\/2017\/04\/85-on-sinstale-pour-\u00e9couter-latelier-d\u00e9criture-150x91.jpg\" class=\"attachment-thumbnail size-thumbnail\" alt=\"\" aria-describedby=\"gallery-1-312\" srcset=\"https:\/\/sel-sud-ra.org\/20ans\/wp-content\/uploads\/2017\/04\/85-on-sinstale-pour-\u00e9couter-latelier-d\u00e9criture-150x91.jpg 150w, https:\/\/sel-sud-ra.org\/20ans\/wp-content\/uploads\/2017\/04\/85-on-sinstale-pour-\u00e9couter-latelier-d\u00e9criture-300x182.jpg 300w, https:\/\/sel-sud-ra.org\/20ans\/wp-content\/uploads\/2017\/04\/85-on-sinstale-pour-\u00e9couter-latelier-d\u00e9criture-768x466.jpg 768w, https:\/\/sel-sud-ra.org\/20ans\/wp-content\/uploads\/2017\/04\/85-on-sinstale-pour-\u00e9couter-latelier-d\u00e9criture-1024x621.jpg 1024w, https:\/\/sel-sud-ra.org\/20ans\/wp-content\/uploads\/2017\/04\/85-on-sinstale-pour-\u00e9couter-latelier-d\u00e9criture.jpg 2048w\" sizes=\"auto, (max-width: 150px) 100vw, 150px\" \/><\/a>\n\t\t\t<\/div>\n\t\t\t\t<figcaption class='wp-caption-text gallery-caption' id='gallery-1-312'>\n\t\t\t\tOn s&rsquo;installe pour \u00e9couter la cr\u00e9ation de l&rsquo;atelier d&rsquo;\u00e9criture\n\t\t\t\t<\/figcaption><\/figure><figure class='gallery-item'>\n\t\t\t<div class='gallery-icon landscape'>\n\t\t\t\t<a href='https:\/\/sel-sud-ra.org\/20ans\/accueil\/86-ghislaine-a-linitiative-dune-ovation\/'><img loading=\"lazy\" decoding=\"async\" width=\"150\" height=\"113\" src=\"https:\/\/sel-sud-ra.org\/20ans\/wp-content\/uploads\/2017\/04\/86-ghislaine-a-linitiative-dune-ovation-150x113.jpg\" class=\"attachment-thumbnail size-thumbnail\" alt=\"\" aria-describedby=\"gallery-1-313\" srcset=\"https:\/\/sel-sud-ra.org\/20ans\/wp-content\/uploads\/2017\/04\/86-ghislaine-a-linitiative-dune-ovation-150x113.jpg 150w, https:\/\/sel-sud-ra.org\/20ans\/wp-content\/uploads\/2017\/04\/86-ghislaine-a-linitiative-dune-ovation-300x225.jpg 300w, https:\/\/sel-sud-ra.org\/20ans\/wp-content\/uploads\/2017\/04\/86-ghislaine-a-linitiative-dune-ovation-768x576.jpg 768w, https:\/\/sel-sud-ra.org\/20ans\/wp-content\/uploads\/2017\/04\/86-ghislaine-a-linitiative-dune-ovation-1024x768.jpg 1024w, https:\/\/sel-sud-ra.org\/20ans\/wp-content\/uploads\/2017\/04\/86-ghislaine-a-linitiative-dune-ovation.jpg 2048w\" sizes=\"auto, (max-width: 150px) 100vw, 150px\" \/><\/a>\n\t\t\t<\/div>\n\t\t\t\t<figcaption class='wp-caption-text gallery-caption' id='gallery-1-313'>\n\t\t\t\tGhislaine \u00e0 l&rsquo;initiative d&rsquo;une ovation\n\t\t\t\t<\/figcaption><\/figure><figure class='gallery-item'>\n\t\t\t<div class='gallery-icon landscape'>\n\t\t\t\t<a href='https:\/\/sel-sud-ra.org\/20ans\/accueil\/90-on-sapprete-a-se-separer\/'><img loading=\"lazy\" decoding=\"async\" width=\"150\" height=\"113\" src=\"https:\/\/sel-sud-ra.org\/20ans\/wp-content\/uploads\/2017\/04\/90-on-sapprete-a-se-separer-150x113.jpg\" class=\"attachment-thumbnail size-thumbnail\" alt=\"\" aria-describedby=\"gallery-1-314\" srcset=\"https:\/\/sel-sud-ra.org\/20ans\/wp-content\/uploads\/2017\/04\/90-on-sapprete-a-se-separer-150x113.jpg 150w, https:\/\/sel-sud-ra.org\/20ans\/wp-content\/uploads\/2017\/04\/90-on-sapprete-a-se-separer-300x225.jpg 300w, https:\/\/sel-sud-ra.org\/20ans\/wp-content\/uploads\/2017\/04\/90-on-sapprete-a-se-separer-768x576.jpg 768w, https:\/\/sel-sud-ra.org\/20ans\/wp-content\/uploads\/2017\/04\/90-on-sapprete-a-se-separer-1024x768.jpg 1024w, https:\/\/sel-sud-ra.org\/20ans\/wp-content\/uploads\/2017\/04\/90-on-sapprete-a-se-separer.jpg 2048w\" sizes=\"auto, (max-width: 150px) 100vw, 150px\" \/><\/a>\n\t\t\t<\/div>\n\t\t\t\t<figcaption class='wp-caption-text gallery-caption' id='gallery-1-314'>\n\t\t\t\tOn s&rsquo;appr\u00e8te \u00e0 se s\u00e9parer\n\t\t\t\t<\/figcaption><\/figure><figure class='gallery-item'>\n\t\t\t<div class='gallery-icon landscape'>\n\t\t\t\t<a href='https:\/\/sel-sud-ra.org\/20ans\/accueil\/91-rangement\/'><img loading=\"lazy\" decoding=\"async\" width=\"150\" height=\"113\" src=\"https:\/\/sel-sud-ra.org\/20ans\/wp-content\/uploads\/2017\/04\/91-rangement-150x113.jpg\" class=\"attachment-thumbnail size-thumbnail\" alt=\"\" aria-describedby=\"gallery-1-315\" srcset=\"https:\/\/sel-sud-ra.org\/20ans\/wp-content\/uploads\/2017\/04\/91-rangement-150x113.jpg 150w, https:\/\/sel-sud-ra.org\/20ans\/wp-content\/uploads\/2017\/04\/91-rangement-300x225.jpg 300w, https:\/\/sel-sud-ra.org\/20ans\/wp-content\/uploads\/2017\/04\/91-rangement-768x576.jpg 768w, https:\/\/sel-sud-ra.org\/20ans\/wp-content\/uploads\/2017\/04\/91-rangement-1024x768.jpg 1024w, https:\/\/sel-sud-ra.org\/20ans\/wp-content\/uploads\/2017\/04\/91-rangement.jpg 2048w\" sizes=\"auto, (max-width: 150px) 100vw, 150px\" \/><\/a>\n\t\t\t<\/div>\n\t\t\t\t<figcaption class='wp-caption-text gallery-caption' id='gallery-1-315'>\n\t\t\t\tRangement\n\t\t\t\t<\/figcaption><\/figure>\n\t\t<\/div>\n\n","protected":false},"excerpt":{"rendered":"","protected":false},"author":1,"featured_media":0,"parent":0,"menu_order":0,"comment_status":"closed","ping_status":"closed","template":"","meta":{"footnotes":""},"class_list":["post-317","page","type-page","status-publish","hentry"],"_links":{"self":[{"href":"https:\/\/sel-sud-ra.org\/20ans\/wp-json\/wp\/v2\/pages\/317","targetHints":{"allow":["GET"]}}],"collection":[{"href":"https:\/\/sel-sud-ra.org\/20ans\/wp-json\/wp\/v2\/pages"}],"about":[{"href":"https:\/\/sel-sud-ra.org\/20ans\/wp-json\/wp\/v2\/types\/page"}],"author":[{"embeddable":true,"href":"https:\/\/sel-sud-ra.org\/20ans\/wp-json\/wp\/v2\/users\/1"}],"replies":[{"embeddable":true,"href":"https:\/\/sel-sud-ra.org\/20ans\/wp-json\/wp\/v2\/comments?post=317"}],"version-history":[{"count":5,"href":"https:\/\/sel-sud-ra.org\/20ans\/wp-json\/wp\/v2\/pages\/317\/revisions"}],"predecessor-version":[{"id":377,"href":"https:\/\/sel-sud-ra.org\/20ans\/wp-json\/wp\/v2\/pages\/317\/revisions\/377"}],"wp:attachment":[{"href":"https:\/\/sel-sud-ra.org\/20ans\/wp-json\/wp\/v2\/media?parent=317"}],"curies":[{"name":"wp","href":"https:\/\/api.w.org\/{rel}","templated":true}]}}